{"id":10344,"date":"2024-07-04T09:15:01","date_gmt":"2024-07-04T08:15:01","guid":{"rendered":"https:\/\/i-luminate.de\/?post_type=avada_portfolio&#038;p=10344"},"modified":"2025-07-14T14:16:21","modified_gmt":"2025-07-14T13:16:21","slug":"cuisine-frappante","status":"publish","type":"avada_portfolio","link":"https:\/\/i-luminate.de\/fr\/project\/cuisine-frappante\/","title":{"rendered":"CUISINE FRAPPANTE AVEC DESIGN EXCLUSIF"},"content":{"rendered":"<div class=\"fusion-fullwidth fullwidth-box fusion-builder-row-1 fusion-flex-container has-pattern-background has-mask-background nonhundred-percent-fullwidth non-hundred-percent-height-scrolling\" style=\"--awb-border-radius-top-left:0px;--awb-border-radius-top-right:0px;--awb-border-radius-bottom-right:0px;--awb-border-radius-bottom-left:0px;--awb-padding-top:20px;--awb-padding-bottom:75px;--awb-flex-wrap:wrap;\"><div class=\"fusion-builder-row fusion-row fusion-flex-align-items-flex-start fusion-flex-content-wrap\" style=\"max-width:1320.8px;margin-left: calc(-4% \/ 2 );margin-right: calc(-4% \/ 2 );\"><div class=\"fusion-layout-column fusion_builder_column fusion-builder-column-0 fusion_builder_column_5_6 5_6 fusion-flex-column\" style=\"--awb-padding-left:25px;--awb-bg-size:cover;--awb-border-color:var(--awb-color4);--awb-border-left:2px;--awb-border-style:solid;--awb-width-large:83.333333333333%;--awb-margin-top-large:-40px;--awb-spacing-right-large:2.304%;--awb-margin-bottom-large:25px;--awb-spacing-left-large:2.304%;--awb-width-medium:100%;--awb-order-medium:0;--awb-spacing-right-medium:1.92%;--awb-spacing-left-medium:1.92%;--awb-width-small:100%;--awb-order-small:0;--awb-spacing-right-small:1.92%;--awb-spacing-left-small:1.92%;\" data-scroll-devices=\"small-visibility,medium-visibility,large-visibility\"><div class=\"fusion-column-wrapper fusion-column-has-shadow fusion-flex-justify-content-flex-start fusion-content-layout-column\"><div class=\"fusion-title title fusion-title-1 fusion-sep-none fusion-title-text fusion-title-size-one\" style=\"--awb-margin-top-small:8px;--awb-margin-right-small:0px;--awb-margin-bottom-small:16px;--awb-margin-left-small:0px;\"><h1 class=\"fusion-title-heading title-heading-left fusion-responsive-typography-calculated\" style=\"margin:0;--fontSize:45;line-height:;\">CUISINE FRAPPANTE AVEC DESIGN EXCLUSIF<\/h1><\/div><div class=\"fusion-text fusion-text-1\"><h4><strong>Une planification de cuisine r\u00e9ussie&nbsp;:<\/strong><\/h4>\n<p>Pour une famille qui aime recevoir, la nou\u00advelle cui\u00adsine ne devait pas seule\u00adment \u00eatre fonc\u00adtion\u00adnelle, mais aus\u00adsi \u00eatre le point fort de la mai\u00adson \u2014 en par\u00adfaite har\u00admonie avec le style d\u2019am\u00e9\u00adnage\u00adment. Le design de la cui\u00adsine de i\u2011luminate a imm\u00e9\u00addi\u00adate\u00adment ent\u00adhou\u00adsi\u00adas\u00adm\u00e9 la famille \u2014 l\u2019\u00e9\u00adclairage int\u00e9\u00adgr\u00e9, la qual\u00adit\u00e9 excep\u00adtion\u00adnelle ain\u00adsi que l\u2019in\u00addi\u00advid\u00adu\u00adal\u00adit\u00e9 dans la con\u00adcep\u00adtion de la cuisine.<\/p>\n<p>La famille avait une id\u00e9e claire de la cui\u00adsine de ses r\u00eaves et souhaitait int\u00e9\u00adgr\u00ader de mani\u00e8re trans\u00adpar\u00adente le car\u00adac\u00adt\u00e8re unique et dis\u00adtinc\u00adtif de i\u2011luminate dans le design, sans pour autant n\u00e9g\u00adliger l\u2019\u00e9quili\u00adbre entre l\u2019\u00e9l\u00e9\u00adgance et la fonctionnalit\u00e9.<\/p>\n<p>Le r\u00e9sul\u00adtat est une cui\u00adsine haut de gamme exclu\u00adsive avec un design lumineux fasci\u00adnant et un impres\u00adsion\u00adnant \u00eelot ind\u00e9pen\u00addant de six m\u00e8tres de long. Avec des appareils encas\u00adtr\u00e9s de haute qual\u00adit\u00e9, un plan de tra\u00advail raf\u00adfin\u00e9 et un am\u00e9\u00adnage\u00adment int\u00e9rieur bien pen\u00ads\u00e9 qui per\u00admet d\u2019u\u00adtilis\u00ader au mieux l\u2019e\u00adspace de range\u00adment, la cui\u00adsine devient le cen\u00adtre du style de la maison.<\/p>\n<\/div><div class=\"fusion-text fusion-text-2\"><p><img decoding=\"async\" class=\"lazyload alignnone wp-image-8111\" src=\"data:image\/svg+xml,%3Csvg%20xmlns%3D%27http%3A%2F%2Fwww.w3.org%2F2000%2Fsvg%27%20width%3D%2729%27%20height%3D%2729%27%20viewBox%3D%270%200%2029%2029%27%3E%3Crect%20width%3D%2729%27%20height%3D%2729%27%20fill-opacity%3D%220%22%2F%3E%3C%2Fsvg%3E\" data-orig-src=\"https:\/\/i-luminate.de\/wp-content\/uploads\/2025\/03\/WA-Metallic-Graphit-3.png\" alt width=\"29\" height=\"29\"> WA Metal\u00adlic Graphit<\/p>\n<p><img decoding=\"async\" class=\"lazyload alignnone wp-image-8111\" src=\"data:image\/svg+xml,%3Csvg%20xmlns%3D%27http%3A%2F%2Fwww.w3.org%2F2000%2Fsvg%27%20width%3D%2729%27%20height%3D%2729%27%20viewBox%3D%270%200%2029%2029%27%3E%3Crect%20width%3D%2729%27%20height%3D%2729%27%20fill-opacity%3D%220%22%2F%3E%3C%2Fsvg%3E\" data-orig-src=\"https:\/\/i-luminate.de\/wp-content\/uploads\/2025\/03\/ME-vernis-a-effet-bronze.png\" alt width=\"29\" height=\"29\"> ME ver\u00adnis \u00e0 effet bronze<\/p>\n<\/div><\/div><\/div><div class=\"fusion-layout-column fusion_builder_column fusion-builder-column-1 fusion_builder_column_1_1 1_1 fusion-flex-column\" style=\"--awb-bg-size:cover;--awb-border-color:var(--awb-color4);--awb-border-style:solid;--awb-width-large:100%;--awb-margin-top-large:-40px;--awb-spacing-right-large:1.92%;--awb-margin-bottom-large:25px;--awb-spacing-left-large:1.92%;--awb-width-medium:100%;--awb-order-medium:0;--awb-spacing-right-medium:1.92%;--awb-spacing-left-medium:1.92%;--awb-width-small:100%;--awb-order-small:0;--awb-spacing-right-small:1.92%;--awb-spacing-left-small:1.92%;\" data-scroll-devices=\"small-visibility,medium-visibility,large-visibility\"><div class=\"fusion-column-wrapper fusion-column-has-shadow fusion-flex-justify-content-flex-start fusion-content-layout-column\"><div class=\"fusion-separator fusion-full-width-sep\" style=\"align-self: center;margin-left: auto;margin-right: auto;margin-top:40px;width:100%;\"><\/div><div class=\"fusion-image-element \" style=\"--awb-caption-title-font-family:var(--h2_typography-font-family);--awb-caption-title-font-weight:var(--h2_typography-font-weight);--awb-caption-title-font-style:var(--h2_typography-font-style);--awb-caption-title-size:var(--h2_typography-font-size);--awb-caption-title-transform:var(--h2_typography-text-transform);--awb-caption-title-line-height:var(--h2_typography-line-height);--awb-caption-title-letter-spacing:var(--h2_typography-letter-spacing);\"><span class=\" fusion-imageframe imageframe-none imageframe-1 hover-type-none\"><img decoding=\"async\" width=\"1500\" height=\"1000\" alt=\"Cuisine de luxe avec \u00eelot de cuisine ind\u00e9pendant, armoires de cuisine du sol au plafond\" title=\"i\u2011luminate-cuisine-luxe-i\u0302lot-central-inde\u0301pendant\" src=\"https:\/\/i-luminate.de\/wp-content\/uploads\/2025\/03\/i-luminate-cuisine-luxe-ilot-central-independant.jpg\" data-orig-src=\"https:\/\/i-luminate.de\/wp-content\/uploads\/2025\/03\/i-luminate-cuisine-luxe-ilot-central-independant.jpg\" class=\"lazyload img-responsive wp-image-10312\" srcset=\"data:image\/svg+xml,%3Csvg%20xmlns%3D%27http%3A%2F%2Fwww.w3.org%2F2000%2Fsvg%27%20width%3D%271500%27%20height%3D%271000%27%20viewBox%3D%270%200%201500%201000%27%3E%3Crect%20width%3D%271500%27%20height%3D%271000%27%20fill-opacity%3D%220%22%2F%3E%3C%2Fsvg%3E\" data-srcset=\"https:\/\/i-luminate.de\/wp-content\/uploads\/2025\/03\/i-luminate-cuisine-luxe-ilot-central-independant-200x133.jpg 200w, https:\/\/i-luminate.de\/wp-content\/uploads\/2025\/03\/i-luminate-cuisine-luxe-ilot-central-independant-400x267.jpg 400w, https:\/\/i-luminate.de\/wp-content\/uploads\/2025\/03\/i-luminate-cuisine-luxe-ilot-central-independant-600x400.jpg 600w, https:\/\/i-luminate.de\/wp-content\/uploads\/2025\/03\/i-luminate-cuisine-luxe-ilot-central-independant-800x533.jpg 800w, https:\/\/i-luminate.de\/wp-content\/uploads\/2025\/03\/i-luminate-cuisine-luxe-ilot-central-independant-1200x800.jpg 1200w, https:\/\/i-luminate.de\/wp-content\/uploads\/2025\/03\/i-luminate-cuisine-luxe-ilot-central-independant.jpg 1500w\" data-sizes=\"auto\" data-orig-sizes=\"(max-width: 1024px) 100vw, (max-width: 640px) 100vw, 1500px\"><\/span><\/div><div class=\"fusion-separator fusion-full-width-sep\" style=\"align-self: center;margin-left: auto;margin-right: auto;margin-top:40px;width:100%;\"><\/div><\/div><\/div><div class=\"fusion-layout-column fusion_builder_column fusion-builder-column-2 fusion_builder_column_5_6 5_6 fusion-flex-column\" style=\"--awb-padding-left:25px;--awb-bg-size:cover;--awb-border-color:var(--awb-color4);--awb-border-left:2px;--awb-border-style:solid;--awb-width-large:83.333333333333%;--awb-margin-top-large:-40px;--awb-spacing-right-large:2.304%;--awb-margin-bottom-large:25px;--awb-spacing-left-large:2.304%;--awb-width-medium:100%;--awb-order-medium:0;--awb-spacing-right-medium:1.92%;--awb-spacing-left-medium:1.92%;--awb-width-small:100%;--awb-order-small:0;--awb-spacing-right-small:1.92%;--awb-spacing-left-small:1.92%;\" data-scroll-devices=\"small-visibility,medium-visibility,large-visibility\"><div class=\"fusion-column-wrapper fusion-column-has-shadow fusion-flex-justify-content-flex-start fusion-content-layout-column\"><div class=\"fusion-separator fusion-full-width-sep\" style=\"align-self: center;margin-left: auto;margin-right: auto;margin-top:25px;width:100%;\"><\/div><div class=\"fusion-text fusion-text-3\"><h4><\/h4>\n<h4><strong>Point fort de la cuisine design&nbsp;:<\/strong><\/h4>\n<p>Le point fort absolu de cette cui\u00adsine design i\u2011luminate est l\u2019im\u00adpres\u00adsion\u00adnant \u00eelot de cui\u00adsine de 6 m\u00e8tres de long avec la poign\u00e9e pro\u00adfil\u00e9e unique i\u2011luminate en laiton bross\u00e9 fon\u00adc\u00e9. Le plan de tra\u00advail coup\u00e9 en onglet est par\u00adti\u00adc\u00aduli\u00e8re\u00adment bien pen\u00ads\u00e9 et cr\u00e9e un aspect \u00e9l\u00e9\u00adgant et sans rac\u00adcord. Pour une plan\u00adi\u00adfi\u00adca\u00adtion de cui\u00adsine plus cap\u00adti\u00advante et ergonomique\u00adment opti\u00admis\u00e9e, deux hau\u00adteurs de plan de tra\u00advail dif\u00adf\u00e9rentes ont \u00e9t\u00e9 choisies, reli\u00e9es har\u00admonieuse\u00adment par un joint \u00e9troit. Le r\u00e9sul\u00adtat est une inter\u00adac\u00adtion par\u00adfaite entre un design inno\u00advant et une plan\u00adi\u00adfi\u00adca\u00adtion bien pens\u00e9e.<\/p>\n<p>Pro\u00adjet con\u00e7u &amp; mon\u00adt\u00e9&nbsp;par&nbsp;:<br>\nKreativ Kitchens<br>\n0113 269&nbsp;2784<br>\n<a href=\"http:\/\/www.kreativkitchens.co.uk\">www.kreativkitchens.co.uk<\/a><\/p>\n<\/div><\/div><\/div><div class=\"fusion-layout-column fusion_builder_column fusion-builder-column-3 fusion_builder_column_1_1 1_1 fusion-flex-column\" style=\"--awb-bg-size:cover;--awb-width-large:100%;--awb-margin-top-large:-40px;--awb-spacing-right-large:1.92%;--awb-margin-bottom-large:25px;--awb-spacing-left-large:1.92%;--awb-width-medium:100%;--awb-order-medium:0;--awb-spacing-right-medium:1.92%;--awb-spacing-left-medium:1.92%;--awb-width-small:100%;--awb-order-small:0;--awb-spacing-right-small:1.92%;--awb-spacing-left-small:1.92%;\" data-scroll-devices=\"small-visibility,medium-visibility,large-visibility\"><div class=\"fusion-column-wrapper fusion-column-has-shadow fusion-flex-justify-content-flex-start fusion-content-layout-column\"><div class=\"fusion-separator fusion-full-width-sep\" style=\"align-self: center;margin-left: auto;margin-right: auto;margin-top:25px;width:100%;\"><\/div><div class=\"awb-gallery-wrapper awb-gallery-wrapper-1 button-span-no\" style=\"--more-btn-alignment:center;\"><div style=\"margin:-5px;--awb-bordersize:0px;\" class=\"fusion-gallery fusion-gallery-container fusion-grid-2 fusion-columns-total-7 fusion-gallery-layout-grid fusion-gallery-1\"><div style=\"padding:5px;\" class=\"fusion-grid-column fusion-gallery-column fusion-gallery-column-2 hover-type-none\"><div class=\"fusion-gallery-image\"><img decoding=\"async\" src=\"https:\/\/i-luminate.de\/wp-content\/uploads\/2025\/03\/i-luminate-cuisine-design-cuisine-sans-poignees.jpg\" data-orig-src=\"https:\/\/i-luminate.de\/wp-content\/uploads\/2025\/03\/i-luminate-cuisine-design-cuisine-sans-poignees.jpg\" width=\"1500\" height=\"1000\" alt=\"Cuisine int\u00e9gr\u00e9e sans poign\u00e9e avec \u00e9clairage de cuisine, plan de travail de cuisine\" title=\"i\u2011luminate-cuisine-design-cuisine-sans-poigne\u0301es\" aria-label=\"i\u2011luminate-cuisine-design-cuisine-sans-poigne\u0301es\" class=\"lazyload img-responsive wp-image-10296\" srcset=\"data:image\/svg+xml,%3Csvg%20xmlns%3D%27http%3A%2F%2Fwww.w3.org%2F2000%2Fsvg%27%20width%3D%271500%27%20height%3D%271000%27%20viewBox%3D%270%200%201500%201000%27%3E%3Crect%20width%3D%271500%27%20height%3D%271000%27%20fill-opacity%3D%220%22%2F%3E%3C%2Fsvg%3E\" data-srcset=\"https:\/\/i-luminate.de\/wp-content\/uploads\/2025\/03\/i-luminate-cuisine-design-cuisine-sans-poignees-200x133.jpg 200w, https:\/\/i-luminate.de\/wp-content\/uploads\/2025\/03\/i-luminate-cuisine-design-cuisine-sans-poignees-400x267.jpg 400w, https:\/\/i-luminate.de\/wp-content\/uploads\/2025\/03\/i-luminate-cuisine-design-cuisine-sans-poignees-600x400.jpg 600w, https:\/\/i-luminate.de\/wp-content\/uploads\/2025\/03\/i-luminate-cuisine-design-cuisine-sans-poignees-800x533.jpg 800w, https:\/\/i-luminate.de\/wp-content\/uploads\/2025\/03\/i-luminate-cuisine-design-cuisine-sans-poignees-1200x800.jpg 1200w, https:\/\/i-luminate.de\/wp-content\/uploads\/2025\/03\/i-luminate-cuisine-design-cuisine-sans-poignees.jpg 1500w\" data-sizes=\"auto\" data-orig-sizes=\"(min-width: 2200px) 100vw, (min-width: 912px) 633px, (min-width: 840px) 912px, \"><\/div><\/div><div style=\"padding:5px;\" class=\"fusion-grid-column fusion-gallery-column fusion-gallery-column-2 hover-type-none\"><div class=\"fusion-gallery-image\"><img decoding=\"async\" src=\"https:\/\/i-luminate.de\/wp-content\/uploads\/2025\/03\/i-luminate-cuisine-sans-poignees-ilot-cuisine-rangement-vin.jpg\" data-orig-src=\"https:\/\/i-luminate.de\/wp-content\/uploads\/2025\/03\/i-luminate-cuisine-sans-poignees-ilot-cuisine-rangement-vin.jpg\" width=\"1500\" height=\"1000\" alt=\"Plan de cuisine avec \u00eelot de cuisine \u00e9clair\u00e9 et \u00e9tag\u00e8re \u00e0 vin\" title=\"i\u2011luminate-cuisine-sans-poigne\u0301es-i\u0302lot-cuisine-rangement-vin\" aria-label=\"i\u2011luminate-cuisine-sans-poigne\u0301es-i\u0302lot-cuisine-rangement-vin\" class=\"lazyload img-responsive wp-image-10316\" srcset=\"data:image\/svg+xml,%3Csvg%20xmlns%3D%27http%3A%2F%2Fwww.w3.org%2F2000%2Fsvg%27%20width%3D%271500%27%20height%3D%271000%27%20viewBox%3D%270%200%201500%201000%27%3E%3Crect%20width%3D%271500%27%20height%3D%271000%27%20fill-opacity%3D%220%22%2F%3E%3C%2Fsvg%3E\" data-srcset=\"https:\/\/i-luminate.de\/wp-content\/uploads\/2025\/03\/i-luminate-cuisine-sans-poignees-ilot-cuisine-rangement-vin-200x133.jpg 200w, https:\/\/i-luminate.de\/wp-content\/uploads\/2025\/03\/i-luminate-cuisine-sans-poignees-ilot-cuisine-rangement-vin-400x267.jpg 400w, https:\/\/i-luminate.de\/wp-content\/uploads\/2025\/03\/i-luminate-cuisine-sans-poignees-ilot-cuisine-rangement-vin-600x400.jpg 600w, https:\/\/i-luminate.de\/wp-content\/uploads\/2025\/03\/i-luminate-cuisine-sans-poignees-ilot-cuisine-rangement-vin-800x533.jpg 800w, https:\/\/i-luminate.de\/wp-content\/uploads\/2025\/03\/i-luminate-cuisine-sans-poignees-ilot-cuisine-rangement-vin-1200x800.jpg 1200w, https:\/\/i-luminate.de\/wp-content\/uploads\/2025\/03\/i-luminate-cuisine-sans-poignees-ilot-cuisine-rangement-vin.jpg 1500w\" data-sizes=\"auto\" data-orig-sizes=\"(min-width: 2200px) 100vw, (min-width: 912px) 633px, (min-width: 840px) 912px, \"><\/div><\/div><div class=\"clearfix\"><\/div><div style=\"padding:5px;\" class=\"fusion-grid-column fusion-gallery-column fusion-gallery-column-2 hover-type-none\"><div class=\"fusion-gallery-image\"><img decoding=\"async\" src=\"https:\/\/i-luminate.de\/wp-content\/uploads\/2025\/03\/i-luminate-cuisine-sans-poignees-plan-de-travail-evier.jpg\" data-orig-src=\"https:\/\/i-luminate.de\/wp-content\/uploads\/2025\/03\/i-luminate-cuisine-sans-poignees-plan-de-travail-evier.jpg\" width=\"1500\" height=\"2250\" alt=\"Cuisine sans poign\u00e9e avec plan de travail, \u00e9vier \u00e0 fleur et \u00e9clairage de cuisine\" title=\"i\u2011luminate-cuisine-sans-poigne\u0301es-plan-de-travail-e\u0301vier\" aria-label=\"i\u2011luminate-cuisine-sans-poigne\u0301es-plan-de-travail-e\u0301vier\" class=\"lazyload img-responsive wp-image-10320\" srcset=\"data:image\/svg+xml,%3Csvg%20xmlns%3D%27http%3A%2F%2Fwww.w3.org%2F2000%2Fsvg%27%20width%3D%271500%27%20height%3D%272250%27%20viewBox%3D%270%200%201500%202250%27%3E%3Crect%20width%3D%271500%27%20height%3D%272250%27%20fill-opacity%3D%220%22%2F%3E%3C%2Fsvg%3E\" data-srcset=\"https:\/\/i-luminate.de\/wp-content\/uploads\/2025\/03\/i-luminate-cuisine-sans-poignees-plan-de-travail-evier-200x300.jpg 200w, https:\/\/i-luminate.de\/wp-content\/uploads\/2025\/03\/i-luminate-cuisine-sans-poignees-plan-de-travail-evier-400x600.jpg 400w, https:\/\/i-luminate.de\/wp-content\/uploads\/2025\/03\/i-luminate-cuisine-sans-poignees-plan-de-travail-evier-600x900.jpg 600w, https:\/\/i-luminate.de\/wp-content\/uploads\/2025\/03\/i-luminate-cuisine-sans-poignees-plan-de-travail-evier-800x1200.jpg 800w, https:\/\/i-luminate.de\/wp-content\/uploads\/2025\/03\/i-luminate-cuisine-sans-poignees-plan-de-travail-evier-1200x1800.jpg 1200w, https:\/\/i-luminate.de\/wp-content\/uploads\/2025\/03\/i-luminate-cuisine-sans-poignees-plan-de-travail-evier.jpg 1500w\" data-sizes=\"auto\" data-orig-sizes=\"(min-width: 2200px) 100vw, (min-width: 912px) 633px, (min-width: 840px) 912px, \"><\/div><\/div><div style=\"padding:5px;\" class=\"fusion-grid-column fusion-gallery-column fusion-gallery-column-2 hover-type-none\"><div class=\"fusion-gallery-image\"><img decoding=\"async\" src=\"https:\/\/i-luminate.de\/wp-content\/uploads\/2025\/03\/i-luminate-conception-cuisine-eclairage-cuisine-maison-intelligente.jpg\" data-orig-src=\"https:\/\/i-luminate.de\/wp-content\/uploads\/2025\/03\/i-luminate-conception-cuisine-eclairage-cuisine-maison-intelligente.jpg\" width=\"1500\" height=\"2250\" alt=\"Planification de cuisine moderne avec Smart Home et \u00e9clairage de cuisine\" title=\"i\u2011luminate-conception-cuisine-e\u0301clairage-cuisine-maison-intelligente\" aria-label=\"i\u2011luminate-conception-cuisine-e\u0301clairage-cuisine-maison-intelligente\" class=\"lazyload img-responsive wp-image-10292\" srcset=\"data:image\/svg+xml,%3Csvg%20xmlns%3D%27http%3A%2F%2Fwww.w3.org%2F2000%2Fsvg%27%20width%3D%271500%27%20height%3D%272250%27%20viewBox%3D%270%200%201500%202250%27%3E%3Crect%20width%3D%271500%27%20height%3D%272250%27%20fill-opacity%3D%220%22%2F%3E%3C%2Fsvg%3E\" data-srcset=\"https:\/\/i-luminate.de\/wp-content\/uploads\/2025\/03\/i-luminate-conception-cuisine-eclairage-cuisine-maison-intelligente-200x300.jpg 200w, https:\/\/i-luminate.de\/wp-content\/uploads\/2025\/03\/i-luminate-conception-cuisine-eclairage-cuisine-maison-intelligente-400x600.jpg 400w, https:\/\/i-luminate.de\/wp-content\/uploads\/2025\/03\/i-luminate-conception-cuisine-eclairage-cuisine-maison-intelligente-600x900.jpg 600w, https:\/\/i-luminate.de\/wp-content\/uploads\/2025\/03\/i-luminate-conception-cuisine-eclairage-cuisine-maison-intelligente-800x1200.jpg 800w, https:\/\/i-luminate.de\/wp-content\/uploads\/2025\/03\/i-luminate-conception-cuisine-eclairage-cuisine-maison-intelligente-1200x1800.jpg 1200w, https:\/\/i-luminate.de\/wp-content\/uploads\/2025\/03\/i-luminate-conception-cuisine-eclairage-cuisine-maison-intelligente.jpg 1500w\" data-sizes=\"auto\" data-orig-sizes=\"(min-width: 2200px) 100vw, (min-width: 912px) 633px, (min-width: 840px) 912px, \"><\/div><\/div><div class=\"clearfix\"><\/div><div style=\"padding:5px;\" class=\"fusion-grid-column fusion-gallery-column fusion-gallery-column-2 hover-type-none\"><div class=\"fusion-gallery-image\"><img decoding=\"async\" src=\"https:\/\/i-luminate.de\/wp-content\/uploads\/2025\/03\/i-luminate-eclairage-cuisine-tiroir-organisateur-equipement-interieur.jpg\" data-orig-src=\"https:\/\/i-luminate.de\/wp-content\/uploads\/2025\/03\/i-luminate-eclairage-cuisine-tiroir-organisateur-equipement-interieur.jpg\" width=\"1500\" height=\"2250\" alt=\"Cuisine int\u00e9gr\u00e9e avec \u00e9clairage de cuisine, organisateur de tiroirs avec beaucoup d'espace de rangement\" title=\"i\u2011luminate-e\u0301clairage-cuisine-tiroir-organisateur-e\u0301quipement-inte\u0301rieur\" aria-label=\"i\u2011luminate-e\u0301clairage-cuisine-tiroir-organisateur-e\u0301quipement-inte\u0301rieur\" class=\"lazyload img-responsive wp-image-10324\" srcset=\"data:image\/svg+xml,%3Csvg%20xmlns%3D%27http%3A%2F%2Fwww.w3.org%2F2000%2Fsvg%27%20width%3D%271500%27%20height%3D%272250%27%20viewBox%3D%270%200%201500%202250%27%3E%3Crect%20width%3D%271500%27%20height%3D%272250%27%20fill-opacity%3D%220%22%2F%3E%3C%2Fsvg%3E\" data-srcset=\"https:\/\/i-luminate.de\/wp-content\/uploads\/2025\/03\/i-luminate-eclairage-cuisine-tiroir-organisateur-equipement-interieur-200x300.jpg 200w, https:\/\/i-luminate.de\/wp-content\/uploads\/2025\/03\/i-luminate-eclairage-cuisine-tiroir-organisateur-equipement-interieur-400x600.jpg 400w, https:\/\/i-luminate.de\/wp-content\/uploads\/2025\/03\/i-luminate-eclairage-cuisine-tiroir-organisateur-equipement-interieur-600x900.jpg 600w, https:\/\/i-luminate.de\/wp-content\/uploads\/2025\/03\/i-luminate-eclairage-cuisine-tiroir-organisateur-equipement-interieur-800x1200.jpg 800w, https:\/\/i-luminate.de\/wp-content\/uploads\/2025\/03\/i-luminate-eclairage-cuisine-tiroir-organisateur-equipement-interieur-1200x1800.jpg 1200w, https:\/\/i-luminate.de\/wp-content\/uploads\/2025\/03\/i-luminate-eclairage-cuisine-tiroir-organisateur-equipement-interieur.jpg 1500w\" data-sizes=\"auto\" data-orig-sizes=\"(min-width: 2200px) 100vw, (min-width: 912px) 633px, (min-width: 840px) 912px, \"><\/div><\/div><div style=\"padding:5px;\" class=\"fusion-grid-column fusion-gallery-column fusion-gallery-column-2 hover-type-none\"><div class=\"fusion-gallery-image\"><img decoding=\"async\" src=\"https:\/\/i-luminate.de\/wp-content\/uploads\/2025\/03\/i-luminate-cuisine-integree-eclairage-cuisine.jpg\" data-orig-src=\"https:\/\/i-luminate.de\/wp-content\/uploads\/2025\/03\/i-luminate-cuisine-integree-eclairage-cuisine.jpg\" width=\"1500\" height=\"2250\" alt=\"Cuisine design i-luminate avec poign\u00e9e \u00e9clair\u00e9e\" title=\"i\u2011luminate-cuisine-inte\u0301gre\u0301e-e\u0301clairage-cuisine\" aria-label=\"i\u2011luminate-cuisine-inte\u0301gre\u0301e-e\u0301clairage-cuisine\" class=\"lazyload img-responsive wp-image-10304\" srcset=\"data:image\/svg+xml,%3Csvg%20xmlns%3D%27http%3A%2F%2Fwww.w3.org%2F2000%2Fsvg%27%20width%3D%271500%27%20height%3D%272250%27%20viewBox%3D%270%200%201500%202250%27%3E%3Crect%20width%3D%271500%27%20height%3D%272250%27%20fill-opacity%3D%220%22%2F%3E%3C%2Fsvg%3E\" data-srcset=\"https:\/\/i-luminate.de\/wp-content\/uploads\/2025\/03\/i-luminate-cuisine-integree-eclairage-cuisine-200x300.jpg 200w, https:\/\/i-luminate.de\/wp-content\/uploads\/2025\/03\/i-luminate-cuisine-integree-eclairage-cuisine-400x600.jpg 400w, https:\/\/i-luminate.de\/wp-content\/uploads\/2025\/03\/i-luminate-cuisine-integree-eclairage-cuisine-600x900.jpg 600w, https:\/\/i-luminate.de\/wp-content\/uploads\/2025\/03\/i-luminate-cuisine-integree-eclairage-cuisine-800x1200.jpg 800w, https:\/\/i-luminate.de\/wp-content\/uploads\/2025\/03\/i-luminate-cuisine-integree-eclairage-cuisine-1200x1800.jpg 1200w, https:\/\/i-luminate.de\/wp-content\/uploads\/2025\/03\/i-luminate-cuisine-integree-eclairage-cuisine.jpg 1500w\" data-sizes=\"auto\" data-orig-sizes=\"(min-width: 2200px) 100vw, (min-width: 912px) 633px, (min-width: 840px) 912px, \"><\/div><\/div><div class=\"clearfix\"><\/div><div style=\"padding:5px;\" class=\"fusion-grid-column fusion-gallery-column fusion-gallery-column-2 hover-type-none\"><div class=\"fusion-gallery-image\"><img decoding=\"async\" src=\"https:\/\/i-luminate.de\/wp-content\/uploads\/2025\/03\/i-luminate-cuisine-design-plan-de-travail-cuisine.jpg\" data-orig-src=\"https:\/\/i-luminate.de\/wp-content\/uploads\/2025\/03\/i-luminate-cuisine-design-plan-de-travail-cuisine.jpg\" width=\"1500\" height=\"1000\" alt=\"Cuisine design i-luminate avec plan de travail massif\" title=\"i\u2011luminate-cuisine-design-plan-de-travail-cuisine\" aria-label=\"i\u2011luminate-cuisine-design-plan-de-travail-cuisine\" class=\"lazyload img-responsive wp-image-10300\" srcset=\"data:image\/svg+xml,%3Csvg%20xmlns%3D%27http%3A%2F%2Fwww.w3.org%2F2000%2Fsvg%27%20width%3D%271500%27%20height%3D%271000%27%20viewBox%3D%270%200%201500%201000%27%3E%3Crect%20width%3D%271500%27%20height%3D%271000%27%20fill-opacity%3D%220%22%2F%3E%3C%2Fsvg%3E\" data-srcset=\"https:\/\/i-luminate.de\/wp-content\/uploads\/2025\/03\/i-luminate-cuisine-design-plan-de-travail-cuisine-200x133.jpg 200w, https:\/\/i-luminate.de\/wp-content\/uploads\/2025\/03\/i-luminate-cuisine-design-plan-de-travail-cuisine-400x267.jpg 400w, https:\/\/i-luminate.de\/wp-content\/uploads\/2025\/03\/i-luminate-cuisine-design-plan-de-travail-cuisine-600x400.jpg 600w, https:\/\/i-luminate.de\/wp-content\/uploads\/2025\/03\/i-luminate-cuisine-design-plan-de-travail-cuisine-800x533.jpg 800w, https:\/\/i-luminate.de\/wp-content\/uploads\/2025\/03\/i-luminate-cuisine-design-plan-de-travail-cuisine-1200x800.jpg 1200w, https:\/\/i-luminate.de\/wp-content\/uploads\/2025\/03\/i-luminate-cuisine-design-plan-de-travail-cuisine.jpg 1500w\" data-sizes=\"auto\" data-orig-sizes=\"(min-width: 2200px) 100vw, (min-width: 912px) 633px, (min-width: 840px) 912px, \"><\/div><\/div><\/div><\/div><div class=\"fusion-separator fusion-full-width-sep\" style=\"align-self: center;margin-left: auto;margin-right: auto;margin-top:50px;width:100%;\"><\/div><div style=\"text-align:center;\"><a class=\"fusion-button button-flat button-large button-custom fusion-button-default button-1 fusion-button-default-span fusion-button-default-type custom-button-hover-black\" style=\"--button_accent_color:var(--awb-color4);--button_accent_hover_color:var(--awb-color1);--button_border_hover_color:var(--awb-color4);--button_gradient_top_color:rgba(0,0,0,0);--button_gradient_bottom_color:rgba(0,0,0,0);--button_gradient_top_color_hover:rgba(0,0,0,0);--button_gradient_bottom_color_hover:rgba(0,0,0,0);\" target=\"_self\" href=\"javascript:history.back()\"><span class=\"fusion-button-text awb-button__text awb-button__text--default\">RETOUR<\/span><\/a><\/div><\/div><\/div><\/div><\/div>\n","protected":false},"excerpt":{"rendered":"","protected":false},"author":7,"featured_media":10308,"menu_order":0,"comment_status":"closed","ping_status":"closed","template":"","format":"standard","meta":{"wp_typography_post_enhancements_disabled":false,"footnotes":""},"portfolio_category":[164,163],"portfolio_skills":[],"portfolio_tags":[],"class_list":["post-10344","avada_portfolio","type-avada_portfolio","status-publish","format-standard","has-post-thumbnail","hentry","portfolio_category-clair","portfolio_category-fonce"],"yoast_head":"<!-- This site is optimized with the Yoast SEO Premium plugin v27.3 (Yoast SEO v27.3) - https:\/\/yoast.com\/product\/yoast-seo-premium-wordpress\/ -->\n<title>Planification de cuisine avec \u00eelot de cuisine et design<\/title>\n<meta name=\"description\" content=\"Cuisine de standing avec un design exclusif et un \u00eelot de cuisine ind\u00e9pendant, des placards de rangement et beaucoup d&#039;espace de rangement.\" \/>\n<meta name=\"robots\" content=\"index, follow, max-snippet:-1, max-image-preview:large, max-video-preview:-1\" \/>\n<link rel=\"canonical\" href=\"https:\/\/i-luminate.de\/fr\/project\/cuisine-frappante\/\" \/>\n<meta property=\"og:locale\" content=\"fr_FR\" \/>\n<meta property=\"og:type\" content=\"article\" \/>\n<meta property=\"og:title\" content=\"CUISINE FRAPPANTE AVEC DESIGN EXCLUSIF\" \/>\n<meta property=\"og:description\" content=\"Cuisine de standing avec un design exclusif et un \u00eelot de cuisine ind\u00e9pendant, des placards de rangement et beaucoup d&#039;espace de rangement.\" \/>\n<meta property=\"og:url\" content=\"https:\/\/i-luminate.de\/fr\/project\/cuisine-frappante\/\" \/>\n<meta property=\"og:site_name\" content=\"i-luminate\" \/>\n<meta property=\"article:publisher\" content=\"https:\/\/www.facebook.com\/iluminate.lightupyourkitchen\/\" \/>\n<meta property=\"article:modified_time\" content=\"2025-07-14T13:16:21+00:00\" \/>\n<meta property=\"og:image\" content=\"https:\/\/i-luminate.de\/wp-content\/uploads\/2025\/03\/i-luminate-cuisine-luxe-ilot-central-independant-BEITRAG.jpg\" \/>\n\t<meta property=\"og:image:width\" content=\"1333\" \/>\n\t<meta property=\"og:image:height\" content=\"1000\" \/>\n\t<meta property=\"og:image:type\" content=\"image\/jpeg\" \/>\n<meta name=\"twitter:card\" content=\"summary_large_image\" \/>\n<meta name=\"twitter:label1\" content=\"Dur\u00e9e de lecture estim\u00e9e\" \/>\n\t<meta name=\"twitter:data1\" content=\"4 minutes\" \/>\n<script type=\"application\/ld+json\" class=\"yoast-schema-graph\">{\"@context\":\"https:\\\/\\\/schema.org\",\"@graph\":[{\"@type\":\"WebPage\",\"@id\":\"https:\\\/\\\/i-luminate.de\\\/fr\\\/project\\\/cuisine-frappante\\\/\",\"url\":\"https:\\\/\\\/i-luminate.de\\\/fr\\\/project\\\/cuisine-frappante\\\/\",\"name\":\"Planification de cuisine avec \u00eelot de cuisine et design\",\"isPartOf\":{\"@id\":\"https:\\\/\\\/i-luminate.de\\\/fr\\\/#website\"},\"primaryImageOfPage\":{\"@id\":\"https:\\\/\\\/i-luminate.de\\\/fr\\\/project\\\/cuisine-frappante\\\/#primaryimage\"},\"image\":{\"@id\":\"https:\\\/\\\/i-luminate.de\\\/fr\\\/project\\\/cuisine-frappante\\\/#primaryimage\"},\"thumbnailUrl\":\"https:\\\/\\\/i-luminate.de\\\/wp-content\\\/uploads\\\/2025\\\/03\\\/i-luminate-cuisine-luxe-ilot-central-independant-BEITRAG.jpg\",\"datePublished\":\"2024-07-04T08:15:01+00:00\",\"dateModified\":\"2025-07-14T13:16:21+00:00\",\"description\":\"Cuisine de standing avec un design exclusif et un \u00eelot de cuisine ind\u00e9pendant, des placards de rangement et beaucoup d'espace de rangement.\",\"breadcrumb\":{\"@id\":\"https:\\\/\\\/i-luminate.de\\\/fr\\\/project\\\/cuisine-frappante\\\/#breadcrumb\"},\"inLanguage\":\"fr-FR\",\"potentialAction\":[{\"@type\":\"ReadAction\",\"target\":[\"https:\\\/\\\/i-luminate.de\\\/fr\\\/project\\\/cuisine-frappante\\\/\"]}]},{\"@type\":\"ImageObject\",\"inLanguage\":\"fr-FR\",\"@id\":\"https:\\\/\\\/i-luminate.de\\\/fr\\\/project\\\/cuisine-frappante\\\/#primaryimage\",\"url\":\"https:\\\/\\\/i-luminate.de\\\/wp-content\\\/uploads\\\/2025\\\/03\\\/i-luminate-cuisine-luxe-ilot-central-independant-BEITRAG.jpg\",\"contentUrl\":\"https:\\\/\\\/i-luminate.de\\\/wp-content\\\/uploads\\\/2025\\\/03\\\/i-luminate-cuisine-luxe-ilot-central-independant-BEITRAG.jpg\",\"width\":1333,\"height\":1000,\"caption\":\"Cuisine de luxe avec \u00eelot de cuisine ind\u00e9pendant, armoires de cuisine du sol au plafond\"},{\"@type\":\"BreadcrumbList\",\"@id\":\"https:\\\/\\\/i-luminate.de\\\/fr\\\/project\\\/cuisine-frappante\\\/#breadcrumb\",\"itemListElement\":[{\"@type\":\"ListItem\",\"position\":1,\"name\":\"Startseite\",\"item\":\"https:\\\/\\\/i-luminate.de\\\/fr\\\/\"},{\"@type\":\"ListItem\",\"position\":2,\"name\":\"Portfolio\",\"item\":\"https:\\\/\\\/i-luminate.de\\\/fr\\\/project\\\/\"},{\"@type\":\"ListItem\",\"position\":3,\"name\":\"CUISINE FRAPPANTE AVEC DESIGN EXCLUSIF\"}]},{\"@type\":\"WebSite\",\"@id\":\"https:\\\/\\\/i-luminate.de\\\/fr\\\/#website\",\"url\":\"https:\\\/\\\/i-luminate.de\\\/fr\\\/\",\"name\":\"i-luminate\",\"description\":\"Your supreme kitchen\",\"publisher\":{\"@id\":\"https:\\\/\\\/i-luminate.de\\\/fr\\\/#organization\"},\"potentialAction\":[{\"@type\":\"SearchAction\",\"target\":{\"@type\":\"EntryPoint\",\"urlTemplate\":\"https:\\\/\\\/i-luminate.de\\\/fr\\\/?s={search_term_string}\"},\"query-input\":{\"@type\":\"PropertyValueSpecification\",\"valueRequired\":true,\"valueName\":\"search_term_string\"}}],\"inLanguage\":\"fr-FR\"},{\"@type\":\"Organization\",\"@id\":\"https:\\\/\\\/i-luminate.de\\\/fr\\\/#organization\",\"name\":\"i-luminate\",\"url\":\"https:\\\/\\\/i-luminate.de\\\/fr\\\/\",\"logo\":{\"@type\":\"ImageObject\",\"inLanguage\":\"fr-FR\",\"@id\":\"https:\\\/\\\/i-luminate.de\\\/fr\\\/#\\\/schema\\\/logo\\\/image\\\/\",\"url\":\"https:\\\/\\\/i-luminate.de\\\/wp-content\\\/uploads\\\/2023\\\/08\\\/illuminate-Logo-schwarz.png\",\"contentUrl\":\"https:\\\/\\\/i-luminate.de\\\/wp-content\\\/uploads\\\/2023\\\/08\\\/illuminate-Logo-schwarz.png\",\"width\":979,\"height\":208,\"caption\":\"i-luminate\"},\"image\":{\"@id\":\"https:\\\/\\\/i-luminate.de\\\/fr\\\/#\\\/schema\\\/logo\\\/image\\\/\"},\"sameAs\":[\"https:\\\/\\\/www.facebook.com\\\/iluminate.lightupyourkitchen\\\/\",\"https:\\\/\\\/www.instagram.com\\\/iluminate_lightupyourkitchen\\\/?hl=de\"]}]}<\/script>\n<!-- \/ Yoast SEO Premium plugin. -->","yoast_head_json":{"title":"Planification de cuisine avec \u00eelot de cuisine et design","description":"Cuisine de standing avec un design exclusif et un \u00eelot de cuisine ind\u00e9pendant, des placards de rangement et beaucoup d'espace de rangement.","robots":{"index":"index","follow":"follow","max-snippet":"max-snippet:-1","max-image-preview":"max-image-preview:large","max-video-preview":"max-video-preview:-1"},"canonical":"https:\/\/i-luminate.de\/fr\/project\/cuisine-frappante\/","og_locale":"fr_FR","og_type":"article","og_title":"CUISINE FRAPPANTE AVEC DESIGN EXCLUSIF","og_description":"Cuisine de standing avec un design exclusif et un \u00eelot de cuisine ind\u00e9pendant, des placards de rangement et beaucoup d'espace de rangement.","og_url":"https:\/\/i-luminate.de\/fr\/project\/cuisine-frappante\/","og_site_name":"i-luminate","article_publisher":"https:\/\/www.facebook.com\/iluminate.lightupyourkitchen\/","article_modified_time":"2025-07-14T13:16:21+00:00","og_image":[{"width":1333,"height":1000,"url":"https:\/\/i-luminate.de\/wp-content\/uploads\/2025\/03\/i-luminate-cuisine-luxe-ilot-central-independant-BEITRAG.jpg","type":"image\/jpeg"}],"twitter_card":"summary_large_image","twitter_misc":{"Dur\u00e9e de lecture estim\u00e9e":"4 minutes"},"schema":{"@context":"https:\/\/schema.org","@graph":[{"@type":"WebPage","@id":"https:\/\/i-luminate.de\/fr\/project\/cuisine-frappante\/","url":"https:\/\/i-luminate.de\/fr\/project\/cuisine-frappante\/","name":"Planification de cuisine avec \u00eelot de cuisine et design","isPartOf":{"@id":"https:\/\/i-luminate.de\/fr\/#website"},"primaryImageOfPage":{"@id":"https:\/\/i-luminate.de\/fr\/project\/cuisine-frappante\/#primaryimage"},"image":{"@id":"https:\/\/i-luminate.de\/fr\/project\/cuisine-frappante\/#primaryimage"},"thumbnailUrl":"https:\/\/i-luminate.de\/wp-content\/uploads\/2025\/03\/i-luminate-cuisine-luxe-ilot-central-independant-BEITRAG.jpg","datePublished":"2024-07-04T08:15:01+00:00","dateModified":"2025-07-14T13:16:21+00:00","description":"Cuisine de standing avec un design exclusif et un \u00eelot de cuisine ind\u00e9pendant, des placards de rangement et beaucoup d'espace de rangement.","breadcrumb":{"@id":"https:\/\/i-luminate.de\/fr\/project\/cuisine-frappante\/#breadcrumb"},"inLanguage":"fr-FR","potentialAction":[{"@type":"ReadAction","target":["https:\/\/i-luminate.de\/fr\/project\/cuisine-frappante\/"]}]},{"@type":"ImageObject","inLanguage":"fr-FR","@id":"https:\/\/i-luminate.de\/fr\/project\/cuisine-frappante\/#primaryimage","url":"https:\/\/i-luminate.de\/wp-content\/uploads\/2025\/03\/i-luminate-cuisine-luxe-ilot-central-independant-BEITRAG.jpg","contentUrl":"https:\/\/i-luminate.de\/wp-content\/uploads\/2025\/03\/i-luminate-cuisine-luxe-ilot-central-independant-BEITRAG.jpg","width":1333,"height":1000,"caption":"Cuisine de luxe avec \u00eelot de cuisine ind\u00e9pendant, armoires de cuisine du sol au plafond"},{"@type":"BreadcrumbList","@id":"https:\/\/i-luminate.de\/fr\/project\/cuisine-frappante\/#breadcrumb","itemListElement":[{"@type":"ListItem","position":1,"name":"Startseite","item":"https:\/\/i-luminate.de\/fr\/"},{"@type":"ListItem","position":2,"name":"Portfolio","item":"https:\/\/i-luminate.de\/fr\/project\/"},{"@type":"ListItem","position":3,"name":"CUISINE FRAPPANTE AVEC DESIGN EXCLUSIF"}]},{"@type":"WebSite","@id":"https:\/\/i-luminate.de\/fr\/#website","url":"https:\/\/i-luminate.de\/fr\/","name":"i-luminate","description":"Your supreme kitchen","publisher":{"@id":"https:\/\/i-luminate.de\/fr\/#organization"},"potentialAction":[{"@type":"SearchAction","target":{"@type":"EntryPoint","urlTemplate":"https:\/\/i-luminate.de\/fr\/?s={search_term_string}"},"query-input":{"@type":"PropertyValueSpecification","valueRequired":true,"valueName":"search_term_string"}}],"inLanguage":"fr-FR"},{"@type":"Organization","@id":"https:\/\/i-luminate.de\/fr\/#organization","name":"i-luminate","url":"https:\/\/i-luminate.de\/fr\/","logo":{"@type":"ImageObject","inLanguage":"fr-FR","@id":"https:\/\/i-luminate.de\/fr\/#\/schema\/logo\/image\/","url":"https:\/\/i-luminate.de\/wp-content\/uploads\/2023\/08\/illuminate-Logo-schwarz.png","contentUrl":"https:\/\/i-luminate.de\/wp-content\/uploads\/2023\/08\/illuminate-Logo-schwarz.png","width":979,"height":208,"caption":"i-luminate"},"image":{"@id":"https:\/\/i-luminate.de\/fr\/#\/schema\/logo\/image\/"},"sameAs":["https:\/\/www.facebook.com\/iluminate.lightupyourkitchen\/","https:\/\/www.instagram.com\/iluminate_lightupyourkitchen\/?hl=de"]}]}},"_links":{"self":[{"href":"https:\/\/i-luminate.de\/fr\/wp-json\/wp\/v2\/avada_portfolio\/10344","targetHints":{"allow":["GET"]}}],"collection":[{"href":"https:\/\/i-luminate.de\/fr\/wp-json\/wp\/v2\/avada_portfolio"}],"about":[{"href":"https:\/\/i-luminate.de\/fr\/wp-json\/wp\/v2\/types\/avada_portfolio"}],"author":[{"embeddable":true,"href":"https:\/\/i-luminate.de\/fr\/wp-json\/wp\/v2\/users\/7"}],"replies":[{"embeddable":true,"href":"https:\/\/i-luminate.de\/fr\/wp-json\/wp\/v2\/comments?post=10344"}],"version-history":[{"count":0,"href":"https:\/\/i-luminate.de\/fr\/wp-json\/wp\/v2\/avada_portfolio\/10344\/revisions"}],"wp:featuredmedia":[{"embeddable":true,"href":"https:\/\/i-luminate.de\/fr\/wp-json\/wp\/v2\/media\/10308"}],"wp:attachment":[{"href":"https:\/\/i-luminate.de\/fr\/wp-json\/wp\/v2\/media?parent=10344"}],"wp:term":[{"taxonomy":"portfolio_category","embeddable":true,"href":"https:\/\/i-luminate.de\/fr\/wp-json\/wp\/v2\/portfolio_category?post=10344"},{"taxonomy":"portfolio_skills","embeddable":true,"href":"https:\/\/i-luminate.de\/fr\/wp-json\/wp\/v2\/portfolio_skills?post=10344"},{"taxonomy":"portfolio_tags","embeddable":true,"href":"https:\/\/i-luminate.de\/fr\/wp-json\/wp\/v2\/portfolio_tags?post=10344"}],"curies":[{"name":"wp","href":"https:\/\/api.w.org\/{rel}","templated":true}]}}