{"id":11839,"date":"2026-03-03T10:46:51","date_gmt":"2026-03-03T09:46:51","guid":{"rendered":"https:\/\/i-luminate.de\/?post_type=avada_portfolio&#038;p=11839"},"modified":"2026-03-03T11:57:37","modified_gmt":"2026-03-03T10:57:37","slug":"cuisine-design-noyer-facades-foncees","status":"publish","type":"avada_portfolio","link":"https:\/\/i-luminate.de\/fr\/project\/cuisine-design-noyer-facades-foncees\/","title":{"rendered":"CUISINE DESIGN \u00c9L\u00c9GANTE EN NOYER ET BLEU&nbsp;FONC\u00c9"},"content":{"rendered":"<div class=\"fusion-fullwidth fullwidth-box fusion-builder-row-1 fusion-flex-container has-pattern-background has-mask-background nonhundred-percent-fullwidth non-hundred-percent-height-scrolling\" style=\"--awb-border-radius-top-left:0px;--awb-border-radius-top-right:0px;--awb-border-radius-bottom-right:0px;--awb-border-radius-bottom-left:0px;--awb-padding-top:20px;--awb-padding-bottom:75px;--awb-flex-wrap:wrap;\"><div class=\"fusion-builder-row fusion-row fusion-flex-align-items-flex-start fusion-flex-content-wrap\" style=\"max-width:1320.8px;margin-left: calc(-4% \/ 2 );margin-right: calc(-4% \/ 2 );\"><div class=\"fusion-layout-column fusion_builder_column fusion-builder-column-0 fusion_builder_column_5_6 5_6 fusion-flex-column\" style=\"--awb-padding-left:25px;--awb-bg-size:cover;--awb-border-color:var(--awb-color4);--awb-border-left:2px;--awb-border-style:solid;--awb-width-large:83.333333333333%;--awb-margin-top-large:-40px;--awb-spacing-right-large:2.304%;--awb-margin-bottom-large:25px;--awb-spacing-left-large:2.304%;--awb-width-medium:100%;--awb-order-medium:0;--awb-spacing-right-medium:1.92%;--awb-spacing-left-medium:1.92%;--awb-width-small:100%;--awb-order-small:0;--awb-spacing-right-small:1.92%;--awb-spacing-left-small:1.92%;\" data-scroll-devices=\"small-visibility,medium-visibility,large-visibility\"><div class=\"fusion-column-wrapper fusion-column-has-shadow fusion-flex-justify-content-flex-start fusion-content-layout-column\"><div class=\"fusion-title title fusion-title-1 fusion-sep-none fusion-title-text fusion-title-size-one\" style=\"--awb-margin-top-small:8px;--awb-margin-right-small:0px;--awb-margin-bottom-small:16px;--awb-margin-left-small:0px;\"><h1 class=\"fusion-title-heading title-heading-left fusion-responsive-typography-calculated\" style=\"margin:0;--fontSize:45;line-height:;\"><h1 style=\"font-weight: 400;\"><strong>CUISINE DESIGN ELEGANTE EN NOYER ET BLEU&nbsp;FONCE<\/strong><\/h1><\/h1><\/div><div class=\"fusion-text fusion-text-1\"><h4><strong>Planification de cuisine r\u00e9ussie&nbsp;:<\/strong><\/h4>\n<p>Pour cette mai\u00adson, une cui\u00adsine design i\u2011luminate\u00ae exclu\u00adsive a \u00e9t\u00e9 r\u00e9al\u00adis\u00e9e, r\u00e9u\u00adnis\u00adsant deux fa\u00e7ades en une com\u00adpo\u00adsi\u00adtion calme et expres\u00adsive. Un espace ouvert \u00e0 l\u2019atmosph\u00e8re chaleureuse, pen\u00ads\u00e9 pour le quo\u00adti\u00addi\u00aden et pour les soir\u00e9es particuli\u00e8res.<\/p>\n<p>La con\u00adcep\u00adtion r\u00e9pondait \u00e0 une exi\u00adgence claire : traduire la nat\u00adu\u00adral\u00adit\u00e9 et la pro\u00adfondeur dans une forme \u00e9pur\u00e9e. La cui\u00adsine ouverte s\u2019int\u00e8gre har\u00admonieuse\u00adment \u00e0 la pi\u00e8ce de vie tout en affir\u00admant sa pr\u00e9sence. Elle para\u00eet \u00e9vi\u00addente, jamais mise en&nbsp;sc\u00e8ne.<\/p>\n<p>Au cen\u00adtre, l\u2019association d\u2019un placage noy\u00ader rain\u00adur\u00e9 et de fa\u00e7ades bleu nuit ultra mat. Le bois apporte chaleur et struc\u00adture. Son veinage ver\u00adti\u00adcal donne de la vie et de la pro\u00adfondeur. Le bleu nuit cr\u00e9e un con\u00adtraste apaisant et souligne la clart\u00e9 architecturale.<br>\nCette cui\u00adsine design avec fa\u00e7ades plaqu\u00e9es et accents som\u00adbres est intem\u00adporelle et haut de&nbsp;gamme.<\/p>\n<\/div><div class=\"fusion-text fusion-text-2\"><p><img decoding=\"async\" class=\"lazyload alignnone wp-image-10722\" src=\"data:image\/svg+xml,%3Csvg%20xmlns%3D%27http%3A%2F%2Fwww.w3.org%2F2000%2Fsvg%27%20width%3D%2729%27%20height%3D%2729%27%20viewBox%3D%270%200%2029%2029%27%3E%3Crect%20width%3D%2729%27%20height%3D%2729%27%20fill-opacity%3D%220%22%2F%3E%3C%2Fsvg%3E\" data-orig-src=\"https:\/\/i-luminate.de\/wp-content\/uploads\/2026\/03\/i-luminate-mp-front-bleu-nuit-mat-cuisine-design-facade-cuisine-premium.webp\" alt width=\"29\" height=\"29\"> MP bleu nuit ultra&nbsp;mat<\/p>\n<p><img decoding=\"async\" class=\"lazyload alignnone wp-image-8111\" src=\"data:image\/svg+xml,%3Csvg%20xmlns%3D%27http%3A%2F%2Fwww.w3.org%2F2000%2Fsvg%27%20width%3D%2729%27%20height%3D%2729%27%20viewBox%3D%270%200%2029%2029%27%3E%3Crect%20width%3D%2729%27%20height%3D%2729%27%20fill-opacity%3D%220%22%2F%3E%3C%2Fsvg%3E\" data-orig-src=\"https:\/\/i-luminate.de\/wp-content\/uploads\/2024\/11\/EI-Noyer-naturel-Facade-plaquee.png\" alt width=\"29\" height=\"29\"> EI noy\u00ader naturel<\/p>\n<\/div><div class=\"fusion-separator fusion-full-width-sep\" style=\"align-self: center;margin-left: auto;margin-right: auto;margin-top:25px;width:100%;\"><\/div><\/div><\/div><div class=\"fusion-layout-column fusion_builder_column fusion-builder-column-1 fusion_builder_column_1_1 1_1 fusion-flex-column\" style=\"--awb-bg-size:cover;--awb-border-color:var(--awb-color4);--awb-border-style:solid;--awb-width-large:100%;--awb-margin-top-large:-40px;--awb-spacing-right-large:1.92%;--awb-margin-bottom-large:25px;--awb-spacing-left-large:1.92%;--awb-width-medium:100%;--awb-order-medium:0;--awb-spacing-right-medium:1.92%;--awb-spacing-left-medium:1.92%;--awb-width-small:100%;--awb-order-small:0;--awb-spacing-right-small:1.92%;--awb-spacing-left-small:1.92%;\" data-scroll-devices=\"small-visibility,medium-visibility,large-visibility\"><div class=\"fusion-column-wrapper fusion-column-has-shadow fusion-flex-justify-content-flex-start fusion-content-layout-column\"><div class=\"fusion-separator fusion-full-width-sep\" style=\"align-self: center;margin-left: auto;margin-right: auto;margin-top:40px;width:100%;\"><\/div><div class=\"fusion-image-element \" style=\"--awb-caption-title-font-family:var(--h2_typography-font-family);--awb-caption-title-font-weight:var(--h2_typography-font-weight);--awb-caption-title-font-style:var(--h2_typography-font-style);--awb-caption-title-size:var(--h2_typography-font-size);--awb-caption-title-transform:var(--h2_typography-text-transform);--awb-caption-title-line-height:var(--h2_typography-line-height);--awb-caption-title-letter-spacing:var(--h2_typography-letter-spacing);\"><span class=\" fusion-imageframe imageframe-none imageframe-1 hover-type-none\"><img decoding=\"async\" width=\"1500\" height=\"1000\" alt=\"Vitrine en noyer i-luminate\u00ae avec \u00e9clairage d\u2019ambiance dans une cuisine ouverte moderne\" src=\"https:\/\/i-luminate.de\/wp-content\/uploads\/2026\/03\/i-luminate-cuisine-design-placage-vitrine-verre-eclairage.webp\" data-orig-src=\"https:\/\/i-luminate.de\/wp-content\/uploads\/2026\/03\/i-luminate-cuisine-design-placage-vitrine-verre-eclairage.webp\" class=\"lazyload img-responsive wp-image-11832\" srcset=\"data:image\/svg+xml,%3Csvg%20xmlns%3D%27http%3A%2F%2Fwww.w3.org%2F2000%2Fsvg%27%20width%3D%271500%27%20height%3D%271000%27%20viewBox%3D%270%200%201500%201000%27%3E%3Crect%20width%3D%271500%27%20height%3D%271000%27%20fill-opacity%3D%220%22%2F%3E%3C%2Fsvg%3E\" data-srcset=\"https:\/\/i-luminate.de\/wp-content\/uploads\/2026\/03\/i-luminate-cuisine-design-placage-vitrine-verre-eclairage-200x133.webp 200w, https:\/\/i-luminate.de\/wp-content\/uploads\/2026\/03\/i-luminate-cuisine-design-placage-vitrine-verre-eclairage-400x267.webp 400w, https:\/\/i-luminate.de\/wp-content\/uploads\/2026\/03\/i-luminate-cuisine-design-placage-vitrine-verre-eclairage-600x400.webp 600w, https:\/\/i-luminate.de\/wp-content\/uploads\/2026\/03\/i-luminate-cuisine-design-placage-vitrine-verre-eclairage-800x533.webp 800w, https:\/\/i-luminate.de\/wp-content\/uploads\/2026\/03\/i-luminate-cuisine-design-placage-vitrine-verre-eclairage-1200x800.webp 1200w, https:\/\/i-luminate.de\/wp-content\/uploads\/2026\/03\/i-luminate-cuisine-design-placage-vitrine-verre-eclairage.webp 1500w\" data-sizes=\"auto\" data-orig-sizes=\"(max-width: 1024px) 100vw, (max-width: 640px) 100vw, 1500px\"><\/span><\/div><div class=\"fusion-separator fusion-full-width-sep\" style=\"align-self: center;margin-left: auto;margin-right: auto;margin-top:40px;width:100%;\"><\/div><\/div><\/div><div class=\"fusion-layout-column fusion_builder_column fusion-builder-column-2 fusion_builder_column_5_6 5_6 fusion-flex-column\" style=\"--awb-padding-left:25px;--awb-bg-size:cover;--awb-border-color:var(--awb-color4);--awb-border-left:2px;--awb-border-style:solid;--awb-width-large:83.333333333333%;--awb-margin-top-large:-40px;--awb-spacing-right-large:2.304%;--awb-margin-bottom-large:25px;--awb-spacing-left-large:2.304%;--awb-width-medium:100%;--awb-order-medium:0;--awb-spacing-right-medium:1.92%;--awb-spacing-left-medium:1.92%;--awb-width-small:100%;--awb-order-small:0;--awb-spacing-right-small:1.92%;--awb-spacing-left-small:1.92%;\" data-scroll-devices=\"small-visibility,medium-visibility,large-visibility\"><div class=\"fusion-column-wrapper fusion-column-has-shadow fusion-flex-justify-content-flex-start fusion-content-layout-column\"><div class=\"fusion-separator fusion-full-width-sep\" style=\"align-self: center;margin-left: auto;margin-right: auto;margin-top:25px;width:100%;\"><\/div><div class=\"fusion-text fusion-text-3\"><h4><strong>Point fort de la cuisine design&nbsp;:<\/strong><\/h4>\n<p>Le con\u00adcept d\u2019\u00e9clairage int\u00e9\u00adgr\u00e9 mar\u00adque toute la plan\u00adi\u00adfi\u00adca\u00adtion. <a href=\"https:\/\/i-luminate.de\/fr\/details-cuisine\/\">Le pro\u00adfil de poign\u00e9e brevet\u00e9 i\u2011luminate<sup>\u00ae<\/sup><\/a> guide la lumi\u00e8re comme une ligne fine \u00e0 tra\u00advers la cui\u00adsine. Il cr\u00e9e une struc\u00adture archi\u00adtec\u00adturale claire, met en valeur les mat\u00e9ri\u00adaux et ajoute de la pro\u00adfondeur. L\u2019ambiance lumineuse s\u2019adapte \u00e0 chaque moment. Douce et chaude le soir. Plus claire et plus froide pen\u00addant la pr\u00e9\u00adpa\u00adra\u00adtion des&nbsp;repas.<\/p>\n<p>Le plan de tra\u00advail en c\u00e9ramique se pro\u00adlonge jusqu\u2019\u00e0 la cr\u00e9\u00addence, cr\u00e9ant une sur\u00adface con\u00adtin\u00adue. Les tran\u00adsi\u00adtions s\u2019effacent et les mat\u00e9ri\u00adaux sem\u00adblent d\u2019un seul ten\u00adant. La cui\u00adsine ouverte devient ain\u00adsi le cen\u00adtre de la mai\u00adson. Un lieu de ren\u00adcon\u00adtre. Un lieu o\u00f9 l\u2019on arrive.<\/p>\n<p>Cette cui\u00adsine design i\u2011luminate<sup>\u00ae <\/sup>asso\u00adcie mati\u00e8re, lumi\u00e8re et archi\u00adtec\u00adture pour une atmo\u00adsph\u00e8re qui touche. Vraie et claire.<\/p>\n<p>Pro\u00adjet con\u00e7u et mon\u00adt\u00e9&nbsp;par&nbsp;:<br>\nAu Four keukens<br>\n+31 (0)45 528&nbsp;4050<br>\n<a href=\"http:\/\/www.aufour.nl\">www.aufour.nl<\/a><\/p>\n<\/div><\/div><\/div><div class=\"fusion-layout-column fusion_builder_column fusion-builder-column-3 fusion_builder_column_1_1 1_1 fusion-flex-column\" style=\"--awb-bg-size:cover;--awb-width-large:100%;--awb-margin-top-large:-40px;--awb-spacing-right-large:1.92%;--awb-margin-bottom-large:25px;--awb-spacing-left-large:1.92%;--awb-width-medium:100%;--awb-order-medium:0;--awb-spacing-right-medium:1.92%;--awb-spacing-left-medium:1.92%;--awb-width-small:100%;--awb-order-small:0;--awb-spacing-right-small:1.92%;--awb-spacing-left-small:1.92%;\" data-scroll-devices=\"small-visibility,medium-visibility,large-visibility\"><div class=\"fusion-column-wrapper fusion-column-has-shadow fusion-flex-justify-content-flex-start fusion-content-layout-column\"><div class=\"fusion-separator fusion-full-width-sep\" style=\"align-self: center;margin-left: auto;margin-right: auto;margin-top:40px;width:100%;\"><\/div><div class=\"awb-gallery-wrapper awb-gallery-wrapper-1 button-span-no\" style=\"--more-btn-alignment:center;\"><div style=\"margin:-5px;--awb-bordersize:0px;\" class=\"fusion-gallery fusion-gallery-container fusion-grid-2 fusion-columns-total-8 fusion-gallery-layout-grid fusion-gallery-1\"><div style=\"padding:5px;\" class=\"fusion-grid-column fusion-gallery-column fusion-gallery-column-2 hover-type-none\"><div class=\"fusion-gallery-image\"><img decoding=\"async\" src=\"https:\/\/i-luminate.de\/wp-content\/uploads\/2026\/03\/i-luminate-cuisine-design-ilot-cuisine-profil-lumineux.webp\" data-orig-src=\"https:\/\/i-luminate.de\/wp-content\/uploads\/2026\/03\/i-luminate-cuisine-design-ilot-cuisine-profil-lumineux.webp\" width=\"1500\" height=\"1000\" alt=\"\u00celot de cuisine i-luminate\u00ae avec profil lumineux continu et plan de travail en marbre\" title aria-label class=\"lazyload img-responsive wp-image-11824\" srcset=\"data:image\/svg+xml,%3Csvg%20xmlns%3D%27http%3A%2F%2Fwww.w3.org%2F2000%2Fsvg%27%20width%3D%271500%27%20height%3D%271000%27%20viewBox%3D%270%200%201500%201000%27%3E%3Crect%20width%3D%271500%27%20height%3D%271000%27%20fill-opacity%3D%220%22%2F%3E%3C%2Fsvg%3E\" data-srcset=\"https:\/\/i-luminate.de\/wp-content\/uploads\/2026\/03\/i-luminate-cuisine-design-ilot-cuisine-profil-lumineux-200x133.webp 200w, https:\/\/i-luminate.de\/wp-content\/uploads\/2026\/03\/i-luminate-cuisine-design-ilot-cuisine-profil-lumineux-400x267.webp 400w, https:\/\/i-luminate.de\/wp-content\/uploads\/2026\/03\/i-luminate-cuisine-design-ilot-cuisine-profil-lumineux-600x400.webp 600w, https:\/\/i-luminate.de\/wp-content\/uploads\/2026\/03\/i-luminate-cuisine-design-ilot-cuisine-profil-lumineux-800x533.webp 800w, https:\/\/i-luminate.de\/wp-content\/uploads\/2026\/03\/i-luminate-cuisine-design-ilot-cuisine-profil-lumineux-1200x800.webp 1200w, https:\/\/i-luminate.de\/wp-content\/uploads\/2026\/03\/i-luminate-cuisine-design-ilot-cuisine-profil-lumineux.webp 1500w\" data-sizes=\"auto\" data-orig-sizes=\"(min-width: 2200px) 100vw, (min-width: 912px) 633px, (min-width: 840px) 912px, \"><\/div><\/div><div style=\"padding:5px;\" class=\"fusion-grid-column fusion-gallery-column fusion-gallery-column-2 hover-type-none\"><div class=\"fusion-gallery-image\"><img decoding=\"async\" src=\"https:\/\/i-luminate.de\/wp-content\/uploads\/2026\/03\/i-luminate-cuisine-design-credence-niche-decoration.webp\" data-orig-src=\"https:\/\/i-luminate.de\/wp-content\/uploads\/2026\/03\/i-luminate-cuisine-design-credence-niche-decoration.webp\" width=\"1500\" height=\"1000\" alt=\"Cuisine design i-luminate\u00ae avec cr\u00e9dence en marbre et niche d\u00e9corative \u00e9clair\u00e9e\" title aria-label class=\"lazyload img-responsive wp-image-11812\" srcset=\"data:image\/svg+xml,%3Csvg%20xmlns%3D%27http%3A%2F%2Fwww.w3.org%2F2000%2Fsvg%27%20width%3D%271500%27%20height%3D%271000%27%20viewBox%3D%270%200%201500%201000%27%3E%3Crect%20width%3D%271500%27%20height%3D%271000%27%20fill-opacity%3D%220%22%2F%3E%3C%2Fsvg%3E\" data-srcset=\"https:\/\/i-luminate.de\/wp-content\/uploads\/2026\/03\/i-luminate-cuisine-design-credence-niche-decoration-200x133.webp 200w, https:\/\/i-luminate.de\/wp-content\/uploads\/2026\/03\/i-luminate-cuisine-design-credence-niche-decoration-400x267.webp 400w, https:\/\/i-luminate.de\/wp-content\/uploads\/2026\/03\/i-luminate-cuisine-design-credence-niche-decoration-600x400.webp 600w, https:\/\/i-luminate.de\/wp-content\/uploads\/2026\/03\/i-luminate-cuisine-design-credence-niche-decoration-800x533.webp 800w, https:\/\/i-luminate.de\/wp-content\/uploads\/2026\/03\/i-luminate-cuisine-design-credence-niche-decoration-1200x800.webp 1200w, https:\/\/i-luminate.de\/wp-content\/uploads\/2026\/03\/i-luminate-cuisine-design-credence-niche-decoration.webp 1500w\" data-sizes=\"auto\" data-orig-sizes=\"(min-width: 2200px) 100vw, (min-width: 912px) 633px, (min-width: 840px) 912px, \"><\/div><\/div><div class=\"clearfix\"><\/div><div style=\"padding:5px;\" class=\"fusion-grid-column fusion-gallery-column fusion-gallery-column-2 hover-type-none\"><div class=\"fusion-gallery-image\"><img decoding=\"async\" src=\"https:\/\/i-luminate.de\/wp-content\/uploads\/2026\/03\/i-luminate-cuisine-design-noyer-vitrine-eclairage-cuisine.webp\" data-orig-src=\"https:\/\/i-luminate.de\/wp-content\/uploads\/2026\/03\/i-luminate-cuisine-design-noyer-vitrine-eclairage-cuisine.webp\" width=\"1500\" height=\"2250\" alt=\"Vitrine en placage bois i-luminate\u00ae avec \u00e9clairage LED int\u00e9gr\u00e9 comme \u00e9l\u00e9ment design\" title aria-label class=\"lazyload img-responsive wp-image-11836\" srcset=\"data:image\/svg+xml,%3Csvg%20xmlns%3D%27http%3A%2F%2Fwww.w3.org%2F2000%2Fsvg%27%20width%3D%271500%27%20height%3D%272250%27%20viewBox%3D%270%200%201500%202250%27%3E%3Crect%20width%3D%271500%27%20height%3D%272250%27%20fill-opacity%3D%220%22%2F%3E%3C%2Fsvg%3E\" data-srcset=\"https:\/\/i-luminate.de\/wp-content\/uploads\/2026\/03\/i-luminate-cuisine-design-noyer-vitrine-eclairage-cuisine-200x300.webp 200w, https:\/\/i-luminate.de\/wp-content\/uploads\/2026\/03\/i-luminate-cuisine-design-noyer-vitrine-eclairage-cuisine-400x600.webp 400w, https:\/\/i-luminate.de\/wp-content\/uploads\/2026\/03\/i-luminate-cuisine-design-noyer-vitrine-eclairage-cuisine-600x900.webp 600w, https:\/\/i-luminate.de\/wp-content\/uploads\/2026\/03\/i-luminate-cuisine-design-noyer-vitrine-eclairage-cuisine-800x1200.webp 800w, https:\/\/i-luminate.de\/wp-content\/uploads\/2026\/03\/i-luminate-cuisine-design-noyer-vitrine-eclairage-cuisine-1200x1800.webp 1200w, https:\/\/i-luminate.de\/wp-content\/uploads\/2026\/03\/i-luminate-cuisine-design-noyer-vitrine-eclairage-cuisine.webp 1500w\" data-sizes=\"auto\" data-orig-sizes=\"(min-width: 2200px) 100vw, (min-width: 912px) 633px, (min-width: 840px) 912px, \"><\/div><\/div><div style=\"padding:5px;\" class=\"fusion-grid-column fusion-gallery-column fusion-gallery-column-2 hover-type-none\"><div class=\"fusion-gallery-image\"><img decoding=\"async\" src=\"https:\/\/i-luminate.de\/wp-content\/uploads\/2026\/03\/i-luminate-cuisine-design-noyer-vitrine-verre-eclairage.webp\" data-orig-src=\"https:\/\/i-luminate.de\/wp-content\/uploads\/2026\/03\/i-luminate-cuisine-design-noyer-vitrine-verre-eclairage.webp\" width=\"1500\" height=\"2250\" alt=\"Vitrine en noyer i-luminate\u00ae avec \u00e9tag\u00e8res en verre et \u00e9clairage LED int\u00e9gr\u00e9\" title aria-label class=\"lazyload img-responsive wp-image-11816\" srcset=\"data:image\/svg+xml,%3Csvg%20xmlns%3D%27http%3A%2F%2Fwww.w3.org%2F2000%2Fsvg%27%20width%3D%271500%27%20height%3D%272250%27%20viewBox%3D%270%200%201500%202250%27%3E%3Crect%20width%3D%271500%27%20height%3D%272250%27%20fill-opacity%3D%220%22%2F%3E%3C%2Fsvg%3E\" data-srcset=\"https:\/\/i-luminate.de\/wp-content\/uploads\/2026\/03\/i-luminate-cuisine-design-noyer-vitrine-verre-eclairage-200x300.webp 200w, https:\/\/i-luminate.de\/wp-content\/uploads\/2026\/03\/i-luminate-cuisine-design-noyer-vitrine-verre-eclairage-400x600.webp 400w, https:\/\/i-luminate.de\/wp-content\/uploads\/2026\/03\/i-luminate-cuisine-design-noyer-vitrine-verre-eclairage-600x900.webp 600w, https:\/\/i-luminate.de\/wp-content\/uploads\/2026\/03\/i-luminate-cuisine-design-noyer-vitrine-verre-eclairage-800x1200.webp 800w, https:\/\/i-luminate.de\/wp-content\/uploads\/2026\/03\/i-luminate-cuisine-design-noyer-vitrine-verre-eclairage-1200x1800.webp 1200w, https:\/\/i-luminate.de\/wp-content\/uploads\/2026\/03\/i-luminate-cuisine-design-noyer-vitrine-verre-eclairage.webp 1500w\" data-sizes=\"auto\" data-orig-sizes=\"(min-width: 2200px) 100vw, (min-width: 912px) 633px, (min-width: 840px) 912px, \"><\/div><\/div><div class=\"clearfix\"><\/div><div style=\"padding:5px;\" class=\"fusion-grid-column fusion-gallery-column fusion-gallery-column-2 hover-type-none\"><div class=\"fusion-gallery-image\"><img decoding=\"async\" src=\"https:\/\/i-luminate.de\/wp-content\/uploads\/2026\/03\/i-luminate-cuisine-design-plan-de-travail-marbre-eclairage-cuisine-eclairage-poignee.webp\" data-orig-src=\"https:\/\/i-luminate.de\/wp-content\/uploads\/2026\/03\/i-luminate-cuisine-design-plan-de-travail-marbre-eclairage-cuisine-eclairage-poignee.webp\" width=\"1500\" height=\"2250\" alt=\"Cuisine design i-luminate\u00ae avec plan de travail en marbre et \u00e9clairage LED int\u00e9gr\u00e9 dans la poign\u00e9e\" title aria-label class=\"lazyload img-responsive wp-image-11808\" srcset=\"data:image\/svg+xml,%3Csvg%20xmlns%3D%27http%3A%2F%2Fwww.w3.org%2F2000%2Fsvg%27%20width%3D%271500%27%20height%3D%272250%27%20viewBox%3D%270%200%201500%202250%27%3E%3Crect%20width%3D%271500%27%20height%3D%272250%27%20fill-opacity%3D%220%22%2F%3E%3C%2Fsvg%3E\" data-srcset=\"https:\/\/i-luminate.de\/wp-content\/uploads\/2026\/03\/i-luminate-cuisine-design-plan-de-travail-marbre-eclairage-cuisine-eclairage-poignee-200x300.webp 200w, https:\/\/i-luminate.de\/wp-content\/uploads\/2026\/03\/i-luminate-cuisine-design-plan-de-travail-marbre-eclairage-cuisine-eclairage-poignee-400x600.webp 400w, https:\/\/i-luminate.de\/wp-content\/uploads\/2026\/03\/i-luminate-cuisine-design-plan-de-travail-marbre-eclairage-cuisine-eclairage-poignee-600x900.webp 600w, https:\/\/i-luminate.de\/wp-content\/uploads\/2026\/03\/i-luminate-cuisine-design-plan-de-travail-marbre-eclairage-cuisine-eclairage-poignee-800x1200.webp 800w, https:\/\/i-luminate.de\/wp-content\/uploads\/2026\/03\/i-luminate-cuisine-design-plan-de-travail-marbre-eclairage-cuisine-eclairage-poignee-1200x1800.webp 1200w, https:\/\/i-luminate.de\/wp-content\/uploads\/2026\/03\/i-luminate-cuisine-design-plan-de-travail-marbre-eclairage-cuisine-eclairage-poignee.webp 1500w\" data-sizes=\"auto\" data-orig-sizes=\"(min-width: 2200px) 100vw, (min-width: 912px) 633px, (min-width: 840px) 912px, \"><\/div><\/div><div style=\"padding:5px;\" class=\"fusion-grid-column fusion-gallery-column fusion-gallery-column-2 hover-type-none\"><div class=\"fusion-gallery-image\"><img decoding=\"async\" src=\"https:\/\/i-luminate.de\/wp-content\/uploads\/2026\/03\/i-luminate-cuisine-design-lamelles-bois-colonne-four-siemens-integre.webp\" data-orig-src=\"https:\/\/i-luminate.de\/wp-content\/uploads\/2026\/03\/i-luminate-cuisine-design-lamelles-bois-colonne-four-siemens-integre.webp\" width=\"1500\" height=\"1000\" alt=\"Cuisine design i-luminate\u00ae avec colonne en lamelles de bois et four Siemens int\u00e9gr\u00e9\" title aria-label class=\"lazyload img-responsive wp-image-11800\" srcset=\"data:image\/svg+xml,%3Csvg%20xmlns%3D%27http%3A%2F%2Fwww.w3.org%2F2000%2Fsvg%27%20width%3D%271500%27%20height%3D%271000%27%20viewBox%3D%270%200%201500%201000%27%3E%3Crect%20width%3D%271500%27%20height%3D%271000%27%20fill-opacity%3D%220%22%2F%3E%3C%2Fsvg%3E\" data-srcset=\"https:\/\/i-luminate.de\/wp-content\/uploads\/2026\/03\/i-luminate-cuisine-design-lamelles-bois-colonne-four-siemens-integre-200x133.webp 200w, https:\/\/i-luminate.de\/wp-content\/uploads\/2026\/03\/i-luminate-cuisine-design-lamelles-bois-colonne-four-siemens-integre-400x267.webp 400w, https:\/\/i-luminate.de\/wp-content\/uploads\/2026\/03\/i-luminate-cuisine-design-lamelles-bois-colonne-four-siemens-integre-600x400.webp 600w, https:\/\/i-luminate.de\/wp-content\/uploads\/2026\/03\/i-luminate-cuisine-design-lamelles-bois-colonne-four-siemens-integre-800x533.webp 800w, https:\/\/i-luminate.de\/wp-content\/uploads\/2026\/03\/i-luminate-cuisine-design-lamelles-bois-colonne-four-siemens-integre-1200x800.webp 1200w, https:\/\/i-luminate.de\/wp-content\/uploads\/2026\/03\/i-luminate-cuisine-design-lamelles-bois-colonne-four-siemens-integre.webp 1500w\" data-sizes=\"auto\" data-orig-sizes=\"(min-width: 2200px) 100vw, (min-width: 912px) 633px, (min-width: 840px) 912px, \"><\/div><\/div><div class=\"clearfix\"><\/div><div style=\"padding:5px;\" class=\"fusion-grid-column fusion-gallery-column fusion-gallery-column-2 hover-type-none\"><div class=\"fusion-gallery-image\"><img decoding=\"async\" src=\"https:\/\/i-luminate.de\/wp-content\/uploads\/2026\/03\/i-luminate-cuisine-design-sans-poignee-eclairage.webp\" data-orig-src=\"https:\/\/i-luminate.de\/wp-content\/uploads\/2026\/03\/i-luminate-cuisine-design-sans-poignee-eclairage.webp\" width=\"1500\" height=\"2250\" alt=\"Cuisine design i-luminate\u00ae sans poign\u00e9es avec \u00e9clairage LED int\u00e9gr\u00e9\" title aria-label class=\"lazyload img-responsive wp-image-11804\" srcset=\"data:image\/svg+xml,%3Csvg%20xmlns%3D%27http%3A%2F%2Fwww.w3.org%2F2000%2Fsvg%27%20width%3D%271500%27%20height%3D%272250%27%20viewBox%3D%270%200%201500%202250%27%3E%3Crect%20width%3D%271500%27%20height%3D%272250%27%20fill-opacity%3D%220%22%2F%3E%3C%2Fsvg%3E\" data-srcset=\"https:\/\/i-luminate.de\/wp-content\/uploads\/2026\/03\/i-luminate-cuisine-design-sans-poignee-eclairage-200x300.webp 200w, https:\/\/i-luminate.de\/wp-content\/uploads\/2026\/03\/i-luminate-cuisine-design-sans-poignee-eclairage-400x600.webp 400w, https:\/\/i-luminate.de\/wp-content\/uploads\/2026\/03\/i-luminate-cuisine-design-sans-poignee-eclairage-600x900.webp 600w, https:\/\/i-luminate.de\/wp-content\/uploads\/2026\/03\/i-luminate-cuisine-design-sans-poignee-eclairage-800x1200.webp 800w, https:\/\/i-luminate.de\/wp-content\/uploads\/2026\/03\/i-luminate-cuisine-design-sans-poignee-eclairage-1200x1800.webp 1200w, https:\/\/i-luminate.de\/wp-content\/uploads\/2026\/03\/i-luminate-cuisine-design-sans-poignee-eclairage.webp 1500w\" data-sizes=\"auto\" data-orig-sizes=\"(min-width: 2200px) 100vw, (min-width: 912px) 633px, (min-width: 840px) 912px, \"><\/div><\/div><div style=\"padding:5px;\" class=\"fusion-grid-column fusion-gallery-column fusion-gallery-column-2 hover-type-none\"><div class=\"fusion-gallery-image\"><img decoding=\"async\" src=\"https:\/\/i-luminate.de\/wp-content\/uploads\/2026\/03\/i-luminate-cuisine-design-facade-bois-eclairage-cuisine-poignee-lumineuse.webp\" data-orig-src=\"https:\/\/i-luminate.de\/wp-content\/uploads\/2026\/03\/i-luminate-cuisine-design-facade-bois-eclairage-cuisine-poignee-lumineuse.webp\" width=\"1500\" height=\"1000\" alt=\"Fa\u00e7ade en bois i-luminate\u00ae avec poign\u00e9e lumineuse et \u00e9clairage d\u2019ambiance int\u00e9gr\u00e9\" title aria-label class=\"lazyload img-responsive wp-image-11820\" srcset=\"data:image\/svg+xml,%3Csvg%20xmlns%3D%27http%3A%2F%2Fwww.w3.org%2F2000%2Fsvg%27%20width%3D%271500%27%20height%3D%271000%27%20viewBox%3D%270%200%201500%201000%27%3E%3Crect%20width%3D%271500%27%20height%3D%271000%27%20fill-opacity%3D%220%22%2F%3E%3C%2Fsvg%3E\" data-srcset=\"https:\/\/i-luminate.de\/wp-content\/uploads\/2026\/03\/i-luminate-cuisine-design-facade-bois-eclairage-cuisine-poignee-lumineuse-200x133.webp 200w, https:\/\/i-luminate.de\/wp-content\/uploads\/2026\/03\/i-luminate-cuisine-design-facade-bois-eclairage-cuisine-poignee-lumineuse-400x267.webp 400w, https:\/\/i-luminate.de\/wp-content\/uploads\/2026\/03\/i-luminate-cuisine-design-facade-bois-eclairage-cuisine-poignee-lumineuse-600x400.webp 600w, https:\/\/i-luminate.de\/wp-content\/uploads\/2026\/03\/i-luminate-cuisine-design-facade-bois-eclairage-cuisine-poignee-lumineuse-800x533.webp 800w, https:\/\/i-luminate.de\/wp-content\/uploads\/2026\/03\/i-luminate-cuisine-design-facade-bois-eclairage-cuisine-poignee-lumineuse-1200x800.webp 1200w, https:\/\/i-luminate.de\/wp-content\/uploads\/2026\/03\/i-luminate-cuisine-design-facade-bois-eclairage-cuisine-poignee-lumineuse.webp 1500w\" data-sizes=\"auto\" data-orig-sizes=\"(min-width: 2200px) 100vw, (min-width: 912px) 633px, (min-width: 840px) 912px, \"><\/div><\/div><div class=\"clearfix\"><\/div><\/div><\/div><div class=\"fusion-separator fusion-full-width-sep\" style=\"align-self: center;margin-left: auto;margin-right: auto;margin-top:50px;width:100%;\"><\/div><div style=\"text-align:center;\"><a class=\"fusion-button button-flat button-large button-custom fusion-button-default button-1 fusion-button-default-span fusion-button-default-type custom-button-hover-black\" style=\"--button_accent_color:var(--awb-color4);--button_accent_hover_color:var(--awb-color1);--button_border_hover_color:var(--awb-color4);--button_gradient_top_color:rgba(0,0,0,0);--button_gradient_bottom_color:rgba(0,0,0,0);--button_gradient_top_color_hover:rgba(0,0,0,0);--button_gradient_bottom_color_hover:rgba(0,0,0,0);\" target=\"_self\" href=\"javascript:history.back()\"><span class=\"fusion-button-text awb-button__text awb-button__text--default\">RETOUR<\/span><\/a><\/div><\/div><\/div><\/div><\/div>\n","protected":false},"excerpt":{"rendered":"","protected":false},"author":7,"featured_media":11828,"menu_order":0,"comment_status":"closed","ping_status":"closed","template":"","format":"standard","meta":{"wp_typography_post_enhancements_disabled":false,"footnotes":""},"portfolio_category":[164,163],"portfolio_skills":[],"portfolio_tags":[],"class_list":["post-11839","avada_portfolio","type-avada_portfolio","status-publish","format-standard","has-post-thumbnail","hentry","portfolio_category-clair","portfolio_category-fonce"],"yoast_head":"<!-- This site is optimized with the Yoast SEO Premium plugin v27.3 (Yoast SEO v27.3) - https:\/\/yoast.com\/product\/yoast-seo-premium-wordpress\/ -->\n<title>Cuisine design noyer et fa\u00e7ades fonc\u00e9es | i-luminate<\/title>\n<meta name=\"description\" content=\"Cuisine design en noyer et fa\u00e7ades fonc\u00e9es. \u00c9clairage int\u00e9gr\u00e9, lignes claires et atmosph\u00e8re chaleureuse pour une cuisine ouverte de caract\u00e8re\" \/>\n<meta name=\"robots\" content=\"index, follow, max-snippet:-1, max-image-preview:large, max-video-preview:-1\" \/>\n<link rel=\"canonical\" href=\"https:\/\/i-luminate.de\/fr\/project\/cuisine-design-noyer-facades-foncees\/\" \/>\n<meta property=\"og:locale\" content=\"fr_FR\" \/>\n<meta property=\"og:type\" content=\"article\" \/>\n<meta property=\"og:title\" content=\"CUISINE DESIGN \u00c9L\u00c9GANTE EN NOYER ET BLEU FONC\u00c9\" \/>\n<meta property=\"og:description\" content=\"Cuisine design en noyer et fa\u00e7ades fonc\u00e9es. \u00c9clairage int\u00e9gr\u00e9, lignes claires et atmosph\u00e8re chaleureuse pour une cuisine ouverte de caract\u00e8re\" \/>\n<meta property=\"og:url\" content=\"https:\/\/i-luminate.de\/fr\/project\/cuisine-design-noyer-facades-foncees\/\" \/>\n<meta property=\"og:site_name\" content=\"i-luminate\" \/>\n<meta property=\"article:publisher\" content=\"https:\/\/www.facebook.com\/iluminate.lightupyourkitchen\/\" \/>\n<meta property=\"article:modified_time\" content=\"2026-03-03T10:57:37+00:00\" \/>\n<meta property=\"og:image\" content=\"https:\/\/i-luminate.de\/wp-content\/uploads\/2026\/03\/i-luminate-cuisine-design-placage-vitrine-verre-eclairage-beleuchtung-beitrag.webp\" \/>\n\t<meta property=\"og:image:width\" content=\"1333\" \/>\n\t<meta property=\"og:image:height\" content=\"1000\" \/>\n\t<meta property=\"og:image:type\" content=\"image\/webp\" \/>\n<meta name=\"twitter:card\" content=\"summary_large_image\" \/>\n<meta name=\"twitter:label1\" content=\"Dur\u00e9e de lecture estim\u00e9e\" \/>\n\t<meta name=\"twitter:data1\" content=\"5 minutes\" \/>\n<script type=\"application\/ld+json\" class=\"yoast-schema-graph\">{\"@context\":\"https:\\\/\\\/schema.org\",\"@graph\":[{\"@type\":\"WebPage\",\"@id\":\"https:\\\/\\\/i-luminate.de\\\/fr\\\/project\\\/cuisine-design-noyer-facades-foncees\\\/\",\"url\":\"https:\\\/\\\/i-luminate.de\\\/fr\\\/project\\\/cuisine-design-noyer-facades-foncees\\\/\",\"name\":\"Cuisine design noyer et fa\u00e7ades fonc\u00e9es | i-luminate\",\"isPartOf\":{\"@id\":\"https:\\\/\\\/i-luminate.de\\\/fr\\\/#website\"},\"primaryImageOfPage\":{\"@id\":\"https:\\\/\\\/i-luminate.de\\\/fr\\\/project\\\/cuisine-design-noyer-facades-foncees\\\/#primaryimage\"},\"image\":{\"@id\":\"https:\\\/\\\/i-luminate.de\\\/fr\\\/project\\\/cuisine-design-noyer-facades-foncees\\\/#primaryimage\"},\"thumbnailUrl\":\"https:\\\/\\\/i-luminate.de\\\/wp-content\\\/uploads\\\/2026\\\/03\\\/i-luminate-cuisine-design-placage-vitrine-verre-eclairage-beleuchtung-beitrag.webp\",\"datePublished\":\"2026-03-03T09:46:51+00:00\",\"dateModified\":\"2026-03-03T10:57:37+00:00\",\"description\":\"Cuisine design en noyer et fa\u00e7ades fonc\u00e9es. \u00c9clairage int\u00e9gr\u00e9, lignes claires et atmosph\u00e8re chaleureuse pour une cuisine ouverte de caract\u00e8re\",\"breadcrumb\":{\"@id\":\"https:\\\/\\\/i-luminate.de\\\/fr\\\/project\\\/cuisine-design-noyer-facades-foncees\\\/#breadcrumb\"},\"inLanguage\":\"fr-FR\",\"potentialAction\":[{\"@type\":\"ReadAction\",\"target\":[\"https:\\\/\\\/i-luminate.de\\\/fr\\\/project\\\/cuisine-design-noyer-facades-foncees\\\/\"]}]},{\"@type\":\"ImageObject\",\"inLanguage\":\"fr-FR\",\"@id\":\"https:\\\/\\\/i-luminate.de\\\/fr\\\/project\\\/cuisine-design-noyer-facades-foncees\\\/#primaryimage\",\"url\":\"https:\\\/\\\/i-luminate.de\\\/wp-content\\\/uploads\\\/2026\\\/03\\\/i-luminate-cuisine-design-placage-vitrine-verre-eclairage-beleuchtung-beitrag.webp\",\"contentUrl\":\"https:\\\/\\\/i-luminate.de\\\/wp-content\\\/uploads\\\/2026\\\/03\\\/i-luminate-cuisine-design-placage-vitrine-verre-eclairage-beleuchtung-beitrag.webp\",\"width\":1333,\"height\":1000,\"caption\":\"Vitrine en placage bois i-luminate\u00ae avec \u00e9clairage LED int\u00e9gr\u00e9 comme \u00e9l\u00e9ment design\"},{\"@type\":\"BreadcrumbList\",\"@id\":\"https:\\\/\\\/i-luminate.de\\\/fr\\\/project\\\/cuisine-design-noyer-facades-foncees\\\/#breadcrumb\",\"itemListElement\":[{\"@type\":\"ListItem\",\"position\":1,\"name\":\"Startseite\",\"item\":\"https:\\\/\\\/i-luminate.de\\\/fr\\\/\"},{\"@type\":\"ListItem\",\"position\":2,\"name\":\"Portfolio\",\"item\":\"https:\\\/\\\/i-luminate.de\\\/fr\\\/project\\\/\"},{\"@type\":\"ListItem\",\"position\":3,\"name\":\"CUISINE DESIGN \u00c9L\u00c9GANTE EN NOYER ET BLEU FONC\u00c9\"}]},{\"@type\":\"WebSite\",\"@id\":\"https:\\\/\\\/i-luminate.de\\\/fr\\\/#website\",\"url\":\"https:\\\/\\\/i-luminate.de\\\/fr\\\/\",\"name\":\"i-luminate\",\"description\":\"Your supreme kitchen\",\"publisher\":{\"@id\":\"https:\\\/\\\/i-luminate.de\\\/fr\\\/#organization\"},\"potentialAction\":[{\"@type\":\"SearchAction\",\"target\":{\"@type\":\"EntryPoint\",\"urlTemplate\":\"https:\\\/\\\/i-luminate.de\\\/fr\\\/?s={search_term_string}\"},\"query-input\":{\"@type\":\"PropertyValueSpecification\",\"valueRequired\":true,\"valueName\":\"search_term_string\"}}],\"inLanguage\":\"fr-FR\"},{\"@type\":\"Organization\",\"@id\":\"https:\\\/\\\/i-luminate.de\\\/fr\\\/#organization\",\"name\":\"i-luminate\",\"url\":\"https:\\\/\\\/i-luminate.de\\\/fr\\\/\",\"logo\":{\"@type\":\"ImageObject\",\"inLanguage\":\"fr-FR\",\"@id\":\"https:\\\/\\\/i-luminate.de\\\/fr\\\/#\\\/schema\\\/logo\\\/image\\\/\",\"url\":\"https:\\\/\\\/i-luminate.de\\\/wp-content\\\/uploads\\\/2023\\\/08\\\/illuminate-Logo-schwarz.png\",\"contentUrl\":\"https:\\\/\\\/i-luminate.de\\\/wp-content\\\/uploads\\\/2023\\\/08\\\/illuminate-Logo-schwarz.png\",\"width\":979,\"height\":208,\"caption\":\"i-luminate\"},\"image\":{\"@id\":\"https:\\\/\\\/i-luminate.de\\\/fr\\\/#\\\/schema\\\/logo\\\/image\\\/\"},\"sameAs\":[\"https:\\\/\\\/www.facebook.com\\\/iluminate.lightupyourkitchen\\\/\",\"https:\\\/\\\/www.instagram.com\\\/iluminate_lightupyourkitchen\\\/?hl=de\"]}]}<\/script>\n<!-- \/ Yoast SEO Premium plugin. -->","yoast_head_json":{"title":"Cuisine design noyer et fa\u00e7ades fonc\u00e9es | i-luminate","description":"Cuisine design en noyer et fa\u00e7ades fonc\u00e9es. \u00c9clairage int\u00e9gr\u00e9, lignes claires et atmosph\u00e8re chaleureuse pour une cuisine ouverte de caract\u00e8re","robots":{"index":"index","follow":"follow","max-snippet":"max-snippet:-1","max-image-preview":"max-image-preview:large","max-video-preview":"max-video-preview:-1"},"canonical":"https:\/\/i-luminate.de\/fr\/project\/cuisine-design-noyer-facades-foncees\/","og_locale":"fr_FR","og_type":"article","og_title":"CUISINE DESIGN \u00c9L\u00c9GANTE EN NOYER ET BLEU FONC\u00c9","og_description":"Cuisine design en noyer et fa\u00e7ades fonc\u00e9es. \u00c9clairage int\u00e9gr\u00e9, lignes claires et atmosph\u00e8re chaleureuse pour une cuisine ouverte de caract\u00e8re","og_url":"https:\/\/i-luminate.de\/fr\/project\/cuisine-design-noyer-facades-foncees\/","og_site_name":"i-luminate","article_publisher":"https:\/\/www.facebook.com\/iluminate.lightupyourkitchen\/","article_modified_time":"2026-03-03T10:57:37+00:00","og_image":[{"width":1333,"height":1000,"url":"https:\/\/i-luminate.de\/wp-content\/uploads\/2026\/03\/i-luminate-cuisine-design-placage-vitrine-verre-eclairage-beleuchtung-beitrag.webp","type":"image\/webp"}],"twitter_card":"summary_large_image","twitter_misc":{"Dur\u00e9e de lecture estim\u00e9e":"5 minutes"},"schema":{"@context":"https:\/\/schema.org","@graph":[{"@type":"WebPage","@id":"https:\/\/i-luminate.de\/fr\/project\/cuisine-design-noyer-facades-foncees\/","url":"https:\/\/i-luminate.de\/fr\/project\/cuisine-design-noyer-facades-foncees\/","name":"Cuisine design noyer et fa\u00e7ades fonc\u00e9es | i-luminate","isPartOf":{"@id":"https:\/\/i-luminate.de\/fr\/#website"},"primaryImageOfPage":{"@id":"https:\/\/i-luminate.de\/fr\/project\/cuisine-design-noyer-facades-foncees\/#primaryimage"},"image":{"@id":"https:\/\/i-luminate.de\/fr\/project\/cuisine-design-noyer-facades-foncees\/#primaryimage"},"thumbnailUrl":"https:\/\/i-luminate.de\/wp-content\/uploads\/2026\/03\/i-luminate-cuisine-design-placage-vitrine-verre-eclairage-beleuchtung-beitrag.webp","datePublished":"2026-03-03T09:46:51+00:00","dateModified":"2026-03-03T10:57:37+00:00","description":"Cuisine design en noyer et fa\u00e7ades fonc\u00e9es. \u00c9clairage int\u00e9gr\u00e9, lignes claires et atmosph\u00e8re chaleureuse pour une cuisine ouverte de caract\u00e8re","breadcrumb":{"@id":"https:\/\/i-luminate.de\/fr\/project\/cuisine-design-noyer-facades-foncees\/#breadcrumb"},"inLanguage":"fr-FR","potentialAction":[{"@type":"ReadAction","target":["https:\/\/i-luminate.de\/fr\/project\/cuisine-design-noyer-facades-foncees\/"]}]},{"@type":"ImageObject","inLanguage":"fr-FR","@id":"https:\/\/i-luminate.de\/fr\/project\/cuisine-design-noyer-facades-foncees\/#primaryimage","url":"https:\/\/i-luminate.de\/wp-content\/uploads\/2026\/03\/i-luminate-cuisine-design-placage-vitrine-verre-eclairage-beleuchtung-beitrag.webp","contentUrl":"https:\/\/i-luminate.de\/wp-content\/uploads\/2026\/03\/i-luminate-cuisine-design-placage-vitrine-verre-eclairage-beleuchtung-beitrag.webp","width":1333,"height":1000,"caption":"Vitrine en placage bois i-luminate\u00ae avec \u00e9clairage LED int\u00e9gr\u00e9 comme \u00e9l\u00e9ment design"},{"@type":"BreadcrumbList","@id":"https:\/\/i-luminate.de\/fr\/project\/cuisine-design-noyer-facades-foncees\/#breadcrumb","itemListElement":[{"@type":"ListItem","position":1,"name":"Startseite","item":"https:\/\/i-luminate.de\/fr\/"},{"@type":"ListItem","position":2,"name":"Portfolio","item":"https:\/\/i-luminate.de\/fr\/project\/"},{"@type":"ListItem","position":3,"name":"CUISINE DESIGN \u00c9L\u00c9GANTE EN NOYER ET BLEU FONC\u00c9"}]},{"@type":"WebSite","@id":"https:\/\/i-luminate.de\/fr\/#website","url":"https:\/\/i-luminate.de\/fr\/","name":"i-luminate","description":"Your supreme kitchen","publisher":{"@id":"https:\/\/i-luminate.de\/fr\/#organization"},"potentialAction":[{"@type":"SearchAction","target":{"@type":"EntryPoint","urlTemplate":"https:\/\/i-luminate.de\/fr\/?s={search_term_string}"},"query-input":{"@type":"PropertyValueSpecification","valueRequired":true,"valueName":"search_term_string"}}],"inLanguage":"fr-FR"},{"@type":"Organization","@id":"https:\/\/i-luminate.de\/fr\/#organization","name":"i-luminate","url":"https:\/\/i-luminate.de\/fr\/","logo":{"@type":"ImageObject","inLanguage":"fr-FR","@id":"https:\/\/i-luminate.de\/fr\/#\/schema\/logo\/image\/","url":"https:\/\/i-luminate.de\/wp-content\/uploads\/2023\/08\/illuminate-Logo-schwarz.png","contentUrl":"https:\/\/i-luminate.de\/wp-content\/uploads\/2023\/08\/illuminate-Logo-schwarz.png","width":979,"height":208,"caption":"i-luminate"},"image":{"@id":"https:\/\/i-luminate.de\/fr\/#\/schema\/logo\/image\/"},"sameAs":["https:\/\/www.facebook.com\/iluminate.lightupyourkitchen\/","https:\/\/www.instagram.com\/iluminate_lightupyourkitchen\/?hl=de"]}]}},"_links":{"self":[{"href":"https:\/\/i-luminate.de\/fr\/wp-json\/wp\/v2\/avada_portfolio\/11839","targetHints":{"allow":["GET"]}}],"collection":[{"href":"https:\/\/i-luminate.de\/fr\/wp-json\/wp\/v2\/avada_portfolio"}],"about":[{"href":"https:\/\/i-luminate.de\/fr\/wp-json\/wp\/v2\/types\/avada_portfolio"}],"author":[{"embeddable":true,"href":"https:\/\/i-luminate.de\/fr\/wp-json\/wp\/v2\/users\/7"}],"replies":[{"embeddable":true,"href":"https:\/\/i-luminate.de\/fr\/wp-json\/wp\/v2\/comments?post=11839"}],"version-history":[{"count":0,"href":"https:\/\/i-luminate.de\/fr\/wp-json\/wp\/v2\/avada_portfolio\/11839\/revisions"}],"wp:featuredmedia":[{"embeddable":true,"href":"https:\/\/i-luminate.de\/fr\/wp-json\/wp\/v2\/media\/11828"}],"wp:attachment":[{"href":"https:\/\/i-luminate.de\/fr\/wp-json\/wp\/v2\/media?parent=11839"}],"wp:term":[{"taxonomy":"portfolio_category","embeddable":true,"href":"https:\/\/i-luminate.de\/fr\/wp-json\/wp\/v2\/portfolio_category?post=11839"},{"taxonomy":"portfolio_skills","embeddable":true,"href":"https:\/\/i-luminate.de\/fr\/wp-json\/wp\/v2\/portfolio_skills?post=11839"},{"taxonomy":"portfolio_tags","embeddable":true,"href":"https:\/\/i-luminate.de\/fr\/wp-json\/wp\/v2\/portfolio_tags?post=11839"}],"curies":[{"name":"wp","href":"https:\/\/api.w.org\/{rel}","templated":true}]}}