{"id":11947,"date":"2026-04-27T07:01:04","date_gmt":"2026-04-27T06:01:04","guid":{"rendered":"https:\/\/i-luminate.de\/?post_type=avada_portfolio&#038;p=11947"},"modified":"2026-04-27T07:00:45","modified_gmt":"2026-04-27T06:00:45","slug":"cuisine-design-facades-bois","status":"publish","type":"avada_portfolio","link":"https:\/\/i-luminate.de\/fr\/project\/cuisine-design-facades-bois\/","title":{"rendered":"CUISINE DESIGN SANS POIGN\u00c9ES AVEC FA\u00c7ADES PLAQU\u00c9ES ET CONCEPT LUMINEUX"},"content":{"rendered":"<div class=\"fusion-fullwidth fullwidth-box fusion-builder-row-1 fusion-flex-container has-pattern-background has-mask-background nonhundred-percent-fullwidth non-hundred-percent-height-scrolling\" style=\"--awb-border-radius-top-left:0px;--awb-border-radius-top-right:0px;--awb-border-radius-bottom-right:0px;--awb-border-radius-bottom-left:0px;--awb-padding-top:20px;--awb-padding-bottom:75px;--awb-flex-wrap:wrap;\"><div class=\"fusion-builder-row fusion-row fusion-flex-align-items-flex-start fusion-flex-content-wrap\" style=\"max-width:1320.8px;margin-left: calc(-4% \/ 2 );margin-right: calc(-4% \/ 2 );\"><div class=\"fusion-layout-column fusion_builder_column fusion-builder-column-0 fusion_builder_column_5_6 5_6 fusion-flex-column\" style=\"--awb-padding-left:25px;--awb-bg-size:cover;--awb-border-color:var(--awb-color4);--awb-border-left:2px;--awb-border-style:solid;--awb-width-large:83.333333333333%;--awb-margin-top-large:-40px;--awb-spacing-right-large:2.304%;--awb-margin-bottom-large:25px;--awb-spacing-left-large:2.304%;--awb-width-medium:100%;--awb-order-medium:0;--awb-spacing-right-medium:1.92%;--awb-spacing-left-medium:1.92%;--awb-width-small:100%;--awb-order-small:0;--awb-spacing-right-small:1.92%;--awb-spacing-left-small:1.92%;\" data-scroll-devices=\"small-visibility,medium-visibility,large-visibility\"><div class=\"fusion-column-wrapper fusion-column-has-shadow fusion-flex-justify-content-flex-start fusion-content-layout-column\"><div class=\"fusion-title title fusion-title-1 fusion-sep-none fusion-title-text fusion-title-size-one\" style=\"--awb-margin-top-small:8px;--awb-margin-right-small:0px;--awb-margin-bottom-small:16px;--awb-margin-left-small:0px;\"><h1 class=\"fusion-title-heading title-heading-left fusion-responsive-typography-calculated\" style=\"margin:0;--fontSize:45;line-height:;\"><h1 style=\"font-weight: 400;\"><strong>CUISINE DESIGN SANS POIGN\u00c9ES AVEC FA\u00c7ADES PLAQU\u00c9ES ET CONCEPT LUMINEUX<\/strong><\/h1><\/h1><\/div><div class=\"fusion-text fusion-text-1\"><h4><strong>Planification de cuisine r\u00e9ussie&nbsp;:<\/strong><\/h4>\n<p>Cette cui\u00adsine design sans poign\u00e9es, con\u00e7ue par <a href=\"https:\/\/www.mandemakers.nl\/keukenwinkels\/wateringen\/\">Man\u00adde\u00admak\u00aders Waterin\u00adgen<\/a>, asso\u00adcie le bois, l\u2019aspect pierre et des lignes \u00e9pur\u00e9es pour cr\u00e9er une archi\u00adtec\u00adture qui inspire le calme, l\u2019ordre et une atmo\u00adsph\u00e8re chaleureuse. Pen\u00ads\u00e9e comme une cui\u00adsine mod\u00aderne dans un espace de vie ouvert, elle para\u00eet haut de gamme, accueil\u00adlante et par\u00adti\u00adc\u00aduli\u00e8re\u00adment adap\u00adt\u00e9e au quotidien.<\/p>\n<p>Au cen\u00adtre de cette r\u00e9al\u00adi\u00adsa\u00adtion se trou\u00advent les fa\u00e7ades plaqu\u00e9es en ch\u00eane trend, les vit\u00adrine en laiton anodis\u00e9 haut de gamme et l\u2019\u00eelot de cui\u00adsine affir\u00adm\u00e9 \u00e0 l\u2019aspect quartzite clair. Robustes et faciles d\u2019entretien, les mat\u00e9ri\u00adaux font de cette cui\u00adsine une cui\u00adsine pre\u00admi\u00adum qui ne s\u00e9duit pas seule\u00adment par son apparence, mais qui facilite aus\u00adsi con\u00adcr\u00e8te\u00adment le quotidien.<\/p>\n<p>Le pro\u00adfil de prise \u00e9clair\u00e9 et dim\u00adma\u00adble en laiton bross\u00e9 assure une ouver\u00adture et une fer\u00adme\u00adture con\u00adfort\u00ada\u00adbles tout en soulig\u00adnant la pr\u00e9\u00adci\u00adsion des lignes. Les vit\u00adrine relient avec \u00e9l\u00e9\u00adgance la cui\u00adsine et l\u2019espace de vie, tan\u00addis que l\u2019arri\u00e8re-cuisine dis\u00adsimul\u00e9e apporte un plan de pr\u00e9\u00adpa\u00adra\u00adtion sup\u00adpl\u00e9\u00admen\u00adtaire et un espace de range\u00adment pra\u00adtique. Les solu\u00adtions de range\u00adment dans la cui\u00adsine elle-m\u00eame ont elles aus\u00adsi \u00e9t\u00e9 pen\u00ads\u00e9es avec soin. Des tiroirs haut de gamme avec am\u00e9\u00adnage\u00adment int\u00e9rieur per\u00adson\u00adnal\u00adis\u00adable per\u00adme\u00adt\u00adtent \u00e0 chaque chose de trou\u00adver sa place. La cui\u00adsine prin\u00adci\u00adpale reste ain\u00adsi calme, nette, ordon\u00adn\u00e9e et pr\u00eate \u00e0 accom\u00adpa\u00adg\u00adn\u00ader la vie dans l\u2019espace.<\/p>\n<\/div><div class=\"fusion-text fusion-text-2\"><p><img decoding=\"async\" class=\"lazyload alignnone wp-image-8021\" src=\"https:\/\/i-luminate.de\/wp-content\/uploads\/2024\/11\/EI-Eiche-trend-Furnierfront.png\" data-orig-src=\"https:\/\/i-luminate.de\/wp-content\/uploads\/2024\/11\/EI-Eiche-trend-Furnierfront.png\" alt width=\"29\" height=\"29\" srcset=\"data:image\/svg+xml,%3Csvg%20xmlns%3D%27http%3A%2F%2Fwww.w3.org%2F2000%2Fsvg%27%20width%3D%2729%27%20height%3D%2729%27%20viewBox%3D%270%200%2029%2029%27%3E%3Crect%20width%3D%2729%27%20height%3D%2729%27%20fill-opacity%3D%220%22%2F%3E%3C%2Fsvg%3E\" data-srcset=\"https:\/\/i-luminate.de\/wp-content\/uploads\/2024\/11\/EI-Eiche-trend-Furnierfront-66x66.png 66w, https:\/\/i-luminate.de\/wp-content\/uploads\/2024\/11\/EI-Eiche-trend-Furnierfront-150x150.png 150w, https:\/\/i-luminate.de\/wp-content\/uploads\/2024\/11\/EI-Eiche-trend-Furnierfront-200x200.png 200w, https:\/\/i-luminate.de\/wp-content\/uploads\/2024\/11\/EI-Eiche-trend-Furnierfront-300x300.png 300w, https:\/\/i-luminate.de\/wp-content\/uploads\/2024\/11\/EI-Eiche-trend-Furnierfront.png 400w\" data-sizes=\"auto\" data-orig-sizes=\"(max-width: 29px) 100vw, 29px\"> EI ch\u00eane&nbsp;trend<\/p>\n<\/div><div class=\"fusion-separator fusion-full-width-sep\" style=\"align-self: center;margin-left: auto;margin-right: auto;margin-top:25px;width:100%;\"><\/div><\/div><\/div><div class=\"fusion-layout-column fusion_builder_column fusion-builder-column-1 fusion_builder_column_1_1 1_1 fusion-flex-column\" style=\"--awb-bg-size:cover;--awb-border-color:var(--awb-color4);--awb-border-style:solid;--awb-width-large:100%;--awb-margin-top-large:-40px;--awb-spacing-right-large:1.92%;--awb-margin-bottom-large:25px;--awb-spacing-left-large:1.92%;--awb-width-medium:100%;--awb-order-medium:0;--awb-spacing-right-medium:1.92%;--awb-spacing-left-medium:1.92%;--awb-width-small:100%;--awb-order-small:0;--awb-spacing-right-small:1.92%;--awb-spacing-left-small:1.92%;\" data-scroll-devices=\"small-visibility,medium-visibility,large-visibility\"><div class=\"fusion-column-wrapper fusion-column-has-shadow fusion-flex-justify-content-flex-start fusion-content-layout-column\"><div class=\"fusion-separator fusion-full-width-sep\" style=\"align-self: center;margin-left: auto;margin-right: auto;margin-top:40px;width:100%;\"><\/div><div class=\"fusion-video fusion-youtube\" style=\"--awb-max-width:1500px;--awb-max-height:844px;\" data-autoplay=\"1\"><div class=\"video-shortcode\"><lite-youtube videoid=\"nAMkNfCMNoQ\" class=\"landscape\" params=\"wmode=transparent&amp;autoplay=1&amp;enablejsapi=1\" title=\"YouTube video player 1\" data-button-label=\"Play Video\" width=\"1500\" height=\"844\" data-thumbnail-size=\"auto\" data-no-cookie=\"on\"><\/lite-youtube><\/div><\/div><div class=\"fusion-separator fusion-full-width-sep\" style=\"align-self: center;margin-left: auto;margin-right: auto;margin-top:40px;width:100%;\"><\/div><\/div><\/div><div class=\"fusion-layout-column fusion_builder_column fusion-builder-column-2 fusion_builder_column_5_6 5_6 fusion-flex-column\" style=\"--awb-padding-left:25px;--awb-bg-size:cover;--awb-border-color:var(--awb-color4);--awb-border-left:2px;--awb-border-style:solid;--awb-width-large:83.333333333333%;--awb-margin-top-large:-40px;--awb-spacing-right-large:2.304%;--awb-margin-bottom-large:25px;--awb-spacing-left-large:2.304%;--awb-width-medium:100%;--awb-order-medium:0;--awb-spacing-right-medium:1.92%;--awb-spacing-left-medium:1.92%;--awb-width-small:100%;--awb-order-small:0;--awb-spacing-right-small:1.92%;--awb-spacing-left-small:1.92%;\" data-scroll-devices=\"small-visibility,medium-visibility,large-visibility\"><div class=\"fusion-column-wrapper fusion-column-has-shadow fusion-flex-justify-content-flex-start fusion-content-layout-column\"><div class=\"fusion-separator fusion-full-width-sep\" style=\"align-self: center;margin-left: auto;margin-right: auto;margin-top:25px;width:100%;\"><\/div><div class=\"fusion-text fusion-text-3\"><h4><strong>Point fort de la cuisine design&nbsp;:<\/strong><\/h4>\n<p>Ce qui s\u00e9duit tout par\u00adti\u00adc\u00aduli\u00e8re\u00adment, c\u2019est l\u2019\u00e9quilibre entre esth\u00e9\u00adtique, con\u00adfort et fonc\u00adtion\u00adnal\u00adit\u00e9. L\u2019\u00e9clairage int\u00e9\u00adgr\u00e9 dans le pro\u00adfil de prise et dans la niche sou\u00adtient \u00e0 la fois les gestes du quo\u00adti\u00addi\u00aden et l\u2019ambiance. Des pris\u00ades dis\u00adcr\u00e8te\u00adment int\u00e9\u00adgr\u00e9es dans l\u2019\u00eelot de cui\u00adsine pr\u00e9ser\u00advent la puret\u00e9 visuelle tout en per\u00adme\u00adt\u00adtant d\u2019utiliser les appareils exacte\u00adment l\u00e0 o\u00f9 ils sont n\u00e9cessaires.<\/p>\n<p>C\u2019est pr\u00e9\u00adcis\u00e9\u00adment cette alliance entre fonc\u00adtion\u00adnal\u00adit\u00e9, qual\u00adit\u00e9 des mat\u00e9ri\u00adaux et effet spa\u00adtial qui rend cette cui\u00adsine design si singuli\u00e8re.<\/p>\n<p>Pro\u00adjet con\u00e7u et mon\u00adt\u00e9&nbsp;par&nbsp;:<br>\nMan\u00adde\u00admak\u00aders Wateringen<br>\n<a href=\"https:\/\/www.mandemakers.nl\">www.mandemakers.nl<\/a><\/p>\n<\/div><\/div><\/div><div class=\"fusion-layout-column fusion_builder_column fusion-builder-column-3 fusion_builder_column_1_1 1_1 fusion-flex-column\" style=\"--awb-bg-size:cover;--awb-width-large:100%;--awb-margin-top-large:-40px;--awb-spacing-right-large:1.92%;--awb-margin-bottom-large:25px;--awb-spacing-left-large:1.92%;--awb-width-medium:100%;--awb-order-medium:0;--awb-spacing-right-medium:1.92%;--awb-spacing-left-medium:1.92%;--awb-width-small:100%;--awb-order-small:0;--awb-spacing-right-small:1.92%;--awb-spacing-left-small:1.92%;\" data-scroll-devices=\"small-visibility,medium-visibility,large-visibility\"><div class=\"fusion-column-wrapper fusion-column-has-shadow fusion-flex-justify-content-flex-start fusion-content-layout-column\"><div class=\"fusion-separator fusion-full-width-sep\" style=\"align-self: center;margin-left: auto;margin-right: auto;margin-top:40px;width:100%;\"><\/div><div class=\"awb-gallery-wrapper awb-gallery-wrapper-1 button-span-no\" style=\"--more-btn-alignment:center;\"><div style=\"margin:-5px;--awb-bordersize:0px;\" class=\"fusion-gallery fusion-gallery-container fusion-grid-2 fusion-columns-total-9 fusion-gallery-layout-grid fusion-gallery-1\"><div style=\"padding:5px;\" class=\"fusion-grid-column fusion-gallery-column fusion-gallery-column-2 hover-type-none\"><div class=\"fusion-gallery-image\"><img decoding=\"async\" src=\"https:\/\/i-luminate.de\/wp-content\/uploads\/2026\/04\/i-luminate-cuisine-premium-ilot-en-quartzite-vitrines.webp\" data-orig-src=\"https:\/\/i-luminate.de\/wp-content\/uploads\/2026\/04\/i-luminate-cuisine-premium-ilot-en-quartzite-vitrines.webp\" width=\"1000\" height=\"700\" alt=\"Cuisine design i-luminate avec fa\u00e7ades en placage ch\u00eane clair et plan de travail en quartzite clair sur l'\u00eelot central et la niche. Vitrines en laiton et buanderie dissimul\u00e9e.\" title aria-label class=\"lazyload img-responsive wp-image-12010\" srcset=\"data:image\/svg+xml,%3Csvg%20xmlns%3D%27http%3A%2F%2Fwww.w3.org%2F2000%2Fsvg%27%20width%3D%271000%27%20height%3D%27700%27%20viewBox%3D%270%200%201000%20700%27%3E%3Crect%20width%3D%271000%27%20height%3D%27700%27%20fill-opacity%3D%220%22%2F%3E%3C%2Fsvg%3E\" data-srcset=\"https:\/\/i-luminate.de\/wp-content\/uploads\/2026\/04\/i-luminate-cuisine-premium-ilot-en-quartzite-vitrines-200x140.webp 200w, https:\/\/i-luminate.de\/wp-content\/uploads\/2026\/04\/i-luminate-cuisine-premium-ilot-en-quartzite-vitrines-400x280.webp 400w, https:\/\/i-luminate.de\/wp-content\/uploads\/2026\/04\/i-luminate-cuisine-premium-ilot-en-quartzite-vitrines-600x420.webp 600w, https:\/\/i-luminate.de\/wp-content\/uploads\/2026\/04\/i-luminate-cuisine-premium-ilot-en-quartzite-vitrines-800x560.webp 800w, https:\/\/i-luminate.de\/wp-content\/uploads\/2026\/04\/i-luminate-cuisine-premium-ilot-en-quartzite-vitrines.webp 1000w\" data-sizes=\"auto\" data-orig-sizes=\"(min-width: 2200px) 100vw, (min-width: 912px) 633px, (min-width: 840px) 912px, \"><\/div><\/div><div style=\"padding:5px;\" class=\"fusion-grid-column fusion-gallery-column fusion-gallery-column-2 hover-type-none\"><div class=\"fusion-gallery-image\"><img decoding=\"async\" src=\"https:\/\/i-luminate.de\/wp-content\/uploads\/2026\/04\/i-luminate-cuisine-premium-profil-de-poignee-bronze-eclaire.webp\" data-orig-src=\"https:\/\/i-luminate.de\/wp-content\/uploads\/2026\/04\/i-luminate-cuisine-premium-profil-de-poignee-bronze-eclaire.webp\" width=\"1000\" height=\"1500\" alt=\"Cuisine design sans poign\u00e9es i-luminate avec profil de poign\u00e9e lumineux en bronze et fa\u00e7ades de cuisine claires.\" title aria-label class=\"lazyload img-responsive wp-image-12011\" srcset=\"data:image\/svg+xml,%3Csvg%20xmlns%3D%27http%3A%2F%2Fwww.w3.org%2F2000%2Fsvg%27%20width%3D%271000%27%20height%3D%271500%27%20viewBox%3D%270%200%201000%201500%27%3E%3Crect%20width%3D%271000%27%20height%3D%271500%27%20fill-opacity%3D%220%22%2F%3E%3C%2Fsvg%3E\" data-srcset=\"https:\/\/i-luminate.de\/wp-content\/uploads\/2026\/04\/i-luminate-cuisine-premium-profil-de-poignee-bronze-eclaire-200x300.webp 200w, https:\/\/i-luminate.de\/wp-content\/uploads\/2026\/04\/i-luminate-cuisine-premium-profil-de-poignee-bronze-eclaire-400x600.webp 400w, https:\/\/i-luminate.de\/wp-content\/uploads\/2026\/04\/i-luminate-cuisine-premium-profil-de-poignee-bronze-eclaire-600x900.webp 600w, https:\/\/i-luminate.de\/wp-content\/uploads\/2026\/04\/i-luminate-cuisine-premium-profil-de-poignee-bronze-eclaire-800x1200.webp 800w, https:\/\/i-luminate.de\/wp-content\/uploads\/2026\/04\/i-luminate-cuisine-premium-profil-de-poignee-bronze-eclaire.webp 1000w\" data-sizes=\"auto\" data-orig-sizes=\"(min-width: 2200px) 100vw, (min-width: 912px) 633px, (min-width: 840px) 912px, \"><\/div><\/div><div class=\"clearfix\"><\/div><div style=\"padding:5px;\" class=\"fusion-grid-column fusion-gallery-column fusion-gallery-column-2 hover-type-none\"><div class=\"fusion-gallery-image\"><img decoding=\"async\" src=\"https:\/\/i-luminate.de\/wp-content\/uploads\/2026\/04\/i-luminate-cuisine-design-niche-en-quartzite.webp\" data-orig-src=\"https:\/\/i-luminate.de\/wp-content\/uploads\/2026\/04\/i-luminate-cuisine-design-niche-en-quartzite.webp\" width=\"1000\" height=\"700\" alt=\"Cuisine haut de gamme i-luminate avec niche en quartzite int\u00e9gr\u00e9e aux fa\u00e7ades en ch\u00eane clair.\" title aria-label class=\"lazyload img-responsive wp-image-12012\" srcset=\"data:image\/svg+xml,%3Csvg%20xmlns%3D%27http%3A%2F%2Fwww.w3.org%2F2000%2Fsvg%27%20width%3D%271000%27%20height%3D%27700%27%20viewBox%3D%270%200%201000%20700%27%3E%3Crect%20width%3D%271000%27%20height%3D%27700%27%20fill-opacity%3D%220%22%2F%3E%3C%2Fsvg%3E\" data-srcset=\"https:\/\/i-luminate.de\/wp-content\/uploads\/2026\/04\/i-luminate-cuisine-design-niche-en-quartzite-200x140.webp 200w, https:\/\/i-luminate.de\/wp-content\/uploads\/2026\/04\/i-luminate-cuisine-design-niche-en-quartzite-400x280.webp 400w, https:\/\/i-luminate.de\/wp-content\/uploads\/2026\/04\/i-luminate-cuisine-design-niche-en-quartzite-600x420.webp 600w, https:\/\/i-luminate.de\/wp-content\/uploads\/2026\/04\/i-luminate-cuisine-design-niche-en-quartzite-800x560.webp 800w, https:\/\/i-luminate.de\/wp-content\/uploads\/2026\/04\/i-luminate-cuisine-design-niche-en-quartzite.webp 1000w\" data-sizes=\"auto\" data-orig-sizes=\"(min-width: 2200px) 100vw, (min-width: 912px) 633px, (min-width: 840px) 912px, \"><\/div><\/div><div style=\"padding:5px;\" class=\"fusion-grid-column fusion-gallery-column fusion-gallery-column-2 hover-type-none\"><div class=\"fusion-gallery-image\"><img decoding=\"async\" src=\"https:\/\/i-luminate.de\/wp-content\/uploads\/2026\/04\/i-luminate-cuisine-vitrine-en-laiton-buanderie-1.webp\" data-orig-src=\"https:\/\/i-luminate.de\/wp-content\/uploads\/2026\/04\/i-luminate-cuisine-vitrine-en-laiton-buanderie-1.webp\" width=\"1000\" height=\"1500\" alt=\"Cuisine design i-luminate avec vitrines en laiton et buanderie dissimul\u00e9e pour le rangement.\" title aria-label class=\"lazyload img-responsive wp-image-12065\" srcset=\"data:image\/svg+xml,%3Csvg%20xmlns%3D%27http%3A%2F%2Fwww.w3.org%2F2000%2Fsvg%27%20width%3D%271000%27%20height%3D%271500%27%20viewBox%3D%270%200%201000%201500%27%3E%3Crect%20width%3D%271000%27%20height%3D%271500%27%20fill-opacity%3D%220%22%2F%3E%3C%2Fsvg%3E\" data-srcset=\"https:\/\/i-luminate.de\/wp-content\/uploads\/2026\/04\/i-luminate-cuisine-vitrine-en-laiton-buanderie-1-200x300.webp 200w, https:\/\/i-luminate.de\/wp-content\/uploads\/2026\/04\/i-luminate-cuisine-vitrine-en-laiton-buanderie-1-400x600.webp 400w, https:\/\/i-luminate.de\/wp-content\/uploads\/2026\/04\/i-luminate-cuisine-vitrine-en-laiton-buanderie-1-600x900.webp 600w, https:\/\/i-luminate.de\/wp-content\/uploads\/2026\/04\/i-luminate-cuisine-vitrine-en-laiton-buanderie-1-800x1200.webp 800w, https:\/\/i-luminate.de\/wp-content\/uploads\/2026\/04\/i-luminate-cuisine-vitrine-en-laiton-buanderie-1.webp 1000w\" data-sizes=\"auto\" data-orig-sizes=\"(min-width: 2200px) 100vw, (min-width: 912px) 633px, (min-width: 840px) 912px, \"><\/div><\/div><div class=\"clearfix\"><\/div><div style=\"padding:5px;\" class=\"fusion-grid-column fusion-gallery-column fusion-gallery-column-2 hover-type-none\"><div class=\"fusion-gallery-image\"><img decoding=\"async\" src=\"https:\/\/i-luminate.de\/wp-content\/uploads\/2026\/04\/i-luminate-cuisine-robinet-dore-premium.webp\" data-orig-src=\"https:\/\/i-luminate.de\/wp-content\/uploads\/2026\/04\/i-luminate-cuisine-robinet-dore-premium.webp\" width=\"1000\" height=\"600\" alt=\"Cuisine design i-luminate avec \u00e9quipements haut de gamme et robinet dor\u00e9.\" title aria-label class=\"lazyload img-responsive wp-image-12014\" srcset=\"data:image\/svg+xml,%3Csvg%20xmlns%3D%27http%3A%2F%2Fwww.w3.org%2F2000%2Fsvg%27%20width%3D%271000%27%20height%3D%27600%27%20viewBox%3D%270%200%201000%20600%27%3E%3Crect%20width%3D%271000%27%20height%3D%27600%27%20fill-opacity%3D%220%22%2F%3E%3C%2Fsvg%3E\" data-srcset=\"https:\/\/i-luminate.de\/wp-content\/uploads\/2026\/04\/i-luminate-cuisine-robinet-dore-premium-200x120.webp 200w, https:\/\/i-luminate.de\/wp-content\/uploads\/2026\/04\/i-luminate-cuisine-robinet-dore-premium-400x240.webp 400w, https:\/\/i-luminate.de\/wp-content\/uploads\/2026\/04\/i-luminate-cuisine-robinet-dore-premium-600x360.webp 600w, https:\/\/i-luminate.de\/wp-content\/uploads\/2026\/04\/i-luminate-cuisine-robinet-dore-premium-800x480.webp 800w, https:\/\/i-luminate.de\/wp-content\/uploads\/2026\/04\/i-luminate-cuisine-robinet-dore-premium.webp 1000w\" data-sizes=\"auto\" data-orig-sizes=\"(min-width: 2200px) 100vw, (min-width: 912px) 633px, (min-width: 840px) 912px, \"><\/div><\/div><div style=\"padding:5px;\" class=\"fusion-grid-column fusion-gallery-column fusion-gallery-column-2 hover-type-none\"><div class=\"fusion-gallery-image\"><img decoding=\"async\" src=\"https:\/\/i-luminate.de\/wp-content\/uploads\/2026\/04\/i-luminate-cuisine-design-facades-en-bois-clair-appareils-gaggenau.webp\" data-orig-src=\"https:\/\/i-luminate.de\/wp-content\/uploads\/2026\/04\/i-luminate-cuisine-design-facades-en-bois-clair-appareils-gaggenau.webp\" width=\"1000\" height=\"700\" alt=\"Cuisine design i-luminate avec appareils Gaggenau, fa\u00e7ades en ch\u00eane clair et \u00e9l\u00e9gant quartzite.\" title aria-label class=\"lazyload img-responsive wp-image-12015\" srcset=\"data:image\/svg+xml,%3Csvg%20xmlns%3D%27http%3A%2F%2Fwww.w3.org%2F2000%2Fsvg%27%20width%3D%271000%27%20height%3D%27700%27%20viewBox%3D%270%200%201000%20700%27%3E%3Crect%20width%3D%271000%27%20height%3D%27700%27%20fill-opacity%3D%220%22%2F%3E%3C%2Fsvg%3E\" data-srcset=\"https:\/\/i-luminate.de\/wp-content\/uploads\/2026\/04\/i-luminate-cuisine-design-facades-en-bois-clair-appareils-gaggenau-200x140.webp 200w, https:\/\/i-luminate.de\/wp-content\/uploads\/2026\/04\/i-luminate-cuisine-design-facades-en-bois-clair-appareils-gaggenau-400x280.webp 400w, https:\/\/i-luminate.de\/wp-content\/uploads\/2026\/04\/i-luminate-cuisine-design-facades-en-bois-clair-appareils-gaggenau-600x420.webp 600w, https:\/\/i-luminate.de\/wp-content\/uploads\/2026\/04\/i-luminate-cuisine-design-facades-en-bois-clair-appareils-gaggenau-800x560.webp 800w, https:\/\/i-luminate.de\/wp-content\/uploads\/2026\/04\/i-luminate-cuisine-design-facades-en-bois-clair-appareils-gaggenau.webp 1000w\" data-sizes=\"auto\" data-orig-sizes=\"(min-width: 2200px) 100vw, (min-width: 912px) 633px, (min-width: 840px) 912px, \"><\/div><\/div><div class=\"clearfix\"><\/div><div style=\"padding:5px;\" class=\"fusion-grid-column fusion-gallery-column fusion-gallery-column-2 hover-type-none\"><div class=\"fusion-gallery-image\"><img decoding=\"async\" src=\"https:\/\/i-luminate.de\/wp-content\/uploads\/2026\/04\/i-luminate-cuisine-design-rangement-dissimule.webp\" data-orig-src=\"https:\/\/i-luminate.de\/wp-content\/uploads\/2026\/04\/i-luminate-cuisine-design-rangement-dissimule.webp\" width=\"1000\" height=\"1500\" alt=\"Cuisine haut de gamme i-luminate avec fa\u00e7ades en placage ch\u00eane Helen, armoires hautes, espaces de rangement dissimul\u00e9s et appareils \u00e9lectrom\u00e9nagers int\u00e9gr\u00e9s.\" title aria-label class=\"lazyload img-responsive wp-image-12016\" srcset=\"data:image\/svg+xml,%3Csvg%20xmlns%3D%27http%3A%2F%2Fwww.w3.org%2F2000%2Fsvg%27%20width%3D%271000%27%20height%3D%271500%27%20viewBox%3D%270%200%201000%201500%27%3E%3Crect%20width%3D%271000%27%20height%3D%271500%27%20fill-opacity%3D%220%22%2F%3E%3C%2Fsvg%3E\" data-srcset=\"https:\/\/i-luminate.de\/wp-content\/uploads\/2026\/04\/i-luminate-cuisine-design-rangement-dissimule-200x300.webp 200w, https:\/\/i-luminate.de\/wp-content\/uploads\/2026\/04\/i-luminate-cuisine-design-rangement-dissimule-400x600.webp 400w, https:\/\/i-luminate.de\/wp-content\/uploads\/2026\/04\/i-luminate-cuisine-design-rangement-dissimule-600x900.webp 600w, https:\/\/i-luminate.de\/wp-content\/uploads\/2026\/04\/i-luminate-cuisine-design-rangement-dissimule-800x1200.webp 800w, https:\/\/i-luminate.de\/wp-content\/uploads\/2026\/04\/i-luminate-cuisine-design-rangement-dissimule.webp 1000w\" data-sizes=\"auto\" data-orig-sizes=\"(min-width: 2200px) 100vw, (min-width: 912px) 633px, (min-width: 840px) 912px, \"><\/div><\/div><div style=\"padding:5px;\" class=\"fusion-grid-column fusion-gallery-column fusion-gallery-column-2 hover-type-none\"><div class=\"fusion-gallery-image\"><img decoding=\"async\" src=\"https:\/\/i-luminate.de\/wp-content\/uploads\/2026\/04\/i-luminate-cuisine-design-amenagement-interieur-tiroirs-coulissants.webp\" data-orig-src=\"https:\/\/i-luminate.de\/wp-content\/uploads\/2026\/04\/i-luminate-cuisine-design-amenagement-interieur-tiroirs-coulissants.webp\" width=\"1000\" height=\"600\" alt=\"Cuisine haut de gamme i-luminate avec tiroirs coulissants, am\u00e9nagements int\u00e9rieurs personnalis\u00e9s et inserts \u00e0 couverts en bois clair.\" title aria-label class=\"lazyload img-responsive wp-image-12017\" srcset=\"data:image\/svg+xml,%3Csvg%20xmlns%3D%27http%3A%2F%2Fwww.w3.org%2F2000%2Fsvg%27%20width%3D%271000%27%20height%3D%27600%27%20viewBox%3D%270%200%201000%20600%27%3E%3Crect%20width%3D%271000%27%20height%3D%27600%27%20fill-opacity%3D%220%22%2F%3E%3C%2Fsvg%3E\" data-srcset=\"https:\/\/i-luminate.de\/wp-content\/uploads\/2026\/04\/i-luminate-cuisine-design-amenagement-interieur-tiroirs-coulissants-200x120.webp 200w, https:\/\/i-luminate.de\/wp-content\/uploads\/2026\/04\/i-luminate-cuisine-design-amenagement-interieur-tiroirs-coulissants-400x240.webp 400w, https:\/\/i-luminate.de\/wp-content\/uploads\/2026\/04\/i-luminate-cuisine-design-amenagement-interieur-tiroirs-coulissants-600x360.webp 600w, https:\/\/i-luminate.de\/wp-content\/uploads\/2026\/04\/i-luminate-cuisine-design-amenagement-interieur-tiroirs-coulissants-800x480.webp 800w, https:\/\/i-luminate.de\/wp-content\/uploads\/2026\/04\/i-luminate-cuisine-design-amenagement-interieur-tiroirs-coulissants.webp 1000w\" data-sizes=\"auto\" data-orig-sizes=\"(min-width: 2200px) 100vw, (min-width: 912px) 633px, (min-width: 840px) 912px, \"><\/div><\/div><div class=\"clearfix\"><\/div><div style=\"padding:5px;\" class=\"fusion-grid-column fusion-gallery-column fusion-gallery-column-2 hover-type-none\"><div class=\"fusion-gallery-image\"><img decoding=\"async\" src=\"https:\/\/i-luminate.de\/wp-content\/uploads\/2026\/04\/i-luminate-cuisine-design-tiroir-coulissant.webp\" data-orig-src=\"https:\/\/i-luminate.de\/wp-content\/uploads\/2026\/04\/i-luminate-cuisine-design-tiroir-coulissant.webp\" width=\"1000\" height=\"600\" alt=\"Tiroir coulissant i-luminate de haute qualit\u00e9 avec cadre mince dans une cuisine design avec fa\u00e7ades en placage ch\u00eane clair.\" title aria-label class=\"lazyload img-responsive wp-image-12018\" srcset=\"data:image\/svg+xml,%3Csvg%20xmlns%3D%27http%3A%2F%2Fwww.w3.org%2F2000%2Fsvg%27%20width%3D%271000%27%20height%3D%27600%27%20viewBox%3D%270%200%201000%20600%27%3E%3Crect%20width%3D%271000%27%20height%3D%27600%27%20fill-opacity%3D%220%22%2F%3E%3C%2Fsvg%3E\" data-srcset=\"https:\/\/i-luminate.de\/wp-content\/uploads\/2026\/04\/i-luminate-cuisine-design-tiroir-coulissant-200x120.webp 200w, https:\/\/i-luminate.de\/wp-content\/uploads\/2026\/04\/i-luminate-cuisine-design-tiroir-coulissant-400x240.webp 400w, https:\/\/i-luminate.de\/wp-content\/uploads\/2026\/04\/i-luminate-cuisine-design-tiroir-coulissant-600x360.webp 600w, https:\/\/i-luminate.de\/wp-content\/uploads\/2026\/04\/i-luminate-cuisine-design-tiroir-coulissant-800x480.webp 800w, https:\/\/i-luminate.de\/wp-content\/uploads\/2026\/04\/i-luminate-cuisine-design-tiroir-coulissant.webp 1000w\" data-sizes=\"auto\" data-orig-sizes=\"(min-width: 2200px) 100vw, (min-width: 912px) 633px, (min-width: 840px) 912px, \"><\/div><\/div><\/div><\/div><div class=\"fusion-separator fusion-full-width-sep\" style=\"align-self: center;margin-left: auto;margin-right: auto;margin-top:50px;width:100%;\"><\/div><div style=\"text-align:center;\"><a class=\"fusion-button button-flat button-large button-custom fusion-button-default button-1 fusion-button-default-span fusion-button-default-type custom-button-hover-black\" style=\"--button_accent_color:var(--awb-color4);--button_accent_hover_color:var(--awb-color1);--button_border_hover_color:var(--awb-color4);--button_gradient_top_color:rgba(0,0,0,0);--button_gradient_bottom_color:rgba(0,0,0,0);--button_gradient_top_color_hover:rgba(0,0,0,0);--button_gradient_bottom_color_hover:rgba(0,0,0,0);\" target=\"_self\" href=\"javascript:history.back()\"><span class=\"fusion-button-text awb-button__text awb-button__text--default\">ZUR\u00dcCK<\/span><\/a><\/div><\/div><\/div><\/div><\/div>\n","protected":false},"excerpt":{"rendered":"","protected":false},"author":10,"featured_media":12009,"menu_order":0,"comment_status":"closed","ping_status":"closed","template":"","format":"standard","meta":{"wp_typography_post_enhancements_disabled":false,"footnotes":""},"portfolio_category":[164],"portfolio_skills":[],"portfolio_tags":[],"class_list":["post-11947","avada_portfolio","type-avada_portfolio","status-publish","format-standard","has-post-thumbnail","hentry","portfolio_category-clair"],"yoast_head":"<!-- This site is optimized with the Yoast SEO Premium plugin v27.3 (Yoast SEO v27.3) - https:\/\/yoast.com\/product\/yoast-seo-premium-wordpress\/ -->\n<title>Cuisine design sans poign\u00e9es avec fa\u00e7ades en bois | i-luminate<\/title>\n<meta name=\"description\" content=\"Cuisine avec fa\u00e7ades en bois, concept lumineux, Showcase et arri\u00e8re-cuisine. Robuste, facile d\u2019entretien et pens\u00e9e pour le confort.\" \/>\n<meta name=\"robots\" content=\"index, follow, max-snippet:-1, max-image-preview:large, max-video-preview:-1\" \/>\n<link rel=\"canonical\" href=\"https:\/\/i-luminate.de\/fr\/project\/cuisine-design-facades-bois\/\" \/>\n<meta property=\"og:locale\" content=\"fr_FR\" \/>\n<meta property=\"og:type\" content=\"article\" \/>\n<meta property=\"og:title\" content=\"CUISINE DESIGN SANS POIGN\u00c9ES AVEC FA\u00c7ADES PLAQU\u00c9ES ET CONCEPT LUMINEUX\" \/>\n<meta property=\"og:description\" content=\"Cuisine avec fa\u00e7ades en bois, concept lumineux, Showcase et arri\u00e8re-cuisine. Robuste, facile d\u2019entretien et pens\u00e9e pour le confort.\" \/>\n<meta property=\"og:url\" content=\"https:\/\/i-luminate.de\/fr\/project\/cuisine-design-facades-bois\/\" \/>\n<meta property=\"og:site_name\" content=\"i-luminate\" \/>\n<meta property=\"article:publisher\" content=\"https:\/\/www.facebook.com\/iluminate.lightupyourkitchen\/\" \/>\n<meta property=\"og:image\" content=\"https:\/\/i-luminate.de\/wp-content\/uploads\/2026\/04\/i-luminate-cuisine-sans-poignees-quartzite-facades-en-chene.webp\" \/>\n\t<meta property=\"og:image:width\" content=\"1333\" \/>\n\t<meta property=\"og:image:height\" content=\"1000\" \/>\n\t<meta property=\"og:image:type\" content=\"image\/webp\" \/>\n<meta name=\"twitter:card\" content=\"summary_large_image\" \/>\n<meta name=\"twitter:label1\" content=\"Dur\u00e9e de lecture estim\u00e9e\" \/>\n\t<meta name=\"twitter:data1\" content=\"4 minutes\" \/>\n<script type=\"application\/ld+json\" class=\"yoast-schema-graph\">{\"@context\":\"https:\\\/\\\/schema.org\",\"@graph\":[{\"@type\":\"WebPage\",\"@id\":\"https:\\\/\\\/i-luminate.de\\\/fr\\\/project\\\/cuisine-design-facades-bois\\\/\",\"url\":\"https:\\\/\\\/i-luminate.de\\\/fr\\\/project\\\/cuisine-design-facades-bois\\\/\",\"name\":\"Cuisine design sans poign\u00e9es avec fa\u00e7ades en bois | i-luminate\",\"isPartOf\":{\"@id\":\"https:\\\/\\\/i-luminate.de\\\/fr\\\/#website\"},\"primaryImageOfPage\":{\"@id\":\"https:\\\/\\\/i-luminate.de\\\/fr\\\/project\\\/cuisine-design-facades-bois\\\/#primaryimage\"},\"image\":{\"@id\":\"https:\\\/\\\/i-luminate.de\\\/fr\\\/project\\\/cuisine-design-facades-bois\\\/#primaryimage\"},\"thumbnailUrl\":\"https:\\\/\\\/i-luminate.de\\\/wp-content\\\/uploads\\\/2026\\\/04\\\/i-luminate-cuisine-sans-poignees-quartzite-facades-en-chene.webp\",\"datePublished\":\"2026-04-27T06:01:04+00:00\",\"description\":\"Cuisine avec fa\u00e7ades en bois, concept lumineux, Showcase et arri\u00e8re-cuisine. Robuste, facile d\u2019entretien et pens\u00e9e pour le confort.\",\"breadcrumb\":{\"@id\":\"https:\\\/\\\/i-luminate.de\\\/fr\\\/project\\\/cuisine-design-facades-bois\\\/#breadcrumb\"},\"inLanguage\":\"fr-FR\",\"potentialAction\":[{\"@type\":\"ReadAction\",\"target\":[\"https:\\\/\\\/i-luminate.de\\\/fr\\\/project\\\/cuisine-design-facades-bois\\\/\"]}]},{\"@type\":\"ImageObject\",\"inLanguage\":\"fr-FR\",\"@id\":\"https:\\\/\\\/i-luminate.de\\\/fr\\\/project\\\/cuisine-design-facades-bois\\\/#primaryimage\",\"url\":\"https:\\\/\\\/i-luminate.de\\\/wp-content\\\/uploads\\\/2026\\\/04\\\/i-luminate-cuisine-sans-poignees-quartzite-facades-en-chene.webp\",\"contentUrl\":\"https:\\\/\\\/i-luminate.de\\\/wp-content\\\/uploads\\\/2026\\\/04\\\/i-luminate-cuisine-sans-poignees-quartzite-facades-en-chene.webp\",\"width\":1333,\"height\":1000,\"caption\":\"Cuisine design sans poign\u00e9es i-luminate avec \u00eelot central en quartzite et fa\u00e7ades de cuisine en ch\u00eane clair.\"},{\"@type\":\"BreadcrumbList\",\"@id\":\"https:\\\/\\\/i-luminate.de\\\/fr\\\/project\\\/cuisine-design-facades-bois\\\/#breadcrumb\",\"itemListElement\":[{\"@type\":\"ListItem\",\"position\":1,\"name\":\"Startseite\",\"item\":\"https:\\\/\\\/i-luminate.de\\\/fr\\\/\"},{\"@type\":\"ListItem\",\"position\":2,\"name\":\"Portfolio\",\"item\":\"https:\\\/\\\/i-luminate.de\\\/fr\\\/project\\\/\"},{\"@type\":\"ListItem\",\"position\":3,\"name\":\"CUISINE DESIGN SANS POIGN\u00c9ES AVEC FA\u00c7ADES PLAQU\u00c9ES ET CONCEPT LUMINEUX\"}]},{\"@type\":\"WebSite\",\"@id\":\"https:\\\/\\\/i-luminate.de\\\/fr\\\/#website\",\"url\":\"https:\\\/\\\/i-luminate.de\\\/fr\\\/\",\"name\":\"i-luminate\",\"description\":\"Your supreme kitchen\",\"publisher\":{\"@id\":\"https:\\\/\\\/i-luminate.de\\\/fr\\\/#organization\"},\"potentialAction\":[{\"@type\":\"SearchAction\",\"target\":{\"@type\":\"EntryPoint\",\"urlTemplate\":\"https:\\\/\\\/i-luminate.de\\\/fr\\\/?s={search_term_string}\"},\"query-input\":{\"@type\":\"PropertyValueSpecification\",\"valueRequired\":true,\"valueName\":\"search_term_string\"}}],\"inLanguage\":\"fr-FR\"},{\"@type\":\"Organization\",\"@id\":\"https:\\\/\\\/i-luminate.de\\\/fr\\\/#organization\",\"name\":\"i-luminate\",\"url\":\"https:\\\/\\\/i-luminate.de\\\/fr\\\/\",\"logo\":{\"@type\":\"ImageObject\",\"inLanguage\":\"fr-FR\",\"@id\":\"https:\\\/\\\/i-luminate.de\\\/fr\\\/#\\\/schema\\\/logo\\\/image\\\/\",\"url\":\"https:\\\/\\\/i-luminate.de\\\/wp-content\\\/uploads\\\/2023\\\/08\\\/illuminate-Logo-schwarz.png\",\"contentUrl\":\"https:\\\/\\\/i-luminate.de\\\/wp-content\\\/uploads\\\/2023\\\/08\\\/illuminate-Logo-schwarz.png\",\"width\":979,\"height\":208,\"caption\":\"i-luminate\"},\"image\":{\"@id\":\"https:\\\/\\\/i-luminate.de\\\/fr\\\/#\\\/schema\\\/logo\\\/image\\\/\"},\"sameAs\":[\"https:\\\/\\\/www.facebook.com\\\/iluminate.lightupyourkitchen\\\/\",\"https:\\\/\\\/www.instagram.com\\\/iluminate_lightupyourkitchen\\\/?hl=de\"]}]}<\/script>\n<!-- \/ Yoast SEO Premium plugin. -->","yoast_head_json":{"title":"Cuisine design sans poign\u00e9es avec fa\u00e7ades en bois | i-luminate","description":"Cuisine avec fa\u00e7ades en bois, concept lumineux, Showcase et arri\u00e8re-cuisine. Robuste, facile d\u2019entretien et pens\u00e9e pour le confort.","robots":{"index":"index","follow":"follow","max-snippet":"max-snippet:-1","max-image-preview":"max-image-preview:large","max-video-preview":"max-video-preview:-1"},"canonical":"https:\/\/i-luminate.de\/fr\/project\/cuisine-design-facades-bois\/","og_locale":"fr_FR","og_type":"article","og_title":"CUISINE DESIGN SANS POIGN\u00c9ES AVEC FA\u00c7ADES PLAQU\u00c9ES ET CONCEPT LUMINEUX","og_description":"Cuisine avec fa\u00e7ades en bois, concept lumineux, Showcase et arri\u00e8re-cuisine. Robuste, facile d\u2019entretien et pens\u00e9e pour le confort.","og_url":"https:\/\/i-luminate.de\/fr\/project\/cuisine-design-facades-bois\/","og_site_name":"i-luminate","article_publisher":"https:\/\/www.facebook.com\/iluminate.lightupyourkitchen\/","og_image":[{"width":1333,"height":1000,"url":"https:\/\/i-luminate.de\/wp-content\/uploads\/2026\/04\/i-luminate-cuisine-sans-poignees-quartzite-facades-en-chene.webp","type":"image\/webp"}],"twitter_card":"summary_large_image","twitter_misc":{"Dur\u00e9e de lecture estim\u00e9e":"4 minutes"},"schema":{"@context":"https:\/\/schema.org","@graph":[{"@type":"WebPage","@id":"https:\/\/i-luminate.de\/fr\/project\/cuisine-design-facades-bois\/","url":"https:\/\/i-luminate.de\/fr\/project\/cuisine-design-facades-bois\/","name":"Cuisine design sans poign\u00e9es avec fa\u00e7ades en bois | i-luminate","isPartOf":{"@id":"https:\/\/i-luminate.de\/fr\/#website"},"primaryImageOfPage":{"@id":"https:\/\/i-luminate.de\/fr\/project\/cuisine-design-facades-bois\/#primaryimage"},"image":{"@id":"https:\/\/i-luminate.de\/fr\/project\/cuisine-design-facades-bois\/#primaryimage"},"thumbnailUrl":"https:\/\/i-luminate.de\/wp-content\/uploads\/2026\/04\/i-luminate-cuisine-sans-poignees-quartzite-facades-en-chene.webp","datePublished":"2026-04-27T06:01:04+00:00","description":"Cuisine avec fa\u00e7ades en bois, concept lumineux, Showcase et arri\u00e8re-cuisine. Robuste, facile d\u2019entretien et pens\u00e9e pour le confort.","breadcrumb":{"@id":"https:\/\/i-luminate.de\/fr\/project\/cuisine-design-facades-bois\/#breadcrumb"},"inLanguage":"fr-FR","potentialAction":[{"@type":"ReadAction","target":["https:\/\/i-luminate.de\/fr\/project\/cuisine-design-facades-bois\/"]}]},{"@type":"ImageObject","inLanguage":"fr-FR","@id":"https:\/\/i-luminate.de\/fr\/project\/cuisine-design-facades-bois\/#primaryimage","url":"https:\/\/i-luminate.de\/wp-content\/uploads\/2026\/04\/i-luminate-cuisine-sans-poignees-quartzite-facades-en-chene.webp","contentUrl":"https:\/\/i-luminate.de\/wp-content\/uploads\/2026\/04\/i-luminate-cuisine-sans-poignees-quartzite-facades-en-chene.webp","width":1333,"height":1000,"caption":"Cuisine design sans poign\u00e9es i-luminate avec \u00eelot central en quartzite et fa\u00e7ades de cuisine en ch\u00eane clair."},{"@type":"BreadcrumbList","@id":"https:\/\/i-luminate.de\/fr\/project\/cuisine-design-facades-bois\/#breadcrumb","itemListElement":[{"@type":"ListItem","position":1,"name":"Startseite","item":"https:\/\/i-luminate.de\/fr\/"},{"@type":"ListItem","position":2,"name":"Portfolio","item":"https:\/\/i-luminate.de\/fr\/project\/"},{"@type":"ListItem","position":3,"name":"CUISINE DESIGN SANS POIGN\u00c9ES AVEC FA\u00c7ADES PLAQU\u00c9ES ET CONCEPT LUMINEUX"}]},{"@type":"WebSite","@id":"https:\/\/i-luminate.de\/fr\/#website","url":"https:\/\/i-luminate.de\/fr\/","name":"i-luminate","description":"Your supreme kitchen","publisher":{"@id":"https:\/\/i-luminate.de\/fr\/#organization"},"potentialAction":[{"@type":"SearchAction","target":{"@type":"EntryPoint","urlTemplate":"https:\/\/i-luminate.de\/fr\/?s={search_term_string}"},"query-input":{"@type":"PropertyValueSpecification","valueRequired":true,"valueName":"search_term_string"}}],"inLanguage":"fr-FR"},{"@type":"Organization","@id":"https:\/\/i-luminate.de\/fr\/#organization","name":"i-luminate","url":"https:\/\/i-luminate.de\/fr\/","logo":{"@type":"ImageObject","inLanguage":"fr-FR","@id":"https:\/\/i-luminate.de\/fr\/#\/schema\/logo\/image\/","url":"https:\/\/i-luminate.de\/wp-content\/uploads\/2023\/08\/illuminate-Logo-schwarz.png","contentUrl":"https:\/\/i-luminate.de\/wp-content\/uploads\/2023\/08\/illuminate-Logo-schwarz.png","width":979,"height":208,"caption":"i-luminate"},"image":{"@id":"https:\/\/i-luminate.de\/fr\/#\/schema\/logo\/image\/"},"sameAs":["https:\/\/www.facebook.com\/iluminate.lightupyourkitchen\/","https:\/\/www.instagram.com\/iluminate_lightupyourkitchen\/?hl=de"]}]}},"_links":{"self":[{"href":"https:\/\/i-luminate.de\/fr\/wp-json\/wp\/v2\/avada_portfolio\/11947","targetHints":{"allow":["GET"]}}],"collection":[{"href":"https:\/\/i-luminate.de\/fr\/wp-json\/wp\/v2\/avada_portfolio"}],"about":[{"href":"https:\/\/i-luminate.de\/fr\/wp-json\/wp\/v2\/types\/avada_portfolio"}],"author":[{"embeddable":true,"href":"https:\/\/i-luminate.de\/fr\/wp-json\/wp\/v2\/users\/10"}],"replies":[{"embeddable":true,"href":"https:\/\/i-luminate.de\/fr\/wp-json\/wp\/v2\/comments?post=11947"}],"version-history":[{"count":4,"href":"https:\/\/i-luminate.de\/fr\/wp-json\/wp\/v2\/avada_portfolio\/11947\/revisions"}],"predecessor-version":[{"id":12067,"href":"https:\/\/i-luminate.de\/fr\/wp-json\/wp\/v2\/avada_portfolio\/11947\/revisions\/12067"}],"wp:featuredmedia":[{"embeddable":true,"href":"https:\/\/i-luminate.de\/fr\/wp-json\/wp\/v2\/media\/12009"}],"wp:attachment":[{"href":"https:\/\/i-luminate.de\/fr\/wp-json\/wp\/v2\/media?parent=11947"}],"wp:term":[{"taxonomy":"portfolio_category","embeddable":true,"href":"https:\/\/i-luminate.de\/fr\/wp-json\/wp\/v2\/portfolio_category?post=11947"},{"taxonomy":"portfolio_skills","embeddable":true,"href":"https:\/\/i-luminate.de\/fr\/wp-json\/wp\/v2\/portfolio_skills?post=11947"},{"taxonomy":"portfolio_tags","embeddable":true,"href":"https:\/\/i-luminate.de\/fr\/wp-json\/wp\/v2\/portfolio_tags?post=11947"}],"curies":[{"name":"wp","href":"https:\/\/api.w.org\/{rel}","templated":true}]}}