{"id":9019,"date":"2024-11-15T07:35:55","date_gmt":"2024-11-15T06:35:55","guid":{"rendered":"https:\/\/i-luminate.de\/?post_type=avada_portfolio&#038;p=9019"},"modified":"2025-11-11T11:10:06","modified_gmt":"2025-11-11T10:10:06","slug":"design-de-cuisine-exclusif","status":"publish","type":"avada_portfolio","link":"https:\/\/i-luminate.de\/fr\/project\/design-de-cuisine-exclusif\/","title":{"rendered":"LE DESIGN QUI TOUCHE"},"content":{"rendered":"<div class=\"fusion-fullwidth fullwidth-box fusion-builder-row-1 fusion-flex-container has-pattern-background has-mask-background nonhundred-percent-fullwidth non-hundred-percent-height-scrolling\" style=\"--awb-border-radius-top-left:0px;--awb-border-radius-top-right:0px;--awb-border-radius-bottom-right:0px;--awb-border-radius-bottom-left:0px;--awb-padding-top:20px;--awb-padding-bottom:75px;--awb-flex-wrap:wrap;\"><div class=\"fusion-builder-row fusion-row fusion-flex-align-items-flex-start fusion-flex-content-wrap\" style=\"max-width:1320.8px;margin-left: calc(-4% \/ 2 );margin-right: calc(-4% \/ 2 );\"><div class=\"fusion-layout-column fusion_builder_column fusion-builder-column-0 fusion_builder_column_5_6 5_6 fusion-flex-column\" style=\"--awb-padding-left:25px;--awb-bg-size:cover;--awb-border-color:var(--awb-color4);--awb-border-left:2px;--awb-border-style:solid;--awb-width-large:83.333333333333%;--awb-margin-top-large:-40px;--awb-spacing-right-large:2.304%;--awb-margin-bottom-large:25px;--awb-spacing-left-large:2.304%;--awb-width-medium:100%;--awb-order-medium:0;--awb-spacing-right-medium:1.92%;--awb-spacing-left-medium:1.92%;--awb-width-small:100%;--awb-order-small:0;--awb-spacing-right-small:1.92%;--awb-spacing-left-small:1.92%;\" data-scroll-devices=\"small-visibility,medium-visibility,large-visibility\"><div class=\"fusion-column-wrapper fusion-column-has-shadow fusion-flex-justify-content-flex-start fusion-content-layout-column\"><div class=\"fusion-title title fusion-title-1 fusion-sep-none fusion-title-text fusion-title-size-one\" style=\"--awb-margin-top-small:8px;--awb-margin-right-small:0px;--awb-margin-bottom-small:16px;--awb-margin-left-small:0px;\"><h1 class=\"fusion-title-heading title-heading-left fusion-responsive-typography-calculated\" style=\"margin:0;--fontSize:45;line-height:;\">DESIGN DE CUISINE EXCLUSIF<\/h1><\/div><div class=\"fusion-text fusion-text-1\"><p>Un chez-soi styl\u00e9 na\u00eet d\u2019une \u00e9l\u00e9\u00adgance intem\u00adporelle et d\u2019une fonc\u00adtion\u00adnal\u00adit\u00e9 mod\u00aderne. Des tons beiges chauds et du bois de ch\u00eane noble cr\u00e9ent une atmo\u00adsph\u00e8re unique qui invite au bien-\u00eatre. Prof\u00aditez de moments priv\u00adil\u00e9gi\u00e9s dans une cui\u00adsine design qui inspire tant sur le plan visuel que fonctionnel.<\/p>\n<\/div><div class=\"fusion-text fusion-text-2\"><p><img decoding=\"async\" class=\"lazyload alignnone wp-image-7930\" src=\"data:image\/svg+xml,%3Csvg%20xmlns%3D%27http%3A%2F%2Fwww.w3.org%2F2000%2Fsvg%27%20width%3D%2729%27%20height%3D%2729%27%20viewBox%3D%270%200%2029%2029%27%3E%3Crect%20width%3D%2729%27%20height%3D%2729%27%20fill-opacity%3D%220%22%2F%3E%3C%2Fsvg%3E\" data-orig-src=\"https:\/\/i-luminate.de\/wp-content\/uploads\/2024\/11\/MP-sahara-beige-ultra-mat.png\" alt width=\"29\" height=\"29\"> MP beige Sahara ultra&nbsp;mat<\/p>\n<p><img decoding=\"async\" class=\"lazyload alignnone wp-image-7926\" src=\"data:image\/svg+xml,%3Csvg%20xmlns%3D%27http%3A%2F%2Fwww.w3.org%2F2000%2Fsvg%27%20width%3D%2729%27%20height%3D%2729%27%20viewBox%3D%270%200%2029%2029%27%3E%3Crect%20width%3D%2729%27%20height%3D%2729%27%20fill-opacity%3D%220%22%2F%3E%3C%2Fsvg%3E\" data-orig-src=\"https:\/\/i-luminate.de\/wp-content\/uploads\/2024\/11\/EA-Chene-Trend-Facade-plaquee.png\" alt width=\"29\" height=\"29\"> EA ch\u00eane tendance<\/p>\n<\/div><\/div><\/div><div class=\"fusion-layout-column fusion_builder_column fusion-builder-column-1 fusion_builder_column_1_1 1_1 fusion-flex-column\" style=\"--awb-bg-size:cover;--awb-width-large:100%;--awb-margin-top-large:-40px;--awb-spacing-right-large:1.92%;--awb-margin-bottom-large:25px;--awb-spacing-left-large:1.92%;--awb-width-medium:100%;--awb-order-medium:0;--awb-spacing-right-medium:1.92%;--awb-spacing-left-medium:1.92%;--awb-width-small:100%;--awb-order-small:0;--awb-spacing-right-small:1.92%;--awb-spacing-left-small:1.92%;\" data-scroll-devices=\"small-visibility,medium-visibility,large-visibility\"><div class=\"fusion-column-wrapper fusion-column-has-shadow fusion-flex-justify-content-flex-start fusion-content-layout-column\"><div class=\"fusion-separator fusion-full-width-sep\" style=\"align-self: center;margin-left: auto;margin-right: auto;margin-top:50px;width:100%;\"><\/div><div class=\"fusion-image-element \" style=\"--awb-caption-title-font-family:var(--h2_typography-font-family);--awb-caption-title-font-weight:var(--h2_typography-font-weight);--awb-caption-title-font-style:var(--h2_typography-font-style);--awb-caption-title-size:var(--h2_typography-font-size);--awb-caption-title-transform:var(--h2_typography-text-transform);--awb-caption-title-line-height:var(--h2_typography-line-height);--awb-caption-title-letter-spacing:var(--h2_typography-letter-spacing);\"><span class=\" fusion-imageframe imageframe-none imageframe-1 hover-type-none\"><img decoding=\"async\" width=\"1500\" height=\"1200\" alt=\"Cuisine design i-luminate lumineuse avec \u00e9clairage moderne des poign\u00e9es\" src=\"https:\/\/i-luminate.de\/wp-content\/uploads\/2024\/11\/i-luminate-Designkueche-helle-scandi-moderne-haut-de-gamme.jpg\" data-orig-src=\"https:\/\/i-luminate.de\/wp-content\/uploads\/2024\/11\/i-luminate-Designkueche-helle-scandi-moderne-haut-de-gamme.jpg\" class=\"lazyload img-responsive wp-image-9020\" srcset=\"data:image\/svg+xml,%3Csvg%20xmlns%3D%27http%3A%2F%2Fwww.w3.org%2F2000%2Fsvg%27%20width%3D%271500%27%20height%3D%271200%27%20viewBox%3D%270%200%201500%201200%27%3E%3Crect%20width%3D%271500%27%20height%3D%271200%27%20fill-opacity%3D%220%22%2F%3E%3C%2Fsvg%3E\" data-srcset=\"https:\/\/i-luminate.de\/wp-content\/uploads\/2024\/11\/i-luminate-Designkueche-helle-scandi-moderne-haut-de-gamme-200x160.jpg 200w, https:\/\/i-luminate.de\/wp-content\/uploads\/2024\/11\/i-luminate-Designkueche-helle-scandi-moderne-haut-de-gamme-400x320.jpg 400w, https:\/\/i-luminate.de\/wp-content\/uploads\/2024\/11\/i-luminate-Designkueche-helle-scandi-moderne-haut-de-gamme-600x480.jpg 600w, https:\/\/i-luminate.de\/wp-content\/uploads\/2024\/11\/i-luminate-Designkueche-helle-scandi-moderne-haut-de-gamme-800x640.jpg 800w, https:\/\/i-luminate.de\/wp-content\/uploads\/2024\/11\/i-luminate-Designkueche-helle-scandi-moderne-haut-de-gamme-1200x960.jpg 1200w, https:\/\/i-luminate.de\/wp-content\/uploads\/2024\/11\/i-luminate-Designkueche-helle-scandi-moderne-haut-de-gamme.jpg 1500w\" data-sizes=\"auto\" data-orig-sizes=\"(max-width: 1024px) 100vw, (max-width: 640px) 100vw, 1500px\"><\/span><\/div><div class=\"fusion-separator fusion-full-width-sep\" style=\"align-self: center;margin-left: auto;margin-right: auto;margin-top:10px;width:100%;\"><\/div><div class=\"awb-gallery-wrapper awb-gallery-wrapper-1 button-span-no\" style=\"--more-btn-alignment:center;\"><div style=\"margin:-5px;--awb-bordersize:0px;\" class=\"fusion-gallery fusion-gallery-container fusion-grid-2 fusion-columns-total-7 fusion-gallery-layout-grid fusion-gallery-1\"><div style=\"padding:5px;\" class=\"fusion-grid-column fusion-gallery-column fusion-gallery-column-2 hover-type-none\"><div class=\"fusion-gallery-image\"><img decoding=\"async\" src=\"https:\/\/i-luminate.de\/wp-content\/uploads\/2024\/11\/i-luminate-Designkueche-helle-scandi-moderne-design-haut-de-gamme.jpg\" data-orig-src=\"https:\/\/i-luminate.de\/wp-content\/uploads\/2024\/11\/i-luminate-Designkueche-helle-scandi-moderne-design-haut-de-gamme.jpg\" width=\"1000\" height=\"1499\" alt=\": Cuisine premium i-luminate lumineuse en style scandinave avec design moderne, minimaliste et \u00e9clairage de cuisine\" title aria-label class=\"lazyload img-responsive wp-image-9028\" srcset=\"data:image\/svg+xml,%3Csvg%20xmlns%3D%27http%3A%2F%2Fwww.w3.org%2F2000%2Fsvg%27%20width%3D%271000%27%20height%3D%271499%27%20viewBox%3D%270%200%201000%201499%27%3E%3Crect%20width%3D%271000%27%20height%3D%271499%27%20fill-opacity%3D%220%22%2F%3E%3C%2Fsvg%3E\" data-srcset=\"https:\/\/i-luminate.de\/wp-content\/uploads\/2024\/11\/i-luminate-Designkueche-helle-scandi-moderne-design-haut-de-gamme-200x300.jpg 200w, https:\/\/i-luminate.de\/wp-content\/uploads\/2024\/11\/i-luminate-Designkueche-helle-scandi-moderne-design-haut-de-gamme-400x600.jpg 400w, https:\/\/i-luminate.de\/wp-content\/uploads\/2024\/11\/i-luminate-Designkueche-helle-scandi-moderne-design-haut-de-gamme-600x899.jpg 600w, https:\/\/i-luminate.de\/wp-content\/uploads\/2024\/11\/i-luminate-Designkueche-helle-scandi-moderne-design-haut-de-gamme-800x1199.jpg 800w, https:\/\/i-luminate.de\/wp-content\/uploads\/2024\/11\/i-luminate-Designkueche-helle-scandi-moderne-design-haut-de-gamme.jpg 1000w\" data-sizes=\"auto\" data-orig-sizes=\"(min-width: 2200px) 100vw, (min-width: 912px) 633px, (min-width: 840px) 912px, \"><\/div><\/div><div style=\"padding:5px;\" class=\"fusion-grid-column fusion-gallery-column fusion-gallery-column-2 hover-type-none\"><div class=\"fusion-gallery-image\"><img decoding=\"async\" src=\"https:\/\/i-luminate.de\/wp-content\/uploads\/2024\/11\/i-luminate-Design-Cuisine-vitrine-haut-de-gamme.jpg\" data-orig-src=\"https:\/\/i-luminate.de\/wp-content\/uploads\/2024\/11\/i-luminate-Design-Cuisine-vitrine-haut-de-gamme.jpg\" width=\"1000\" height=\"1499\" alt=\"Haute cuisine design i-luminate avec vitrine en verre, planification de cuisine unique avec rangement \u00e9l\u00e9gant\" title aria-label class=\"lazyload img-responsive wp-image-9036\" srcset=\"data:image\/svg+xml,%3Csvg%20xmlns%3D%27http%3A%2F%2Fwww.w3.org%2F2000%2Fsvg%27%20width%3D%271000%27%20height%3D%271499%27%20viewBox%3D%270%200%201000%201499%27%3E%3Crect%20width%3D%271000%27%20height%3D%271499%27%20fill-opacity%3D%220%22%2F%3E%3C%2Fsvg%3E\" data-srcset=\"https:\/\/i-luminate.de\/wp-content\/uploads\/2024\/11\/i-luminate-Design-Cuisine-vitrine-haut-de-gamme-200x300.jpg 200w, https:\/\/i-luminate.de\/wp-content\/uploads\/2024\/11\/i-luminate-Design-Cuisine-vitrine-haut-de-gamme-400x600.jpg 400w, https:\/\/i-luminate.de\/wp-content\/uploads\/2024\/11\/i-luminate-Design-Cuisine-vitrine-haut-de-gamme-600x899.jpg 600w, https:\/\/i-luminate.de\/wp-content\/uploads\/2024\/11\/i-luminate-Design-Cuisine-vitrine-haut-de-gamme-800x1199.jpg 800w, https:\/\/i-luminate.de\/wp-content\/uploads\/2024\/11\/i-luminate-Design-Cuisine-vitrine-haut-de-gamme.jpg 1000w\" data-sizes=\"auto\" data-orig-sizes=\"(min-width: 2200px) 100vw, (min-width: 912px) 633px, (min-width: 840px) 912px, \"><\/div><\/div><div class=\"clearfix\"><\/div><div style=\"padding:5px;\" class=\"fusion-grid-column fusion-gallery-column fusion-gallery-column-2 hover-type-none\"><div class=\"fusion-gallery-image\"><img decoding=\"async\" src=\"https:\/\/i-luminate.de\/wp-content\/uploads\/2024\/11\/i-luminate-Design-cuisine-eclairage-haute-qualite-etagere.jpg\" data-orig-src=\"https:\/\/i-luminate.de\/wp-content\/uploads\/2024\/11\/i-luminate-Design-cuisine-eclairage-haute-qualite-etagere.jpg\" width=\"1000\" height=\"1420\" alt=\"Planification de cuisine personnalis\u00e9e avec design lumineux i-luminate, \u00e9tag\u00e8res murales \u00e9clair\u00e9es\" title aria-label class=\"lazyload img-responsive wp-image-9040\" srcset=\"data:image\/svg+xml,%3Csvg%20xmlns%3D%27http%3A%2F%2Fwww.w3.org%2F2000%2Fsvg%27%20width%3D%271000%27%20height%3D%271420%27%20viewBox%3D%270%200%201000%201420%27%3E%3Crect%20width%3D%271000%27%20height%3D%271420%27%20fill-opacity%3D%220%22%2F%3E%3C%2Fsvg%3E\" data-srcset=\"https:\/\/i-luminate.de\/wp-content\/uploads\/2024\/11\/i-luminate-Design-cuisine-eclairage-haute-qualite-etagere-200x284.jpg 200w, https:\/\/i-luminate.de\/wp-content\/uploads\/2024\/11\/i-luminate-Design-cuisine-eclairage-haute-qualite-etagere-400x568.jpg 400w, https:\/\/i-luminate.de\/wp-content\/uploads\/2024\/11\/i-luminate-Design-cuisine-eclairage-haute-qualite-etagere-600x852.jpg 600w, https:\/\/i-luminate.de\/wp-content\/uploads\/2024\/11\/i-luminate-Design-cuisine-eclairage-haute-qualite-etagere-800x1136.jpg 800w, https:\/\/i-luminate.de\/wp-content\/uploads\/2024\/11\/i-luminate-Design-cuisine-eclairage-haute-qualite-etagere.jpg 1000w\" data-sizes=\"auto\" data-orig-sizes=\"(min-width: 2200px) 100vw, (min-width: 912px) 633px, (min-width: 840px) 912px, \"><\/div><\/div><div style=\"padding:5px;\" class=\"fusion-grid-column fusion-gallery-column fusion-gallery-column-2 hover-type-none\"><div class=\"fusion-gallery-image\"><img decoding=\"async\" src=\"https:\/\/i-luminate.de\/wp-content\/uploads\/2024\/11\/i-luminate-Design-cuisine-eclairage-de-cuisine-sans-poignee-haut-de-gamme-moderne.jpg\" data-orig-src=\"https:\/\/i-luminate.de\/wp-content\/uploads\/2024\/11\/i-luminate-Design-cuisine-eclairage-de-cuisine-sans-poignee-haut-de-gamme-moderne.jpg\" width=\"1000\" height=\"1499\" alt=\"Cuisine design i-luminate en beige avec accents lumineux, ambiance atmosph\u00e9rique et atmosph\u00e8re harmonieuse\" title aria-label class=\"lazyload img-responsive wp-image-9048\" srcset=\"data:image\/svg+xml,%3Csvg%20xmlns%3D%27http%3A%2F%2Fwww.w3.org%2F2000%2Fsvg%27%20width%3D%271000%27%20height%3D%271499%27%20viewBox%3D%270%200%201000%201499%27%3E%3Crect%20width%3D%271000%27%20height%3D%271499%27%20fill-opacity%3D%220%22%2F%3E%3C%2Fsvg%3E\" data-srcset=\"https:\/\/i-luminate.de\/wp-content\/uploads\/2024\/11\/i-luminate-Design-cuisine-eclairage-de-cuisine-sans-poignee-haut-de-gamme-moderne-200x300.jpg 200w, https:\/\/i-luminate.de\/wp-content\/uploads\/2024\/11\/i-luminate-Design-cuisine-eclairage-de-cuisine-sans-poignee-haut-de-gamme-moderne-400x600.jpg 400w, https:\/\/i-luminate.de\/wp-content\/uploads\/2024\/11\/i-luminate-Design-cuisine-eclairage-de-cuisine-sans-poignee-haut-de-gamme-moderne-600x899.jpg 600w, https:\/\/i-luminate.de\/wp-content\/uploads\/2024\/11\/i-luminate-Design-cuisine-eclairage-de-cuisine-sans-poignee-haut-de-gamme-moderne-800x1199.jpg 800w, https:\/\/i-luminate.de\/wp-content\/uploads\/2024\/11\/i-luminate-Design-cuisine-eclairage-de-cuisine-sans-poignee-haut-de-gamme-moderne.jpg 1000w\" data-sizes=\"auto\" data-orig-sizes=\"(min-width: 2200px) 100vw, (min-width: 912px) 633px, (min-width: 840px) 912px, \"><\/div><\/div><div class=\"clearfix\"><\/div><div style=\"padding:5px;\" class=\"fusion-grid-column fusion-gallery-column fusion-gallery-column-2 hover-type-none\"><div class=\"fusion-gallery-image\"><img decoding=\"async\" src=\"https:\/\/i-luminate.de\/wp-content\/uploads\/2024\/11\/i-luminate-Designkueche-eclairage-de-cuisine-planification-de-cuisine-haut-de-gamme-moderne.jpg\" data-orig-src=\"https:\/\/i-luminate.de\/wp-content\/uploads\/2024\/11\/i-luminate-Designkueche-eclairage-de-cuisine-planification-de-cuisine-haut-de-gamme-moderne.jpg\" width=\"1000\" height=\"1499\" alt=\"Cuisine exclusive i-luminate avec planification fonctionnelle de la cuisine; \u00e9quipements exclusifs et \u00eelot de cuisine moderne avec \u00e9clairage indirect\" title aria-label class=\"lazyload img-responsive wp-image-9032\" srcset=\"data:image\/svg+xml,%3Csvg%20xmlns%3D%27http%3A%2F%2Fwww.w3.org%2F2000%2Fsvg%27%20width%3D%271000%27%20height%3D%271499%27%20viewBox%3D%270%200%201000%201499%27%3E%3Crect%20width%3D%271000%27%20height%3D%271499%27%20fill-opacity%3D%220%22%2F%3E%3C%2Fsvg%3E\" data-srcset=\"https:\/\/i-luminate.de\/wp-content\/uploads\/2024\/11\/i-luminate-Designkueche-eclairage-de-cuisine-planification-de-cuisine-haut-de-gamme-moderne-200x300.jpg 200w, https:\/\/i-luminate.de\/wp-content\/uploads\/2024\/11\/i-luminate-Designkueche-eclairage-de-cuisine-planification-de-cuisine-haut-de-gamme-moderne-400x600.jpg 400w, https:\/\/i-luminate.de\/wp-content\/uploads\/2024\/11\/i-luminate-Designkueche-eclairage-de-cuisine-planification-de-cuisine-haut-de-gamme-moderne-600x899.jpg 600w, https:\/\/i-luminate.de\/wp-content\/uploads\/2024\/11\/i-luminate-Designkueche-eclairage-de-cuisine-planification-de-cuisine-haut-de-gamme-moderne-800x1199.jpg 800w, https:\/\/i-luminate.de\/wp-content\/uploads\/2024\/11\/i-luminate-Designkueche-eclairage-de-cuisine-planification-de-cuisine-haut-de-gamme-moderne.jpg 1000w\" data-sizes=\"auto\" data-orig-sizes=\"(min-width: 2200px) 100vw, (min-width: 912px) 633px, (min-width: 840px) 912px, \"><\/div><\/div><div style=\"padding:5px;\" class=\"fusion-grid-column fusion-gallery-column fusion-gallery-column-2 hover-type-none\"><div class=\"fusion-gallery-image\"><img decoding=\"async\" src=\"https:\/\/i-luminate.de\/wp-content\/uploads\/2024\/11\/i-luminate-Design-cuisine-eclairage-de-cuisine-sans-poignee-haute-qualite-horizontal.jpg\" data-orig-src=\"https:\/\/i-luminate.de\/wp-content\/uploads\/2024\/11\/i-luminate-Design-cuisine-eclairage-de-cuisine-sans-poignee-haute-qualite-horizontal.jpg\" width=\"1000\" height=\"1499\" alt=\"Cuisine design i-luminate avec \u00e9clairage de cuisine sans poign\u00e9es de haute qualit\u00e9 et barre lumineuse horizontale pour cuisines modernes\" title aria-label class=\"lazyload img-responsive wp-image-9044\" srcset=\"data:image\/svg+xml,%3Csvg%20xmlns%3D%27http%3A%2F%2Fwww.w3.org%2F2000%2Fsvg%27%20width%3D%271000%27%20height%3D%271499%27%20viewBox%3D%270%200%201000%201499%27%3E%3Crect%20width%3D%271000%27%20height%3D%271499%27%20fill-opacity%3D%220%22%2F%3E%3C%2Fsvg%3E\" data-srcset=\"https:\/\/i-luminate.de\/wp-content\/uploads\/2024\/11\/i-luminate-Design-cuisine-eclairage-de-cuisine-sans-poignee-haute-qualite-horizontal-200x300.jpg 200w, https:\/\/i-luminate.de\/wp-content\/uploads\/2024\/11\/i-luminate-Design-cuisine-eclairage-de-cuisine-sans-poignee-haute-qualite-horizontal-400x600.jpg 400w, https:\/\/i-luminate.de\/wp-content\/uploads\/2024\/11\/i-luminate-Design-cuisine-eclairage-de-cuisine-sans-poignee-haute-qualite-horizontal-600x899.jpg 600w, https:\/\/i-luminate.de\/wp-content\/uploads\/2024\/11\/i-luminate-Design-cuisine-eclairage-de-cuisine-sans-poignee-haute-qualite-horizontal-800x1199.jpg 800w, https:\/\/i-luminate.de\/wp-content\/uploads\/2024\/11\/i-luminate-Design-cuisine-eclairage-de-cuisine-sans-poignee-haute-qualite-horizontal.jpg 1000w\" data-sizes=\"auto\" data-orig-sizes=\"(min-width: 2200px) 100vw, (min-width: 912px) 633px, (min-width: 840px) 912px, \"><\/div><\/div><div class=\"clearfix\"><\/div><div style=\"padding:5px;\" class=\"fusion-grid-column fusion-gallery-column fusion-gallery-column-2 hover-type-none\"><div class=\"fusion-gallery-image\"><img decoding=\"async\" src=\"https:\/\/i-luminate.de\/wp-content\/uploads\/2024\/11\/i-luminate-Design-cuisine-eclairage-de-cuisine-haut-de-gamme-design-moderne.jpg\" data-orig-src=\"https:\/\/i-luminate.de\/wp-content\/uploads\/2024\/11\/i-luminate-Design-cuisine-eclairage-de-cuisine-haut-de-gamme-design-moderne.jpg\" width=\"1000\" height=\"1513\" alt=\"Cuisine de luxe i-luminate avec \u00e9clairage de cuisine de haute qualit\u00e9, planification moderne de cuisine dans un design personnalis\u00e9\" title aria-label class=\"lazyload img-responsive wp-image-9052\" srcset=\"data:image\/svg+xml,%3Csvg%20xmlns%3D%27http%3A%2F%2Fwww.w3.org%2F2000%2Fsvg%27%20width%3D%271000%27%20height%3D%271513%27%20viewBox%3D%270%200%201000%201513%27%3E%3Crect%20width%3D%271000%27%20height%3D%271513%27%20fill-opacity%3D%220%22%2F%3E%3C%2Fsvg%3E\" data-srcset=\"https:\/\/i-luminate.de\/wp-content\/uploads\/2024\/11\/i-luminate-Design-cuisine-eclairage-de-cuisine-haut-de-gamme-design-moderne-200x303.jpg 200w, https:\/\/i-luminate.de\/wp-content\/uploads\/2024\/11\/i-luminate-Design-cuisine-eclairage-de-cuisine-haut-de-gamme-design-moderne-400x605.jpg 400w, https:\/\/i-luminate.de\/wp-content\/uploads\/2024\/11\/i-luminate-Design-cuisine-eclairage-de-cuisine-haut-de-gamme-design-moderne-600x908.jpg 600w, https:\/\/i-luminate.de\/wp-content\/uploads\/2024\/11\/i-luminate-Design-cuisine-eclairage-de-cuisine-haut-de-gamme-design-moderne-800x1210.jpg 800w, https:\/\/i-luminate.de\/wp-content\/uploads\/2024\/11\/i-luminate-Design-cuisine-eclairage-de-cuisine-haut-de-gamme-design-moderne.jpg 1000w\" data-sizes=\"auto\" data-orig-sizes=\"(min-width: 2200px) 100vw, (min-width: 912px) 633px, (min-width: 840px) 912px, \"><\/div><\/div><\/div><\/div><div class=\"fusion-separator fusion-full-width-sep\" style=\"align-self: center;margin-left: auto;margin-right: auto;margin-top:50px;width:100%;\"><\/div><div style=\"text-align:center;\"><a class=\"fusion-button button-flat button-large button-custom fusion-button-default button-1 fusion-button-default-span fusion-button-default-type custom-button-hover-black\" style=\"--button_accent_color:var(--awb-color4);--button_accent_hover_color:var(--awb-color1);--button_border_hover_color:var(--awb-color4);--button_gradient_top_color:rgba(0,0,0,0);--button_gradient_bottom_color:rgba(0,0,0,0);--button_gradient_top_color_hover:rgba(0,0,0,0);--button_gradient_bottom_color_hover:rgba(0,0,0,0);\" target=\"_self\" href=\"javascript:history.back()\"><span class=\"fusion-button-text awb-button__text awb-button__text--default\">RETOUR<\/span><\/a><\/div><\/div><\/div><\/div><\/div>\n","protected":false},"excerpt":{"rendered":"","protected":false},"author":7,"featured_media":9024,"menu_order":0,"comment_status":"closed","ping_status":"closed","template":"","format":"standard","meta":{"wp_typography_post_enhancements_disabled":false,"footnotes":""},"portfolio_category":[164],"portfolio_skills":[],"portfolio_tags":[],"class_list":["post-9019","avada_portfolio","type-avada_portfolio","status-publish","format-standard","has-post-thumbnail","hentry","portfolio_category-clair"],"yoast_head":"<!-- This site is optimized with the Yoast SEO Premium plugin v27.3 (Yoast SEO v27.3) - https:\/\/yoast.com\/product\/yoast-seo-premium-wordpress\/ -->\n<title>Cuisine design claire en ch\u00eane naturel | i-luminate<\/title>\n<meta name=\"description\" content=\"D\u00e9couvre une cuisine design claire, alliant fonctionnalit\u00e9, lumi\u00e8re et \u00e9l\u00e9gance \u2013 inspir\u00e9e par le ch\u00eane naturel.\" \/>\n<meta name=\"robots\" content=\"index, follow, max-snippet:-1, max-image-preview:large, max-video-preview:-1\" \/>\n<link rel=\"canonical\" href=\"https:\/\/i-luminate.de\/fr\/project\/design-de-cuisine-exclusif\/\" \/>\n<meta property=\"og:locale\" content=\"fr_FR\" \/>\n<meta property=\"og:type\" content=\"article\" \/>\n<meta property=\"og:title\" content=\"LE DESIGN QUI TOUCHE\" \/>\n<meta property=\"og:description\" content=\"D\u00e9couvre une cuisine design claire, alliant fonctionnalit\u00e9, lumi\u00e8re et \u00e9l\u00e9gance \u2013 inspir\u00e9e par le ch\u00eane naturel.\" \/>\n<meta property=\"og:url\" content=\"https:\/\/i-luminate.de\/fr\/project\/design-de-cuisine-exclusif\/\" \/>\n<meta property=\"og:site_name\" content=\"i-luminate\" \/>\n<meta property=\"article:publisher\" content=\"https:\/\/www.facebook.com\/iluminate.lightupyourkitchen\/\" \/>\n<meta property=\"article:modified_time\" content=\"2025-11-11T10:10:06+00:00\" \/>\n<meta property=\"og:image\" content=\"https:\/\/i-luminate.de\/wp-content\/uploads\/2024\/11\/i-luminate-Designkueche-helle-scandi-moderne-design-haut-de-gammeg-beitrag.jpg\" \/>\n\t<meta property=\"og:image:width\" content=\"1333\" \/>\n\t<meta property=\"og:image:height\" content=\"1000\" \/>\n\t<meta property=\"og:image:type\" content=\"image\/jpeg\" \/>\n<meta name=\"twitter:card\" content=\"summary_large_image\" \/>\n<meta name=\"twitter:label1\" content=\"Dur\u00e9e de lecture estim\u00e9e\" \/>\n\t<meta name=\"twitter:data1\" content=\"3 minutes\" \/>\n<script type=\"application\/ld+json\" class=\"yoast-schema-graph\">{\"@context\":\"https:\\\/\\\/schema.org\",\"@graph\":[{\"@type\":\"WebPage\",\"@id\":\"https:\\\/\\\/i-luminate.de\\\/fr\\\/project\\\/design-de-cuisine-exclusif\\\/\",\"url\":\"https:\\\/\\\/i-luminate.de\\\/fr\\\/project\\\/design-de-cuisine-exclusif\\\/\",\"name\":\"Cuisine design claire en ch\u00eane naturel | i-luminate\",\"isPartOf\":{\"@id\":\"https:\\\/\\\/i-luminate.de\\\/fr\\\/#website\"},\"primaryImageOfPage\":{\"@id\":\"https:\\\/\\\/i-luminate.de\\\/fr\\\/project\\\/design-de-cuisine-exclusif\\\/#primaryimage\"},\"image\":{\"@id\":\"https:\\\/\\\/i-luminate.de\\\/fr\\\/project\\\/design-de-cuisine-exclusif\\\/#primaryimage\"},\"thumbnailUrl\":\"https:\\\/\\\/i-luminate.de\\\/wp-content\\\/uploads\\\/2024\\\/11\\\/i-luminate-Designkueche-helle-scandi-moderne-design-haut-de-gammeg-beitrag.jpg\",\"datePublished\":\"2024-11-15T06:35:55+00:00\",\"dateModified\":\"2025-11-11T10:10:06+00:00\",\"description\":\"D\u00e9couvre une cuisine design claire, alliant fonctionnalit\u00e9, lumi\u00e8re et \u00e9l\u00e9gance \u2013 inspir\u00e9e par le ch\u00eane naturel.\",\"breadcrumb\":{\"@id\":\"https:\\\/\\\/i-luminate.de\\\/fr\\\/project\\\/design-de-cuisine-exclusif\\\/#breadcrumb\"},\"inLanguage\":\"fr-FR\",\"potentialAction\":[{\"@type\":\"ReadAction\",\"target\":[\"https:\\\/\\\/i-luminate.de\\\/fr\\\/project\\\/design-de-cuisine-exclusif\\\/\"]}]},{\"@type\":\"ImageObject\",\"inLanguage\":\"fr-FR\",\"@id\":\"https:\\\/\\\/i-luminate.de\\\/fr\\\/project\\\/design-de-cuisine-exclusif\\\/#primaryimage\",\"url\":\"https:\\\/\\\/i-luminate.de\\\/wp-content\\\/uploads\\\/2024\\\/11\\\/i-luminate-Designkueche-helle-scandi-moderne-design-haut-de-gammeg-beitrag.jpg\",\"contentUrl\":\"https:\\\/\\\/i-luminate.de\\\/wp-content\\\/uploads\\\/2024\\\/11\\\/i-luminate-Designkueche-helle-scandi-moderne-design-haut-de-gammeg-beitrag.jpg\",\"width\":1333,\"height\":1000,\"caption\":\"Cuisine design i-luminate lumineuse avec Ilot de cuisine\"},{\"@type\":\"BreadcrumbList\",\"@id\":\"https:\\\/\\\/i-luminate.de\\\/fr\\\/project\\\/design-de-cuisine-exclusif\\\/#breadcrumb\",\"itemListElement\":[{\"@type\":\"ListItem\",\"position\":1,\"name\":\"Startseite\",\"item\":\"https:\\\/\\\/i-luminate.de\\\/fr\\\/\"},{\"@type\":\"ListItem\",\"position\":2,\"name\":\"Portfolio\",\"item\":\"https:\\\/\\\/i-luminate.de\\\/fr\\\/project\\\/\"},{\"@type\":\"ListItem\",\"position\":3,\"name\":\"LE DESIGN QUI TOUCHE\"}]},{\"@type\":\"WebSite\",\"@id\":\"https:\\\/\\\/i-luminate.de\\\/fr\\\/#website\",\"url\":\"https:\\\/\\\/i-luminate.de\\\/fr\\\/\",\"name\":\"i-luminate\",\"description\":\"Your supreme kitchen\",\"publisher\":{\"@id\":\"https:\\\/\\\/i-luminate.de\\\/fr\\\/#organization\"},\"potentialAction\":[{\"@type\":\"SearchAction\",\"target\":{\"@type\":\"EntryPoint\",\"urlTemplate\":\"https:\\\/\\\/i-luminate.de\\\/fr\\\/?s={search_term_string}\"},\"query-input\":{\"@type\":\"PropertyValueSpecification\",\"valueRequired\":true,\"valueName\":\"search_term_string\"}}],\"inLanguage\":\"fr-FR\"},{\"@type\":\"Organization\",\"@id\":\"https:\\\/\\\/i-luminate.de\\\/fr\\\/#organization\",\"name\":\"i-luminate\",\"url\":\"https:\\\/\\\/i-luminate.de\\\/fr\\\/\",\"logo\":{\"@type\":\"ImageObject\",\"inLanguage\":\"fr-FR\",\"@id\":\"https:\\\/\\\/i-luminate.de\\\/fr\\\/#\\\/schema\\\/logo\\\/image\\\/\",\"url\":\"https:\\\/\\\/i-luminate.de\\\/wp-content\\\/uploads\\\/2023\\\/08\\\/illuminate-Logo-schwarz.png\",\"contentUrl\":\"https:\\\/\\\/i-luminate.de\\\/wp-content\\\/uploads\\\/2023\\\/08\\\/illuminate-Logo-schwarz.png\",\"width\":979,\"height\":208,\"caption\":\"i-luminate\"},\"image\":{\"@id\":\"https:\\\/\\\/i-luminate.de\\\/fr\\\/#\\\/schema\\\/logo\\\/image\\\/\"},\"sameAs\":[\"https:\\\/\\\/www.facebook.com\\\/iluminate.lightupyourkitchen\\\/\",\"https:\\\/\\\/www.instagram.com\\\/iluminate_lightupyourkitchen\\\/?hl=de\"]}]}<\/script>\n<!-- \/ Yoast SEO Premium plugin. -->","yoast_head_json":{"title":"Cuisine design claire en ch\u00eane naturel | i-luminate","description":"D\u00e9couvre une cuisine design claire, alliant fonctionnalit\u00e9, lumi\u00e8re et \u00e9l\u00e9gance \u2013 inspir\u00e9e par le ch\u00eane naturel.","robots":{"index":"index","follow":"follow","max-snippet":"max-snippet:-1","max-image-preview":"max-image-preview:large","max-video-preview":"max-video-preview:-1"},"canonical":"https:\/\/i-luminate.de\/fr\/project\/design-de-cuisine-exclusif\/","og_locale":"fr_FR","og_type":"article","og_title":"LE DESIGN QUI TOUCHE","og_description":"D\u00e9couvre une cuisine design claire, alliant fonctionnalit\u00e9, lumi\u00e8re et \u00e9l\u00e9gance \u2013 inspir\u00e9e par le ch\u00eane naturel.","og_url":"https:\/\/i-luminate.de\/fr\/project\/design-de-cuisine-exclusif\/","og_site_name":"i-luminate","article_publisher":"https:\/\/www.facebook.com\/iluminate.lightupyourkitchen\/","article_modified_time":"2025-11-11T10:10:06+00:00","og_image":[{"width":1333,"height":1000,"url":"https:\/\/i-luminate.de\/wp-content\/uploads\/2024\/11\/i-luminate-Designkueche-helle-scandi-moderne-design-haut-de-gammeg-beitrag.jpg","type":"image\/jpeg"}],"twitter_card":"summary_large_image","twitter_misc":{"Dur\u00e9e de lecture estim\u00e9e":"3 minutes"},"schema":{"@context":"https:\/\/schema.org","@graph":[{"@type":"WebPage","@id":"https:\/\/i-luminate.de\/fr\/project\/design-de-cuisine-exclusif\/","url":"https:\/\/i-luminate.de\/fr\/project\/design-de-cuisine-exclusif\/","name":"Cuisine design claire en ch\u00eane naturel | i-luminate","isPartOf":{"@id":"https:\/\/i-luminate.de\/fr\/#website"},"primaryImageOfPage":{"@id":"https:\/\/i-luminate.de\/fr\/project\/design-de-cuisine-exclusif\/#primaryimage"},"image":{"@id":"https:\/\/i-luminate.de\/fr\/project\/design-de-cuisine-exclusif\/#primaryimage"},"thumbnailUrl":"https:\/\/i-luminate.de\/wp-content\/uploads\/2024\/11\/i-luminate-Designkueche-helle-scandi-moderne-design-haut-de-gammeg-beitrag.jpg","datePublished":"2024-11-15T06:35:55+00:00","dateModified":"2025-11-11T10:10:06+00:00","description":"D\u00e9couvre une cuisine design claire, alliant fonctionnalit\u00e9, lumi\u00e8re et \u00e9l\u00e9gance \u2013 inspir\u00e9e par le ch\u00eane naturel.","breadcrumb":{"@id":"https:\/\/i-luminate.de\/fr\/project\/design-de-cuisine-exclusif\/#breadcrumb"},"inLanguage":"fr-FR","potentialAction":[{"@type":"ReadAction","target":["https:\/\/i-luminate.de\/fr\/project\/design-de-cuisine-exclusif\/"]}]},{"@type":"ImageObject","inLanguage":"fr-FR","@id":"https:\/\/i-luminate.de\/fr\/project\/design-de-cuisine-exclusif\/#primaryimage","url":"https:\/\/i-luminate.de\/wp-content\/uploads\/2024\/11\/i-luminate-Designkueche-helle-scandi-moderne-design-haut-de-gammeg-beitrag.jpg","contentUrl":"https:\/\/i-luminate.de\/wp-content\/uploads\/2024\/11\/i-luminate-Designkueche-helle-scandi-moderne-design-haut-de-gammeg-beitrag.jpg","width":1333,"height":1000,"caption":"Cuisine design i-luminate lumineuse avec Ilot de cuisine"},{"@type":"BreadcrumbList","@id":"https:\/\/i-luminate.de\/fr\/project\/design-de-cuisine-exclusif\/#breadcrumb","itemListElement":[{"@type":"ListItem","position":1,"name":"Startseite","item":"https:\/\/i-luminate.de\/fr\/"},{"@type":"ListItem","position":2,"name":"Portfolio","item":"https:\/\/i-luminate.de\/fr\/project\/"},{"@type":"ListItem","position":3,"name":"LE DESIGN QUI TOUCHE"}]},{"@type":"WebSite","@id":"https:\/\/i-luminate.de\/fr\/#website","url":"https:\/\/i-luminate.de\/fr\/","name":"i-luminate","description":"Your supreme kitchen","publisher":{"@id":"https:\/\/i-luminate.de\/fr\/#organization"},"potentialAction":[{"@type":"SearchAction","target":{"@type":"EntryPoint","urlTemplate":"https:\/\/i-luminate.de\/fr\/?s={search_term_string}"},"query-input":{"@type":"PropertyValueSpecification","valueRequired":true,"valueName":"search_term_string"}}],"inLanguage":"fr-FR"},{"@type":"Organization","@id":"https:\/\/i-luminate.de\/fr\/#organization","name":"i-luminate","url":"https:\/\/i-luminate.de\/fr\/","logo":{"@type":"ImageObject","inLanguage":"fr-FR","@id":"https:\/\/i-luminate.de\/fr\/#\/schema\/logo\/image\/","url":"https:\/\/i-luminate.de\/wp-content\/uploads\/2023\/08\/illuminate-Logo-schwarz.png","contentUrl":"https:\/\/i-luminate.de\/wp-content\/uploads\/2023\/08\/illuminate-Logo-schwarz.png","width":979,"height":208,"caption":"i-luminate"},"image":{"@id":"https:\/\/i-luminate.de\/fr\/#\/schema\/logo\/image\/"},"sameAs":["https:\/\/www.facebook.com\/iluminate.lightupyourkitchen\/","https:\/\/www.instagram.com\/iluminate_lightupyourkitchen\/?hl=de"]}]}},"_links":{"self":[{"href":"https:\/\/i-luminate.de\/fr\/wp-json\/wp\/v2\/avada_portfolio\/9019","targetHints":{"allow":["GET"]}}],"collection":[{"href":"https:\/\/i-luminate.de\/fr\/wp-json\/wp\/v2\/avada_portfolio"}],"about":[{"href":"https:\/\/i-luminate.de\/fr\/wp-json\/wp\/v2\/types\/avada_portfolio"}],"author":[{"embeddable":true,"href":"https:\/\/i-luminate.de\/fr\/wp-json\/wp\/v2\/users\/7"}],"replies":[{"embeddable":true,"href":"https:\/\/i-luminate.de\/fr\/wp-json\/wp\/v2\/comments?post=9019"}],"version-history":[{"count":0,"href":"https:\/\/i-luminate.de\/fr\/wp-json\/wp\/v2\/avada_portfolio\/9019\/revisions"}],"wp:featuredmedia":[{"embeddable":true,"href":"https:\/\/i-luminate.de\/fr\/wp-json\/wp\/v2\/media\/9024"}],"wp:attachment":[{"href":"https:\/\/i-luminate.de\/fr\/wp-json\/wp\/v2\/media?parent=9019"}],"wp:term":[{"taxonomy":"portfolio_category","embeddable":true,"href":"https:\/\/i-luminate.de\/fr\/wp-json\/wp\/v2\/portfolio_category?post=9019"},{"taxonomy":"portfolio_skills","embeddable":true,"href":"https:\/\/i-luminate.de\/fr\/wp-json\/wp\/v2\/portfolio_skills?post=9019"},{"taxonomy":"portfolio_tags","embeddable":true,"href":"https:\/\/i-luminate.de\/fr\/wp-json\/wp\/v2\/portfolio_tags?post=9019"}],"curies":[{"name":"wp","href":"https:\/\/api.w.org\/{rel}","templated":true}]}}