{"id":9238,"date":"2021-11-15T12:19:03","date_gmt":"2021-11-15T11:19:03","guid":{"rendered":"https:\/\/i-luminate.de\/?post_type=avada_portfolio&#038;p=9238"},"modified":"2025-02-04T16:21:00","modified_gmt":"2025-02-04T15:21:00","slug":"cuisine-intemporelle","status":"publish","type":"avada_portfolio","link":"https:\/\/i-luminate.de\/fr\/project\/cuisine-intemporelle\/","title":{"rendered":"LE DESIGN RENCONTRE L\u2019ATMOSPHERE"},"content":{"rendered":"<div class=\"fusion-fullwidth fullwidth-box fusion-builder-row-1 fusion-flex-container has-pattern-background has-mask-background nonhundred-percent-fullwidth non-hundred-percent-height-scrolling\" style=\"--awb-border-radius-top-left:0px;--awb-border-radius-top-right:0px;--awb-border-radius-bottom-right:0px;--awb-border-radius-bottom-left:0px;--awb-padding-top:20px;--awb-padding-bottom:75px;--awb-flex-wrap:wrap;\"><div class=\"fusion-builder-row fusion-row fusion-flex-align-items-flex-start fusion-flex-content-wrap\" style=\"max-width:1320.8px;margin-left: calc(-4% \/ 2 );margin-right: calc(-4% \/ 2 );\"><div class=\"fusion-layout-column fusion_builder_column fusion-builder-column-0 fusion_builder_column_5_6 5_6 fusion-flex-column\" style=\"--awb-padding-left:25px;--awb-bg-size:cover;--awb-border-color:var(--awb-color4);--awb-border-left:2px;--awb-border-style:solid;--awb-width-large:83.333333333333%;--awb-margin-top-large:-40px;--awb-spacing-right-large:2.304%;--awb-margin-bottom-large:25px;--awb-spacing-left-large:2.304%;--awb-width-medium:100%;--awb-order-medium:0;--awb-spacing-right-medium:1.92%;--awb-spacing-left-medium:1.92%;--awb-width-small:100%;--awb-order-small:0;--awb-spacing-right-small:1.92%;--awb-spacing-left-small:1.92%;\" data-scroll-devices=\"small-visibility,medium-visibility,large-visibility\"><div class=\"fusion-column-wrapper fusion-column-has-shadow fusion-flex-justify-content-flex-start fusion-content-layout-column\"><div class=\"fusion-title title fusion-title-1 fusion-sep-none fusion-title-text fusion-title-size-one\" style=\"--awb-margin-top-small:8px;--awb-margin-right-small:0px;--awb-margin-bottom-small:16px;--awb-margin-left-small:0px;\"><h1 class=\"fusion-title-heading title-heading-left fusion-responsive-typography-calculated\" style=\"margin:0;--fontSize:45;line-height:;\">UNE ESTHETIQUE DE CUISINE INTEMPORELLE<\/h1><\/div><div class=\"fusion-text fusion-text-1\"><p>Un design de cui\u00adsine mod\u00aderne au plus haut niveau \u2014 cette cui\u00adsine pre\u00admi\u00adum com\u00adbine un beige caramel styl\u00e9 avec un placage stri\u00e9 chaud en gris truffe et cr\u00e9e ain\u00adsi une ambiance exclu\u00adsive. Des lignes claires et des mat\u00e9ri\u00adaux nobles cr\u00e9ent un design har\u00admonieux et intem\u00adporel. Des accents lumineux cibl\u00e9s cr\u00e9ent une atmo\u00adsph\u00e8re con\u00adfort\u00adable qui trans\u00adforme la cui\u00adsine en un lieu de retraite styl\u00e9 et invite \u00e0 la d\u00e9tente.<\/p>\n<\/div><div class=\"fusion-text fusion-text-2\"><p><img decoding=\"async\" class=\"lazyload alignnone wp-image-7988\" src=\"data:image\/svg+xml,%3Csvg%20xmlns%3D%27http%3A%2F%2Fwww.w3.org%2F2000%2Fsvg%27%20width%3D%2729%27%20height%3D%2729%27%20viewBox%3D%270%200%2029%2029%27%3E%3Crect%20width%3D%2729%27%20height%3D%2729%27%20fill-opacity%3D%220%22%2F%3E%3C%2Fsvg%3E\" data-orig-src=\"https:\/\/i-luminate.de\/wp-content\/uploads\/2024\/11\/LM-beige-caramel-ultra-mat.png\" alt width=\"29\" height=\"29\"> LM beige caramel laqu\u00e9&nbsp;mat<\/p>\n<p><img decoding=\"async\" class=\"lazyload alignnone wp-image-7992\" src=\"data:image\/svg+xml,%3Csvg%20xmlns%3D%27http%3A%2F%2Fwww.w3.org%2F2000%2Fsvg%27%20width%3D%2729%27%20height%3D%2729%27%20viewBox%3D%270%200%2029%2029%27%3E%3Crect%20width%3D%2729%27%20height%3D%2729%27%20fill-opacity%3D%220%22%2F%3E%3C%2Fsvg%3E\" data-orig-src=\"https:\/\/i-luminate.de\/wp-content\/uploads\/2024\/11\/EI-Facade-plaquee-chene-gris-truffe.png\" alt width=\"29\" height=\"29\"> EI ch\u00eane gris truffe<\/p>\n<\/div><\/div><\/div><div class=\"fusion-layout-column fusion_builder_column fusion-builder-column-1 fusion_builder_column_1_1 1_1 fusion-flex-column\" style=\"--awb-bg-size:cover;--awb-width-large:100%;--awb-margin-top-large:-40px;--awb-spacing-right-large:1.92%;--awb-margin-bottom-large:25px;--awb-spacing-left-large:1.92%;--awb-width-medium:100%;--awb-order-medium:0;--awb-spacing-right-medium:1.92%;--awb-spacing-left-medium:1.92%;--awb-width-small:100%;--awb-order-small:0;--awb-spacing-right-small:1.92%;--awb-spacing-left-small:1.92%;\" data-scroll-devices=\"small-visibility,medium-visibility,large-visibility\"><div class=\"fusion-column-wrapper fusion-column-has-shadow fusion-flex-justify-content-flex-start fusion-content-layout-column\"><div class=\"fusion-separator fusion-full-width-sep\" style=\"align-self: center;margin-left: auto;margin-right: auto;margin-top:50px;width:100%;\"><\/div><div class=\"fusion-image-element \" style=\"--awb-caption-title-font-family:var(--h2_typography-font-family);--awb-caption-title-font-weight:var(--h2_typography-font-weight);--awb-caption-title-font-style:var(--h2_typography-font-style);--awb-caption-title-size:var(--h2_typography-font-size);--awb-caption-title-transform:var(--h2_typography-text-transform);--awb-caption-title-line-height:var(--h2_typography-line-height);--awb-caption-title-letter-spacing:var(--h2_typography-letter-spacing);\"><span class=\" fusion-imageframe imageframe-none imageframe-1 hover-type-none\"><img decoding=\"async\" width=\"1500\" height=\"863\" alt=\"Cuisine moderne en gris truffe de i-luminate avec \u00e9clairage de cuisine\" src=\"https:\/\/i-luminate.de\/wp-content\/uploads\/2021\/11\/i-luminate-design-cuisine-foncee-ilot-de-cuisine-eclairage-de-haute-qualite.jpg\" data-orig-src=\"https:\/\/i-luminate.de\/wp-content\/uploads\/2021\/11\/i-luminate-design-cuisine-foncee-ilot-de-cuisine-eclairage-de-haute-qualite.jpg\" class=\"lazyload img-responsive wp-image-9243\" srcset=\"data:image\/svg+xml,%3Csvg%20xmlns%3D%27http%3A%2F%2Fwww.w3.org%2F2000%2Fsvg%27%20width%3D%271500%27%20height%3D%27863%27%20viewBox%3D%270%200%201500%20863%27%3E%3Crect%20width%3D%271500%27%20height%3D%27863%27%20fill-opacity%3D%220%22%2F%3E%3C%2Fsvg%3E\" data-srcset=\"https:\/\/i-luminate.de\/wp-content\/uploads\/2021\/11\/i-luminate-design-cuisine-foncee-ilot-de-cuisine-eclairage-de-haute-qualite-200x115.jpg 200w, https:\/\/i-luminate.de\/wp-content\/uploads\/2021\/11\/i-luminate-design-cuisine-foncee-ilot-de-cuisine-eclairage-de-haute-qualite-400x230.jpg 400w, https:\/\/i-luminate.de\/wp-content\/uploads\/2021\/11\/i-luminate-design-cuisine-foncee-ilot-de-cuisine-eclairage-de-haute-qualite-600x345.jpg 600w, https:\/\/i-luminate.de\/wp-content\/uploads\/2021\/11\/i-luminate-design-cuisine-foncee-ilot-de-cuisine-eclairage-de-haute-qualite-800x460.jpg 800w, https:\/\/i-luminate.de\/wp-content\/uploads\/2021\/11\/i-luminate-design-cuisine-foncee-ilot-de-cuisine-eclairage-de-haute-qualite-1200x690.jpg 1200w, https:\/\/i-luminate.de\/wp-content\/uploads\/2021\/11\/i-luminate-design-cuisine-foncee-ilot-de-cuisine-eclairage-de-haute-qualite.jpg 1500w\" data-sizes=\"auto\" data-orig-sizes=\"(max-width: 1024px) 100vw, (max-width: 640px) 100vw, 1500px\"><\/span><\/div><div class=\"fusion-separator fusion-full-width-sep\" style=\"align-self: center;margin-left: auto;margin-right: auto;margin-top:10px;width:100%;\"><\/div><div class=\"awb-gallery-wrapper awb-gallery-wrapper-1 button-span-no\" style=\"--more-btn-alignment:center;\"><div style=\"margin:-5px;--awb-bordersize:0px;\" class=\"fusion-gallery fusion-gallery-container fusion-grid-2 fusion-columns-total-5 fusion-gallery-layout-grid fusion-gallery-1\"><div style=\"padding:5px;\" class=\"fusion-grid-column fusion-gallery-column fusion-gallery-column-2 hover-type-none\"><div class=\"fusion-gallery-image\"><img decoding=\"async\" src=\"https:\/\/i-luminate.de\/wp-content\/uploads\/2021\/11\/i-luminate-design-cuisine-foncee-armoires-verre-eclairage.jpg\" data-orig-src=\"https:\/\/i-luminate.de\/wp-content\/uploads\/2021\/11\/i-luminate-design-cuisine-foncee-armoires-verre-eclairage.jpg\" width=\"1000\" height=\"1250\" alt=\"Cuisine premium i-luminate avec armoires en verre et \u00e9clairage int\u00e9gr\u00e9\" title aria-label class=\"lazyload img-responsive wp-image-9269\" srcset=\"data:image\/svg+xml,%3Csvg%20xmlns%3D%27http%3A%2F%2Fwww.w3.org%2F2000%2Fsvg%27%20width%3D%271000%27%20height%3D%271250%27%20viewBox%3D%270%200%201000%201250%27%3E%3Crect%20width%3D%271000%27%20height%3D%271250%27%20fill-opacity%3D%220%22%2F%3E%3C%2Fsvg%3E\" data-srcset=\"https:\/\/i-luminate.de\/wp-content\/uploads\/2021\/11\/i-luminate-design-cuisine-foncee-armoires-verre-eclairage-200x250.jpg 200w, https:\/\/i-luminate.de\/wp-content\/uploads\/2021\/11\/i-luminate-design-cuisine-foncee-armoires-verre-eclairage-400x500.jpg 400w, https:\/\/i-luminate.de\/wp-content\/uploads\/2021\/11\/i-luminate-design-cuisine-foncee-armoires-verre-eclairage-600x750.jpg 600w, https:\/\/i-luminate.de\/wp-content\/uploads\/2021\/11\/i-luminate-design-cuisine-foncee-armoires-verre-eclairage-800x1000.jpg 800w, https:\/\/i-luminate.de\/wp-content\/uploads\/2021\/11\/i-luminate-design-cuisine-foncee-armoires-verre-eclairage.jpg 1000w\" data-sizes=\"auto\" data-orig-sizes=\"(min-width: 2200px) 100vw, (min-width: 912px) 633px, (min-width: 840px) 912px, \"><\/div><\/div><div style=\"padding:5px;\" class=\"fusion-grid-column fusion-gallery-column fusion-gallery-column-2 hover-type-none\"><div class=\"fusion-gallery-image\"><img decoding=\"async\" src=\"https:\/\/i-luminate.de\/wp-content\/uploads\/2021\/11\/i-luminate-design-cuisine-sombre-eclairage-vitrine.jpg\" data-orig-src=\"https:\/\/i-luminate.de\/wp-content\/uploads\/2021\/11\/i-luminate-design-cuisine-sombre-eclairage-vitrine.jpg\" width=\"1594\" height=\"1000\" alt=\"Cuisine moderne en gris truffe de i-luminate avec \u00e9clairage de cuisine\" title aria-label class=\"lazyload img-responsive wp-image-9259\" srcset=\"data:image\/svg+xml,%3Csvg%20xmlns%3D%27http%3A%2F%2Fwww.w3.org%2F2000%2Fsvg%27%20width%3D%271594%27%20height%3D%271000%27%20viewBox%3D%270%200%201594%201000%27%3E%3Crect%20width%3D%271594%27%20height%3D%271000%27%20fill-opacity%3D%220%22%2F%3E%3C%2Fsvg%3E\" data-srcset=\"https:\/\/i-luminate.de\/wp-content\/uploads\/2021\/11\/i-luminate-design-cuisine-sombre-eclairage-vitrine-200x125.jpg 200w, https:\/\/i-luminate.de\/wp-content\/uploads\/2021\/11\/i-luminate-design-cuisine-sombre-eclairage-vitrine-400x251.jpg 400w, https:\/\/i-luminate.de\/wp-content\/uploads\/2021\/11\/i-luminate-design-cuisine-sombre-eclairage-vitrine-600x376.jpg 600w, https:\/\/i-luminate.de\/wp-content\/uploads\/2021\/11\/i-luminate-design-cuisine-sombre-eclairage-vitrine-800x502.jpg 800w, https:\/\/i-luminate.de\/wp-content\/uploads\/2021\/11\/i-luminate-design-cuisine-sombre-eclairage-vitrine-1200x753.jpg 1200w, https:\/\/i-luminate.de\/wp-content\/uploads\/2021\/11\/i-luminate-design-cuisine-sombre-eclairage-vitrine.jpg 1594w\" data-sizes=\"auto\" data-orig-sizes=\"(min-width: 2200px) 100vw, (min-width: 912px) 633px, (min-width: 840px) 912px, \"><\/div><\/div><div class=\"clearfix\"><\/div><div style=\"padding:5px;\" class=\"fusion-grid-column fusion-gallery-column fusion-gallery-column-2 hover-type-none\"><div class=\"fusion-gallery-image\"><img decoding=\"async\" src=\"https:\/\/i-luminate.de\/wp-content\/uploads\/2021\/11\/i-luminate-design-cuisine-sombre-sans-poignees-design-lumineux.jpg\" data-orig-src=\"https:\/\/i-luminate.de\/wp-content\/uploads\/2021\/11\/i-luminate-design-cuisine-sombre-sans-poignees-design-lumineux.jpg\" width=\"1000\" height=\"1499\" alt=\"Cuisine moderne sans poign\u00e9es avec design d'\u00e9clairage \u00e9l\u00e9gant de i-luminate, am\u00e9nagement fonctionnel de la cuisine\" title aria-label class=\"lazyload img-responsive wp-image-9247\" srcset=\"data:image\/svg+xml,%3Csvg%20xmlns%3D%27http%3A%2F%2Fwww.w3.org%2F2000%2Fsvg%27%20width%3D%271000%27%20height%3D%271499%27%20viewBox%3D%270%200%201000%201499%27%3E%3Crect%20width%3D%271000%27%20height%3D%271499%27%20fill-opacity%3D%220%22%2F%3E%3C%2Fsvg%3E\" data-srcset=\"https:\/\/i-luminate.de\/wp-content\/uploads\/2021\/11\/i-luminate-design-cuisine-sombre-sans-poignees-design-lumineux-200x300.jpg 200w, https:\/\/i-luminate.de\/wp-content\/uploads\/2021\/11\/i-luminate-design-cuisine-sombre-sans-poignees-design-lumineux-400x600.jpg 400w, https:\/\/i-luminate.de\/wp-content\/uploads\/2021\/11\/i-luminate-design-cuisine-sombre-sans-poignees-design-lumineux-600x899.jpg 600w, https:\/\/i-luminate.de\/wp-content\/uploads\/2021\/11\/i-luminate-design-cuisine-sombre-sans-poignees-design-lumineux-800x1199.jpg 800w, https:\/\/i-luminate.de\/wp-content\/uploads\/2021\/11\/i-luminate-design-cuisine-sombre-sans-poignees-design-lumineux.jpg 1000w\" data-sizes=\"auto\" data-orig-sizes=\"(min-width: 2200px) 100vw, (min-width: 912px) 633px, (min-width: 840px) 912px, \"><\/div><\/div><div style=\"padding:5px;\" class=\"fusion-grid-column fusion-gallery-column fusion-gallery-column-2 hover-type-none\"><div class=\"fusion-gallery-image\"><img decoding=\"async\" src=\"https:\/\/i-luminate.de\/wp-content\/uploads\/2021\/11\/i-luminate-design-cuisine-sombre-eclairage-sans-poignees.jpg\" data-orig-src=\"https:\/\/i-luminate.de\/wp-content\/uploads\/2021\/11\/i-luminate-design-cuisine-sombre-eclairage-sans-poignees.jpg\" width=\"1499\" height=\"1000\" alt=\"Cuisine sombre sans poign\u00e9es avec \u00e9clairage personnalis\u00e9 et fa\u00e7ades stri\u00e9es\" title aria-label class=\"lazyload img-responsive wp-image-9251\" srcset=\"data:image\/svg+xml,%3Csvg%20xmlns%3D%27http%3A%2F%2Fwww.w3.org%2F2000%2Fsvg%27%20width%3D%271499%27%20height%3D%271000%27%20viewBox%3D%270%200%201499%201000%27%3E%3Crect%20width%3D%271499%27%20height%3D%271000%27%20fill-opacity%3D%220%22%2F%3E%3C%2Fsvg%3E\" data-srcset=\"https:\/\/i-luminate.de\/wp-content\/uploads\/2021\/11\/i-luminate-design-cuisine-sombre-eclairage-sans-poignees-200x133.jpg 200w, https:\/\/i-luminate.de\/wp-content\/uploads\/2021\/11\/i-luminate-design-cuisine-sombre-eclairage-sans-poignees-400x267.jpg 400w, https:\/\/i-luminate.de\/wp-content\/uploads\/2021\/11\/i-luminate-design-cuisine-sombre-eclairage-sans-poignees-600x400.jpg 600w, https:\/\/i-luminate.de\/wp-content\/uploads\/2021\/11\/i-luminate-design-cuisine-sombre-eclairage-sans-poignees-800x534.jpg 800w, https:\/\/i-luminate.de\/wp-content\/uploads\/2021\/11\/i-luminate-design-cuisine-sombre-eclairage-sans-poignees-1200x801.jpg 1200w, https:\/\/i-luminate.de\/wp-content\/uploads\/2021\/11\/i-luminate-design-cuisine-sombre-eclairage-sans-poignees.jpg 1499w\" data-sizes=\"auto\" data-orig-sizes=\"(min-width: 2200px) 100vw, (min-width: 912px) 633px, (min-width: 840px) 912px, \"><\/div><\/div><div class=\"clearfix\"><\/div><div style=\"padding:5px;\" class=\"fusion-grid-column fusion-gallery-column fusion-gallery-column-2 hover-type-none\"><div class=\"fusion-gallery-image\"><img decoding=\"async\" src=\"https:\/\/i-luminate.de\/wp-content\/uploads\/2021\/11\/i-luminate-design-cuisine-fonce-ilot-de-cuisine-eclairage-de-haute-qualite.jpg\" data-orig-src=\"https:\/\/i-luminate.de\/wp-content\/uploads\/2021\/11\/i-luminate-design-cuisine-fonce-ilot-de-cuisine-eclairage-de-haute-qualite.jpg\" width=\"1500\" height=\"1000\" alt=\"Cuisine design sombre i-luminate avec \u00e9clairage ambiant, \u00eelot de cuisine avec poign\u00e9es lumineuses\" title aria-label class=\"lazyload img-responsive wp-image-9273\" srcset=\"data:image\/svg+xml,%3Csvg%20xmlns%3D%27http%3A%2F%2Fwww.w3.org%2F2000%2Fsvg%27%20width%3D%271500%27%20height%3D%271000%27%20viewBox%3D%270%200%201500%201000%27%3E%3Crect%20width%3D%271500%27%20height%3D%271000%27%20fill-opacity%3D%220%22%2F%3E%3C%2Fsvg%3E\" data-srcset=\"https:\/\/i-luminate.de\/wp-content\/uploads\/2021\/11\/i-luminate-design-cuisine-fonce-ilot-de-cuisine-eclairage-de-haute-qualite-200x133.jpg 200w, https:\/\/i-luminate.de\/wp-content\/uploads\/2021\/11\/i-luminate-design-cuisine-fonce-ilot-de-cuisine-eclairage-de-haute-qualite-400x267.jpg 400w, https:\/\/i-luminate.de\/wp-content\/uploads\/2021\/11\/i-luminate-design-cuisine-fonce-ilot-de-cuisine-eclairage-de-haute-qualite-600x400.jpg 600w, https:\/\/i-luminate.de\/wp-content\/uploads\/2021\/11\/i-luminate-design-cuisine-fonce-ilot-de-cuisine-eclairage-de-haute-qualite-800x533.jpg 800w, https:\/\/i-luminate.de\/wp-content\/uploads\/2021\/11\/i-luminate-design-cuisine-fonce-ilot-de-cuisine-eclairage-de-haute-qualite-1200x800.jpg 1200w, https:\/\/i-luminate.de\/wp-content\/uploads\/2021\/11\/i-luminate-design-cuisine-fonce-ilot-de-cuisine-eclairage-de-haute-qualite.jpg 1500w\" data-sizes=\"auto\" data-orig-sizes=\"(min-width: 2200px) 100vw, (min-width: 912px) 633px, (min-width: 840px) 912px, \"><\/div><\/div><\/div><\/div><div class=\"fusion-separator fusion-full-width-sep\" style=\"align-self: center;margin-left: auto;margin-right: auto;margin-top:50px;width:100%;\"><\/div><div style=\"text-align:center;\"><a class=\"fusion-button button-flat button-large button-custom fusion-button-default button-1 fusion-button-default-span fusion-button-default-type custom-button-hover-black\" style=\"--button_accent_color:var(--awb-color4);--button_accent_hover_color:var(--awb-color1);--button_border_hover_color:var(--awb-color4);--button_gradient_top_color:rgba(0,0,0,0);--button_gradient_bottom_color:rgba(0,0,0,0);--button_gradient_top_color_hover:rgba(0,0,0,0);--button_gradient_bottom_color_hover:rgba(0,0,0,0);\" target=\"_self\" href=\"javascript:history.back()\"><span class=\"fusion-button-text awb-button__text awb-button__text--default\">RETOUR<\/span><\/a><\/div><\/div><\/div><\/div><\/div>\n","protected":false},"excerpt":{"rendered":"","protected":false},"author":7,"featured_media":9239,"menu_order":0,"comment_status":"closed","ping_status":"closed","template":"","format":"standard","meta":{"wp_typography_post_enhancements_disabled":false,"footnotes":""},"portfolio_category":[163],"portfolio_skills":[],"portfolio_tags":[],"class_list":["post-9238","avada_portfolio","type-avada_portfolio","status-publish","format-standard","has-post-thumbnail","hentry","portfolio_category-fonce"],"yoast_head":"<!-- This site is optimized with the Yoast SEO Premium plugin v27.3 (Yoast SEO v27.3) - https:\/\/yoast.com\/product\/yoast-seo-premium-wordpress\/ -->\n<title>LE DESIGN RENCONTRE L&#039;ATMOSPHERE - i-luminate<\/title>\n<meta name=\"robots\" content=\"index, follow, max-snippet:-1, max-image-preview:large, max-video-preview:-1\" \/>\n<link rel=\"canonical\" href=\"https:\/\/i-luminate.de\/fr\/project\/cuisine-intemporelle\/\" \/>\n<meta property=\"og:locale\" content=\"fr_FR\" \/>\n<meta property=\"og:type\" content=\"article\" \/>\n<meta property=\"og:title\" content=\"LE DESIGN RENCONTRE L&#039;ATMOSPHERE\" \/>\n<meta property=\"og:url\" content=\"https:\/\/i-luminate.de\/fr\/project\/cuisine-intemporelle\/\" \/>\n<meta property=\"og:site_name\" content=\"i-luminate\" \/>\n<meta property=\"article:publisher\" content=\"https:\/\/www.facebook.com\/iluminate.lightupyourkitchen\/\" \/>\n<meta property=\"article:modified_time\" content=\"2025-02-04T15:21:00+00:00\" \/>\n<meta property=\"og:image\" content=\"https:\/\/i-luminate.de\/wp-content\/uploads\/2021\/11\/EI-chene-gris-truffe-LM-laque-mate-beige-caramel-contribution.jpg\" \/>\n\t<meta property=\"og:image:width\" content=\"1333\" \/>\n\t<meta property=\"og:image:height\" content=\"1000\" \/>\n\t<meta property=\"og:image:type\" content=\"image\/jpeg\" \/>\n<meta name=\"twitter:card\" content=\"summary_large_image\" \/>\n<meta name=\"twitter:label1\" content=\"Dur\u00e9e de lecture estim\u00e9e\" \/>\n\t<meta name=\"twitter:data1\" content=\"3 minutes\" \/>\n<script type=\"application\/ld+json\" class=\"yoast-schema-graph\">{\"@context\":\"https:\\\/\\\/schema.org\",\"@graph\":[{\"@type\":\"WebPage\",\"@id\":\"https:\\\/\\\/i-luminate.de\\\/fr\\\/project\\\/cuisine-intemporelle\\\/\",\"url\":\"https:\\\/\\\/i-luminate.de\\\/fr\\\/project\\\/cuisine-intemporelle\\\/\",\"name\":\"LE DESIGN RENCONTRE L'ATMOSPHERE - i-luminate\",\"isPartOf\":{\"@id\":\"https:\\\/\\\/i-luminate.de\\\/fr\\\/#website\"},\"primaryImageOfPage\":{\"@id\":\"https:\\\/\\\/i-luminate.de\\\/fr\\\/project\\\/cuisine-intemporelle\\\/#primaryimage\"},\"image\":{\"@id\":\"https:\\\/\\\/i-luminate.de\\\/fr\\\/project\\\/cuisine-intemporelle\\\/#primaryimage\"},\"thumbnailUrl\":\"https:\\\/\\\/i-luminate.de\\\/wp-content\\\/uploads\\\/2021\\\/11\\\/EI-chene-gris-truffe-LM-laque-mate-beige-caramel-contribution.jpg\",\"datePublished\":\"2021-11-15T11:19:03+00:00\",\"dateModified\":\"2025-02-04T15:21:00+00:00\",\"breadcrumb\":{\"@id\":\"https:\\\/\\\/i-luminate.de\\\/fr\\\/project\\\/cuisine-intemporelle\\\/#breadcrumb\"},\"inLanguage\":\"fr-FR\",\"potentialAction\":[{\"@type\":\"ReadAction\",\"target\":[\"https:\\\/\\\/i-luminate.de\\\/fr\\\/project\\\/cuisine-intemporelle\\\/\"]}]},{\"@type\":\"ImageObject\",\"inLanguage\":\"fr-FR\",\"@id\":\"https:\\\/\\\/i-luminate.de\\\/fr\\\/project\\\/cuisine-intemporelle\\\/#primaryimage\",\"url\":\"https:\\\/\\\/i-luminate.de\\\/wp-content\\\/uploads\\\/2021\\\/11\\\/EI-chene-gris-truffe-LM-laque-mate-beige-caramel-contribution.jpg\",\"contentUrl\":\"https:\\\/\\\/i-luminate.de\\\/wp-content\\\/uploads\\\/2021\\\/11\\\/EI-chene-gris-truffe-LM-laque-mate-beige-caramel-contribution.jpg\",\"width\":1333,\"height\":1000,\"caption\":\"Cuisine moderne en gris truffe de i-luminate avec \u00e9clairage de cuisine\"},{\"@type\":\"BreadcrumbList\",\"@id\":\"https:\\\/\\\/i-luminate.de\\\/fr\\\/project\\\/cuisine-intemporelle\\\/#breadcrumb\",\"itemListElement\":[{\"@type\":\"ListItem\",\"position\":1,\"name\":\"Startseite\",\"item\":\"https:\\\/\\\/i-luminate.de\\\/fr\\\/\"},{\"@type\":\"ListItem\",\"position\":2,\"name\":\"Portfolio\",\"item\":\"https:\\\/\\\/i-luminate.de\\\/fr\\\/project\\\/\"},{\"@type\":\"ListItem\",\"position\":3,\"name\":\"LE DESIGN RENCONTRE L&#8217;ATMOSPHERE\"}]},{\"@type\":\"WebSite\",\"@id\":\"https:\\\/\\\/i-luminate.de\\\/fr\\\/#website\",\"url\":\"https:\\\/\\\/i-luminate.de\\\/fr\\\/\",\"name\":\"i-luminate\",\"description\":\"Your supreme kitchen\",\"publisher\":{\"@id\":\"https:\\\/\\\/i-luminate.de\\\/fr\\\/#organization\"},\"potentialAction\":[{\"@type\":\"SearchAction\",\"target\":{\"@type\":\"EntryPoint\",\"urlTemplate\":\"https:\\\/\\\/i-luminate.de\\\/fr\\\/?s={search_term_string}\"},\"query-input\":{\"@type\":\"PropertyValueSpecification\",\"valueRequired\":true,\"valueName\":\"search_term_string\"}}],\"inLanguage\":\"fr-FR\"},{\"@type\":\"Organization\",\"@id\":\"https:\\\/\\\/i-luminate.de\\\/fr\\\/#organization\",\"name\":\"i-luminate\",\"url\":\"https:\\\/\\\/i-luminate.de\\\/fr\\\/\",\"logo\":{\"@type\":\"ImageObject\",\"inLanguage\":\"fr-FR\",\"@id\":\"https:\\\/\\\/i-luminate.de\\\/fr\\\/#\\\/schema\\\/logo\\\/image\\\/\",\"url\":\"https:\\\/\\\/i-luminate.de\\\/wp-content\\\/uploads\\\/2023\\\/08\\\/illuminate-Logo-schwarz.png\",\"contentUrl\":\"https:\\\/\\\/i-luminate.de\\\/wp-content\\\/uploads\\\/2023\\\/08\\\/illuminate-Logo-schwarz.png\",\"width\":979,\"height\":208,\"caption\":\"i-luminate\"},\"image\":{\"@id\":\"https:\\\/\\\/i-luminate.de\\\/fr\\\/#\\\/schema\\\/logo\\\/image\\\/\"},\"sameAs\":[\"https:\\\/\\\/www.facebook.com\\\/iluminate.lightupyourkitchen\\\/\",\"https:\\\/\\\/www.instagram.com\\\/iluminate_lightupyourkitchen\\\/?hl=de\"]}]}<\/script>\n<!-- \/ Yoast SEO Premium plugin. -->","yoast_head_json":{"title":"LE DESIGN RENCONTRE L'ATMOSPHERE - i-luminate","robots":{"index":"index","follow":"follow","max-snippet":"max-snippet:-1","max-image-preview":"max-image-preview:large","max-video-preview":"max-video-preview:-1"},"canonical":"https:\/\/i-luminate.de\/fr\/project\/cuisine-intemporelle\/","og_locale":"fr_FR","og_type":"article","og_title":"LE DESIGN RENCONTRE L'ATMOSPHERE","og_url":"https:\/\/i-luminate.de\/fr\/project\/cuisine-intemporelle\/","og_site_name":"i-luminate","article_publisher":"https:\/\/www.facebook.com\/iluminate.lightupyourkitchen\/","article_modified_time":"2025-02-04T15:21:00+00:00","og_image":[{"width":1333,"height":1000,"url":"https:\/\/i-luminate.de\/wp-content\/uploads\/2021\/11\/EI-chene-gris-truffe-LM-laque-mate-beige-caramel-contribution.jpg","type":"image\/jpeg"}],"twitter_card":"summary_large_image","twitter_misc":{"Dur\u00e9e de lecture estim\u00e9e":"3 minutes"},"schema":{"@context":"https:\/\/schema.org","@graph":[{"@type":"WebPage","@id":"https:\/\/i-luminate.de\/fr\/project\/cuisine-intemporelle\/","url":"https:\/\/i-luminate.de\/fr\/project\/cuisine-intemporelle\/","name":"LE DESIGN RENCONTRE L'ATMOSPHERE - i-luminate","isPartOf":{"@id":"https:\/\/i-luminate.de\/fr\/#website"},"primaryImageOfPage":{"@id":"https:\/\/i-luminate.de\/fr\/project\/cuisine-intemporelle\/#primaryimage"},"image":{"@id":"https:\/\/i-luminate.de\/fr\/project\/cuisine-intemporelle\/#primaryimage"},"thumbnailUrl":"https:\/\/i-luminate.de\/wp-content\/uploads\/2021\/11\/EI-chene-gris-truffe-LM-laque-mate-beige-caramel-contribution.jpg","datePublished":"2021-11-15T11:19:03+00:00","dateModified":"2025-02-04T15:21:00+00:00","breadcrumb":{"@id":"https:\/\/i-luminate.de\/fr\/project\/cuisine-intemporelle\/#breadcrumb"},"inLanguage":"fr-FR","potentialAction":[{"@type":"ReadAction","target":["https:\/\/i-luminate.de\/fr\/project\/cuisine-intemporelle\/"]}]},{"@type":"ImageObject","inLanguage":"fr-FR","@id":"https:\/\/i-luminate.de\/fr\/project\/cuisine-intemporelle\/#primaryimage","url":"https:\/\/i-luminate.de\/wp-content\/uploads\/2021\/11\/EI-chene-gris-truffe-LM-laque-mate-beige-caramel-contribution.jpg","contentUrl":"https:\/\/i-luminate.de\/wp-content\/uploads\/2021\/11\/EI-chene-gris-truffe-LM-laque-mate-beige-caramel-contribution.jpg","width":1333,"height":1000,"caption":"Cuisine moderne en gris truffe de i-luminate avec \u00e9clairage de cuisine"},{"@type":"BreadcrumbList","@id":"https:\/\/i-luminate.de\/fr\/project\/cuisine-intemporelle\/#breadcrumb","itemListElement":[{"@type":"ListItem","position":1,"name":"Startseite","item":"https:\/\/i-luminate.de\/fr\/"},{"@type":"ListItem","position":2,"name":"Portfolio","item":"https:\/\/i-luminate.de\/fr\/project\/"},{"@type":"ListItem","position":3,"name":"LE DESIGN RENCONTRE L&#8217;ATMOSPHERE"}]},{"@type":"WebSite","@id":"https:\/\/i-luminate.de\/fr\/#website","url":"https:\/\/i-luminate.de\/fr\/","name":"i-luminate","description":"Your supreme kitchen","publisher":{"@id":"https:\/\/i-luminate.de\/fr\/#organization"},"potentialAction":[{"@type":"SearchAction","target":{"@type":"EntryPoint","urlTemplate":"https:\/\/i-luminate.de\/fr\/?s={search_term_string}"},"query-input":{"@type":"PropertyValueSpecification","valueRequired":true,"valueName":"search_term_string"}}],"inLanguage":"fr-FR"},{"@type":"Organization","@id":"https:\/\/i-luminate.de\/fr\/#organization","name":"i-luminate","url":"https:\/\/i-luminate.de\/fr\/","logo":{"@type":"ImageObject","inLanguage":"fr-FR","@id":"https:\/\/i-luminate.de\/fr\/#\/schema\/logo\/image\/","url":"https:\/\/i-luminate.de\/wp-content\/uploads\/2023\/08\/illuminate-Logo-schwarz.png","contentUrl":"https:\/\/i-luminate.de\/wp-content\/uploads\/2023\/08\/illuminate-Logo-schwarz.png","width":979,"height":208,"caption":"i-luminate"},"image":{"@id":"https:\/\/i-luminate.de\/fr\/#\/schema\/logo\/image\/"},"sameAs":["https:\/\/www.facebook.com\/iluminate.lightupyourkitchen\/","https:\/\/www.instagram.com\/iluminate_lightupyourkitchen\/?hl=de"]}]}},"_links":{"self":[{"href":"https:\/\/i-luminate.de\/fr\/wp-json\/wp\/v2\/avada_portfolio\/9238","targetHints":{"allow":["GET"]}}],"collection":[{"href":"https:\/\/i-luminate.de\/fr\/wp-json\/wp\/v2\/avada_portfolio"}],"about":[{"href":"https:\/\/i-luminate.de\/fr\/wp-json\/wp\/v2\/types\/avada_portfolio"}],"author":[{"embeddable":true,"href":"https:\/\/i-luminate.de\/fr\/wp-json\/wp\/v2\/users\/7"}],"replies":[{"embeddable":true,"href":"https:\/\/i-luminate.de\/fr\/wp-json\/wp\/v2\/comments?post=9238"}],"version-history":[{"count":0,"href":"https:\/\/i-luminate.de\/fr\/wp-json\/wp\/v2\/avada_portfolio\/9238\/revisions"}],"wp:featuredmedia":[{"embeddable":true,"href":"https:\/\/i-luminate.de\/fr\/wp-json\/wp\/v2\/media\/9239"}],"wp:attachment":[{"href":"https:\/\/i-luminate.de\/fr\/wp-json\/wp\/v2\/media?parent=9238"}],"wp:term":[{"taxonomy":"portfolio_category","embeddable":true,"href":"https:\/\/i-luminate.de\/fr\/wp-json\/wp\/v2\/portfolio_category?post=9238"},{"taxonomy":"portfolio_skills","embeddable":true,"href":"https:\/\/i-luminate.de\/fr\/wp-json\/wp\/v2\/portfolio_skills?post=9238"},{"taxonomy":"portfolio_tags","embeddable":true,"href":"https:\/\/i-luminate.de\/fr\/wp-json\/wp\/v2\/portfolio_tags?post=9238"}],"curies":[{"name":"wp","href":"https:\/\/api.w.org\/{rel}","templated":true}]}}